{"id":2078,"date":"2025-10-17T17:45:32","date_gmt":"2025-10-17T15:45:32","guid":{"rendered":"https:\/\/mundisofa.net\/produits\/fauteuil-geriatrique\/"},"modified":"2026-01-13T18:37:36","modified_gmt":"2026-01-13T17:37:36","slug":"fauteuil-geriatrique","status":"publish","type":"page","link":"https:\/\/mundisofa.net\/fr\/produits\/fauteuil-geriatrique\/","title":{"rendered":"Fauteuil g\u00e9riatrique"},"content":{"rendered":"\t\t<div data-elementor-type=\"wp-page\" data-elementor-id=\"2078\" class=\"elementor elementor-2078 elementor-32\" data-elementor-post-type=\"page\">\n\t\t\t\t<div class=\"elementor-element elementor-element-29490b4 e-con-full e-flex e-con e-parent\" data-id=\"29490b4\" data-element_type=\"container\" data-e-type=\"container\" data-settings=\"{&quot;background_background&quot;:&quot;classic&quot;}\">\n\t\t\t\t<div class=\"elementor-element elementor-element-d0c624d elementor-widget-mobile__width-inherit elementor-widget elementor-widget-heading\" data-id=\"d0c624d\" data-element_type=\"widget\" data-e-type=\"widget\" data-widget_type=\"heading.default\">\n\t\t\t\t\t<h1 class=\"elementor-heading-title elementor-size-default\">Circonscriptions g\u00e9riatriques \u00e0 Majorque<\/h1>\t\t\t\t<\/div>\n\t\t\t\t<\/div>\n\t\t<div class=\"elementor-element elementor-element-79bb4dd e-flex e-con-boxed e-con e-parent\" data-id=\"79bb4dd\" data-element_type=\"container\" data-e-type=\"container\">\n\t\t\t\t\t<div class=\"e-con-inner\">\n\t\t\t\t<div class=\"elementor-element elementor-element-a2bec35 elementor-widget elementor-widget-text-editor\" data-id=\"a2bec35\" data-element_type=\"widget\" data-e-type=\"widget\" data-widget_type=\"text-editor.default\">\n\t\t\t\t\t\t\t\t\tQuelle est l\u2019importance du confort et de la s\u00e9curit\u00e9 pour les personnes \u00e2g\u00e9es ou les personnes ayant des probl\u00e8mes de mobilit\u00e9 ? Pour cette raison, nous vous proposons une s\u00e9lection de si\u00e8ges pour personnes \u00e2g\u00e9es \u00e0 Majorque, sp\u00e9cialement con\u00e7us pour faciliter la vie quotidienne, offrant non seulement confort, mais aussi soutien et assistance lors de l\u2019assise ou du levage. \t\t\t\t\t\t\t\t<\/div>\n\t\t\t\t<div class=\"elementor-element elementor-element-7fd1614 elementor-widget elementor-widget-heading\" data-id=\"7fd1614\" data-element_type=\"widget\" data-e-type=\"widget\" data-widget_type=\"heading.default\">\n\t\t\t\t\t<h2 class=\"elementor-heading-title elementor-size-default\">Si\u00e8ges motoris\u00e9s pour un plus grand confort et autonomie<\/h2>\t\t\t\t<\/div>\n\t\t\t\t<div class=\"elementor-element elementor-element-e41b0a7 elementor-widget elementor-widget-text-editor\" data-id=\"e41b0a7\" data-element_type=\"widget\" data-e-type=\"widget\" data-widget_type=\"text-editor.default\">\n\t\t\t\t\t\t\t\t\tNos si\u00e8ges g\u00e9riatriques motoris\u00e9s sont con\u00e7us pour faciliter la vie des personnes qui ont besoin d\u2019un peu plus d\u2019aide dans leur vie quotidienne. D\u2019une simple pression sur un bouton, ces fauteuils s\u2019inclinent ou s\u2019\u00e9l\u00e8vent doucement pour vous aider \u00e0 vous asseoir ou \u00e0 vous lever sans effort. Ce syst\u00e8me \u00e9lectrique est id\u00e9al pour les personnes ayant des probl\u00e8mes de mobilit\u00e9, de l\u2019arthrite, des douleurs dorsales ou qui ont simplement besoin de plus de soutien lors du mouvement.  \t\t\t\t\t\t\t\t<\/div>\n\t\t\t\t\t<\/div>\n\t\t\t\t<\/div>\n\t\t<div class=\"elementor-element elementor-element-91881a1 e-flex e-con-boxed e-con e-parent\" data-id=\"91881a1\" data-element_type=\"container\" data-e-type=\"container\">\n\t\t\t\t\t<div class=\"e-con-inner\">\n\t\t\t\t<div class=\"elementor-element elementor-element-032362f elementor-widget elementor-widget-heading\" data-id=\"032362f\" data-element_type=\"widget\" data-e-type=\"widget\" data-widget_type=\"heading.default\">\n\t\t\t\t\t<h2 class=\"elementor-heading-title elementor-size-default\">Avantages des si\u00e8ges g\u00e9riatriques motoris\u00e9s<\/h2>\t\t\t\t<\/div>\n\t\t\t\t\t<\/div>\n\t\t\t\t<\/div>\n\t\t<div class=\"elementor-element elementor-element-b36db39 e-flex e-con-boxed e-con e-parent\" data-id=\"b36db39\" data-element_type=\"container\" data-e-type=\"container\">\n\t\t\t\t\t<div class=\"e-con-inner\">\n\t\t<div class=\"elementor-element elementor-element-9c4d407 e-con-full e-flex e-con e-child\" data-id=\"9c4d407\" data-element_type=\"container\" data-e-type=\"container\" data-settings=\"{&quot;background_background&quot;:&quot;classic&quot;}\">\n\t\t\t\t<\/div>\n\t\t<div class=\"elementor-element elementor-element-7b9a31f e-con-full e-flex e-con e-child\" data-id=\"7b9a31f\" data-element_type=\"container\" data-e-type=\"container\" data-settings=\"{&quot;background_background&quot;:&quot;classic&quot;}\">\n\t\t\t\t<\/div>\n\t\t<div class=\"elementor-element elementor-element-717490b e-con-full e-flex e-con e-child\" data-id=\"717490b\" data-element_type=\"container\" data-e-type=\"container\">\n\t\t\t\t<div class=\"elementor-element elementor-element-7148316 elementor-widget elementor-widget-text-editor\" data-id=\"7148316\" data-element_type=\"widget\" data-e-type=\"widget\" data-widget_type=\"text-editor.default\">\n\t\t\t\t\t\t\t\t\t<ul>\n<li><strong>Facilit\u00e9 \u00e0 s\u2019asseoir et \u00e0 se lever<\/strong> : gr\u00e2ce \u00e0 leur m\u00e9canisme de levage, les si\u00e8ges motoris\u00e9s permettent aux personnes \u00e2g\u00e9es ou aux personnes \u00e0 mobilit\u00e9 r\u00e9duite de s\u2019asseoir et de se lever sans effort, r\u00e9duisant ainsi le risque de chutes ou de blessures.<\/li>\n<li><strong>Confort ergonomique<\/strong> : Ces fauteuils sont con\u00e7us pour offrir un confort maximal, avec des repose-pieds et un dossier inclinable qui vous permettent d\u2019ajuster la posture pour une relaxation optimale. C\u2019est particuli\u00e8rement b\u00e9n\u00e9fique pour les personnes qui passent beaucoup de temps assises, aidant \u00e0 pr\u00e9venir les courbatures et les tensions musculaires. <\/li>\n<li><strong>Aide \u00e0 la mobilit\u00e9 quotidienne<\/strong> : En offrant une assistance douce et contr\u00f4l\u00e9e \u00e0 l\u2019utilisateur, les si\u00e8ges g\u00e9riatriques motoris\u00e9s permettent aux personnes \u00e2g\u00e9es de conserver une certaine autonomie dans leurs activit\u00e9s quotidiennes, am\u00e9liorant ainsi leur qualit\u00e9 de vie.<\/li>\n<li><strong>Positions r\u00e9glables multiples<\/strong> : Nos si\u00e8ges motoris\u00e9s offrent plusieurs positions r\u00e9glables, allant d\u2019un inclinaison complet pour le repos \u00e0 une position enti\u00e8rement \u00e9lev\u00e9e pour faciliter le levage. Cela rend les si\u00e8ges utiles non seulement pour se d\u00e9tendre, mais aussi pour lire, regarder la t\u00e9l\u00e9vision ou m\u00eame dormir. <\/li>\n<\/ul>\t\t\t\t\t\t\t\t<\/div>\n\t\t\t\t<\/div>\n\t\t\t\t\t<\/div>\n\t\t\t\t<\/div>\n\t\t<div class=\"elementor-element elementor-element-2ab5b96 e-flex e-con-boxed e-con e-parent\" data-id=\"2ab5b96\" data-element_type=\"container\" data-e-type=\"container\">\n\t\t\t\t\t<div class=\"e-con-inner\">\n\t\t\t\t<div class=\"elementor-element elementor-element-04e056e elementor-widget elementor-widget-heading\" data-id=\"04e056e\" data-element_type=\"widget\" data-e-type=\"widget\" data-widget_type=\"heading.default\">\n\t\t\t\t\t<h2 class=\"elementor-heading-title elementor-size-default\">Fauteuils pour personnes \u00e2g\u00e9es \u00e0 Palma de Majorque<\/h2>\t\t\t\t<\/div>\n\t\t\t\t<div class=\"elementor-element elementor-element-03736cb elementor-widget elementor-widget-text-editor\" data-id=\"03736cb\" data-element_type=\"widget\" data-e-type=\"widget\" data-widget_type=\"text-editor.default\">\n\t\t\t\t\t\t\t\t\t<p>Nous sommes sp\u00e9cialis\u00e9s dans l\u2019aide pour vous aider \u00e0 trouver le si\u00e8ge g\u00e9riatrique qui correspond le mieux au confort et aux besoins d\u2019assistance de vos proches. Notre \u00e9quipe d\u2019experts est toujours pr\u00eate \u00e0 vous conseiller et \u00e0 s\u2019assurer que vous trouvez l\u2019option id\u00e9ale, en proposant des solutions personnalis\u00e9es selon les besoins de mobilit\u00e9 et les pr\u00e9f\u00e9rences de chacun. <\/p>\n<p>Visitez notre exposition \u00e0 Palma de Majorque et d\u00e9couvrez par vous-m\u00eame pourquoi nos si\u00e8ges g\u00e9riatriques sont le choix id\u00e9al pour garantir le confort et la s\u00e9curit\u00e9 des personnes \u00e2g\u00e9es ou \u00e0 mobilit\u00e9 r\u00e9duite.<\/p>\t\t\t\t\t\t\t\t<\/div>\n\t\t\t\t\t<\/div>\n\t\t\t\t<\/div>\n\t\t<div class=\"elementor-element elementor-element-bc2de13 e-flex e-con-boxed e-con e-parent\" data-id=\"bc2de13\" data-element_type=\"container\" data-e-type=\"container\">\n\t\t\t\t\t<div class=\"e-con-inner\">\n\t\t\t\t<div class=\"elementor-element elementor-element-e573ccc elementor-widget elementor-widget-heading\" data-id=\"e573ccc\" data-element_type=\"widget\" data-e-type=\"widget\" data-widget_type=\"heading.default\">\n\t\t\t\t\t<h2 class=\"elementor-heading-title elementor-size-default\">Approche, nous sommes ton magasin habituel<\/h2>\t\t\t\t<\/div>\n\t\t\t\t<div class=\"elementor-element elementor-element-f8d0734 elementor-widget elementor-widget-text-editor\" data-id=\"f8d0734\" data-element_type=\"widget\" data-e-type=\"widget\" data-widget_type=\"text-editor.default\">\n\t\t\t\t\t\t\t\t\t<p>Nous sommes au centre de Palma.<\/p>\n<p>Garez-vous sur le <strong>parking de S\u2019Escorxador<\/strong> et nous tamponnerons votre billet.<\/p>\n<p>Nous vous attendons sans avoir besoin de rendez-vous.<\/p>\t\t\t\t\t\t\t\t<\/div>\n\t\t<div class=\"elementor-element elementor-element-abbefd6 e-con-full e-flex e-con e-child\" data-id=\"abbefd6\" data-element_type=\"container\" data-e-type=\"container\">\n\t\t\t\t<div class=\"elementor-element elementor-element-1ecdea9 elementor-align-center elementor-mobile-align-justify elementor-widget-mobile__width-inherit elementor-widget elementor-widget-button\" data-id=\"1ecdea9\" data-element_type=\"widget\" data-e-type=\"widget\" data-widget_type=\"button.default\">\n\t\t\t\t\t\t\t\t\t\t<a class=\"elementor-button elementor-button-link elementor-size-sm\" href=\"https:\/\/maps.app.goo.gl\/chm5KJnyJPgYZedx6\" target=\"_blank\" rel=\"noopener\">\n\t\t\t\t\t\t<span class=\"elementor-button-content-wrapper\">\n\t\t\t\t\t\t\t\t\t<span class=\"elementor-button-text\">Comment y arriver<\/span>\n\t\t\t\t\t<\/span>\n\t\t\t\t\t<\/a>\n\t\t\t\t\t\t\t\t<\/div>\n\t\t\t\t<div class=\"elementor-element elementor-element-02caa36 elementor-align-center elementor-mobile-align-justify elementor-widget-mobile__width-inherit elementor-widget elementor-widget-button\" data-id=\"02caa36\" data-element_type=\"widget\" data-e-type=\"widget\" data-widget_type=\"button.default\">\n\t\t\t\t\t\t\t\t\t\t<a class=\"elementor-button elementor-button-link elementor-size-sm\" href=\"tel:871713264\">\n\t\t\t\t\t\t<span class=\"elementor-button-content-wrapper\">\n\t\t\t\t\t\t<span class=\"elementor-button-icon\">\n\t\t\t\t<svg aria-hidden=\"true\" class=\"e-font-icon-svg e-fas-phone-alt\" viewBox=\"0 0 512 512\" xmlns=\"http:\/\/www.w3.org\/2000\/svg\"><path d=\"M497.39 361.8l-112-48a24 24 0 0 0-28 6.9l-49.6 60.6A370.66 370.66 0 0 1 130.6 204.11l60.6-49.6a23.94 23.94 0 0 0 6.9-28l-48-112A24.16 24.16 0 0 0 122.6.61l-104 24A24 24 0 0 0 0 48c0 256.5 207.9 464 464 464a24 24 0 0 0 23.4-18.6l24-104a24.29 24.29 0 0 0-14.01-27.6z\"><\/path><\/svg>\t\t\t<\/span>\n\t\t\t\t\t\t\t\t\t<span class=\"elementor-button-text\">Appelez maintenant<\/span>\n\t\t\t\t\t<\/span>\n\t\t\t\t\t<\/a>\n\t\t\t\t\t\t\t\t<\/div>\n\t\t\t\t<\/div>\n\t\t\t\t\t<\/div>\n\t\t\t\t<\/div>\n\t\t\t\t<\/div>\n\t\t","protected":false},"excerpt":{"rendered":"<p>Circonscriptions g\u00e9riatriques \u00e0 Majorque Quelle est l\u2019importance du confort et de la s\u00e9curit\u00e9 pour les personnes \u00e2g\u00e9es ou les personnes ayant des probl\u00e8mes de mobilit\u00e9 ? Pour cette raison, nous vous proposons une s\u00e9lection de si\u00e8ges pour personnes \u00e2g\u00e9es \u00e0 Majorque, sp\u00e9cialement con\u00e7us pour faciliter la vie quotidienne, offrant non seulement confort, mais aussi soutien [&hellip;]<\/p>\n","protected":false},"author":1,"featured_media":0,"parent":1808,"menu_order":0,"comment_status":"closed","ping_status":"closed","template":"","meta":{"iawp_total_views":1,"_joinchat":[],"footnotes":""},"class_list":["post-2078","page","type-page","status-publish","hentry"],"_links":{"self":[{"href":"https:\/\/mundisofa.net\/fr\/wp-json\/wp\/v2\/pages\/2078","targetHints":{"allow":["GET"]}}],"collection":[{"href":"https:\/\/mundisofa.net\/fr\/wp-json\/wp\/v2\/pages"}],"about":[{"href":"https:\/\/mundisofa.net\/fr\/wp-json\/wp\/v2\/types\/page"}],"author":[{"embeddable":true,"href":"https:\/\/mundisofa.net\/fr\/wp-json\/wp\/v2\/users\/1"}],"replies":[{"embeddable":true,"href":"https:\/\/mundisofa.net\/fr\/wp-json\/wp\/v2\/comments?post=2078"}],"version-history":[{"count":1,"href":"https:\/\/mundisofa.net\/fr\/wp-json\/wp\/v2\/pages\/2078\/revisions"}],"predecessor-version":[{"id":2083,"href":"https:\/\/mundisofa.net\/fr\/wp-json\/wp\/v2\/pages\/2078\/revisions\/2083"}],"up":[{"embeddable":true,"href":"https:\/\/mundisofa.net\/fr\/wp-json\/wp\/v2\/pages\/1808"}],"wp:attachment":[{"href":"https:\/\/mundisofa.net\/fr\/wp-json\/wp\/v2\/media?parent=2078"}],"curies":[{"name":"wp","href":"https:\/\/api.w.org\/{rel}","templated":true}]}}