{"id":2062,"date":"2025-10-17T17:45:45","date_gmt":"2025-10-17T15:45:45","guid":{"rendered":"https:\/\/mundisofa.net\/produits\/break\/"},"modified":"2026-01-13T18:37:29","modified_gmt":"2026-01-13T17:37:29","slug":"break","status":"publish","type":"page","link":"https:\/\/mundisofa.net\/fr\/produits\/break\/","title":{"rendered":"Break"},"content":{"rendered":"\t\t<div data-elementor-type=\"wp-page\" data-elementor-id=\"2062\" class=\"elementor elementor-2062 elementor-39\" data-elementor-post-type=\"page\">\n\t\t\t\t<div class=\"elementor-element elementor-element-4be04d2 e-con-full e-flex e-con e-parent\" data-id=\"4be04d2\" data-element_type=\"container\" data-e-type=\"container\" data-settings=\"{&quot;background_background&quot;:&quot;classic&quot;}\">\n\t\t\t\t<div class=\"elementor-element elementor-element-2328aef elementor-widget-mobile__width-inherit elementor-widget elementor-widget-heading\" data-id=\"2328aef\" data-element_type=\"widget\" data-e-type=\"widget\" data-widget_type=\"heading.default\">\n\t\t\t\t\t<h1 class=\"elementor-heading-title elementor-size-default\">Magasin de matelas \u00e0 Palma de Majorque<\/h1>\t\t\t\t<\/div>\n\t\t\t\t<\/div>\n\t\t<div class=\"elementor-element elementor-element-50f4b08 e-flex e-con-boxed e-con e-parent\" data-id=\"50f4b08\" data-element_type=\"container\" data-e-type=\"container\">\n\t\t\t\t\t<div class=\"e-con-inner\">\n\t\t\t\t<div class=\"elementor-element elementor-element-c9c9b62 elementor-widget elementor-widget-text-editor\" data-id=\"c9c9b62\" data-element_type=\"widget\" data-e-type=\"widget\" data-widget_type=\"text-editor.default\">\n\t\t\t\t\t\t\t\t\tUne bonne nuit de sommeil est essentielle pour votre bien-\u00eatre, c\u2019est pourquoi nous vous proposons notre s\u00e9lection de matelas \u00e0 Majorque. Ainsi que d\u2019autres essentiels pour le repos comme les bases de lit, les sommiers et les oreillers. Notre objectif est de vous fournir tout ce dont vous avez besoin pour profiter d\u2019un sommeil reposant et de qualit\u00e9.  \t\t\t\t\t\t\t\t<\/div>\n\t\t\t\t\t<\/div>\n\t\t\t\t<\/div>\n\t\t<div class=\"elementor-element elementor-element-2ba01f8 e-flex e-con-boxed e-con e-parent\" data-id=\"2ba01f8\" data-element_type=\"container\" data-e-type=\"container\">\n\t\t\t\t\t<div class=\"e-con-inner\">\n\t\t<div class=\"elementor-element elementor-element-d3b3e28 e-con-full e-flex e-con e-child\" data-id=\"d3b3e28\" data-element_type=\"container\" data-e-type=\"container\" data-settings=\"{&quot;background_background&quot;:&quot;classic&quot;}\">\n\t\t\t\t<\/div>\n\t\t<div class=\"elementor-element elementor-element-c5716a7 e-con-full e-flex e-con e-child\" data-id=\"c5716a7\" data-element_type=\"container\" data-e-type=\"container\" data-settings=\"{&quot;background_background&quot;:&quot;classic&quot;}\">\n\t\t\t\t<\/div>\n\t\t<div class=\"elementor-element elementor-element-dd33c79 e-con-full e-flex e-con e-child\" data-id=\"dd33c79\" data-element_type=\"container\" data-e-type=\"container\">\n\t\t\t\t<div class=\"elementor-element elementor-element-054ca67 elementor-widget elementor-widget-heading\" data-id=\"054ca67\" data-element_type=\"widget\" data-e-type=\"widget\" data-widget_type=\"heading.default\">\n\t\t\t\t\t<h2 class=\"elementor-heading-title elementor-size-default\">Matelas<\/h2>\t\t\t\t<\/div>\n\t\t\t\t<div class=\"elementor-element elementor-element-b229109 elementor-widget elementor-widget-text-editor\" data-id=\"b229109\" data-element_type=\"widget\" data-e-type=\"widget\" data-widget_type=\"text-editor.default\">\n\t\t\t\t\t\t\t\t\t<p>Ton repos commence de l\u2019int\u00e9rieur.<br>Nous vous aidons \u00e0 trouver le matelas id\u00e9al selon votre fa\u00e7on de dormir, votre posture et les besoins de votre corps.<br>Nous avons des mod\u00e8les visco\u00e9lastiques, des ressorts encastr\u00e9s, des mousses techniques et bien plus encore.<br>Confort, ventilation et durabilit\u00e9 dans un seul produit. D\u00e9couvrez des options pour tous les \u00e2ges, poids et modes de vie. Parce que bien dormir n\u2019est pas un luxe : c\u2019est la sant\u00e9. Et un bon matelas, un investissement quotidien.<\/p>\t\t\t\t\t\t\t\t<\/div>\n\t\t\t\t<\/div>\n\t\t\t\t\t<\/div>\n\t\t\t\t<\/div>\n\t\t<div class=\"elementor-element elementor-element-45c6f45 e-flex e-con-boxed e-con e-parent\" data-id=\"45c6f45\" data-element_type=\"container\" data-e-type=\"container\">\n\t\t\t\t\t<div class=\"e-con-inner\">\n\t\t<div class=\"elementor-element elementor-element-79d22b3 e-con-full e-flex e-con e-child\" data-id=\"79d22b3\" data-element_type=\"container\" data-e-type=\"container\">\n\t\t\t\t<div class=\"elementor-element elementor-element-3ccff30 elementor-widget elementor-widget-heading\" data-id=\"3ccff30\" data-element_type=\"widget\" data-e-type=\"widget\" data-widget_type=\"heading.default\">\n\t\t\t\t\t<h2 class=\"elementor-heading-title elementor-size-default\">Socles et socles<\/h2>\t\t\t\t<\/div>\n\t\t\t\t<div class=\"elementor-element elementor-element-f400536 elementor-widget elementor-widget-text-editor\" data-id=\"f400536\" data-element_type=\"widget\" data-e-type=\"widget\" data-widget_type=\"text-editor.default\">\n\t\t\t\t\t\t\t\t\t<p>Le crochet de droite change tout.<br>Nos socles et bases de lit sont con\u00e7ues pour prolonger la dur\u00e9e de vie de votre matelas et am\u00e9liorer votre repos.<br>Choisissez entre des socles rembourr\u00e9s, des lits \u00e0 lattes, fixes ou articul\u00e9es.<br>Stabilit\u00e9, ventilation et conception adapt\u00e9es \u00e0 tout type de lit.<br>Faciles \u00e0 assembler, r\u00e9sistants et compatibles avec tous types de matelas.<br>La base parfaite pour rendre chaque soir meilleur que la pr\u00e9c\u00e9dente.<\/p>\t\t\t\t\t\t\t\t<\/div>\n\t\t\t\t<\/div>\n\t\t<div class=\"elementor-element elementor-element-c144174 e-con-full e-flex e-con e-child\" data-id=\"c144174\" data-element_type=\"container\" data-e-type=\"container\" data-settings=\"{&quot;background_background&quot;:&quot;classic&quot;}\">\n\t\t\t\t<\/div>\n\t\t<div class=\"elementor-element elementor-element-2043e66 e-con-full e-flex e-con e-child\" data-id=\"2043e66\" data-element_type=\"container\" data-e-type=\"container\" data-settings=\"{&quot;background_background&quot;:&quot;classic&quot;}\">\n\t\t\t\t<\/div>\n\t\t\t\t\t<\/div>\n\t\t\t\t<\/div>\n\t\t<div class=\"elementor-element elementor-element-2878416 e-flex e-con-boxed e-con e-parent\" data-id=\"2878416\" data-element_type=\"container\" data-e-type=\"container\">\n\t\t\t\t\t<div class=\"e-con-inner\">\n\t\t<div class=\"elementor-element elementor-element-d8540c1 e-con-full e-flex e-con e-child\" data-id=\"d8540c1\" data-element_type=\"container\" data-e-type=\"container\" data-settings=\"{&quot;background_background&quot;:&quot;classic&quot;}\">\n\t\t\t\t<\/div>\n\t\t<div class=\"elementor-element elementor-element-4d15357 e-con-full e-flex e-con e-child\" data-id=\"4d15357\" data-element_type=\"container\" data-e-type=\"container\" data-settings=\"{&quot;background_background&quot;:&quot;classic&quot;}\">\n\t\t\t\t<\/div>\n\t\t<div class=\"elementor-element elementor-element-04d0ff2 e-con-full e-flex e-con e-child\" data-id=\"04d0ff2\" data-element_type=\"container\" data-e-type=\"container\">\n\t\t\t\t<div class=\"elementor-element elementor-element-dff5932 elementor-widget elementor-widget-heading\" data-id=\"dff5932\" data-element_type=\"widget\" data-e-type=\"widget\" data-widget_type=\"heading.default\">\n\t\t\t\t\t<h2 class=\"elementor-heading-title elementor-size-default\">Oreillers<\/h2>\t\t\t\t<\/div>\n\t\t\t\t<div class=\"elementor-element elementor-element-cf20682 elementor-widget elementor-widget-text-editor\" data-id=\"cf20682\" data-element_type=\"widget\" data-e-type=\"widget\" data-widget_type=\"text-editor.default\">\n\t\t\t\t\t\t\t\t\t<p>Le bon oreiller fait la diff\u00e9rence entre dormir&#8230; et repose.<br>Hauteur, fermet\u00e9, respirabilit\u00e9 : nous choisissons avec vous celui qui correspond le mieux \u00e0 votre fa\u00e7on de dormir. Nous proposons des coussins visco\u00e9lastiques, fibres, cervicals, en gel et bien plus encore.<br>Pour ceux qui dorment sur le c\u00f4t\u00e9, sur le dos ou changent de posture. Un vrai r\u00e9confort d\u00e8s la premi\u00e8re minute.<\/p>\t\t\t\t\t\t\t\t<\/div>\n\t\t\t\t<\/div>\n\t\t\t\t\t<\/div>\n\t\t\t\t<\/div>\n\t\t<div class=\"elementor-element elementor-element-7fd0005 e-flex e-con-boxed e-con e-parent\" data-id=\"7fd0005\" data-element_type=\"container\" data-e-type=\"container\">\n\t\t\t\t\t<div class=\"e-con-inner\">\n\t\t<div class=\"elementor-element elementor-element-836daec e-con-full e-flex e-con e-child\" data-id=\"836daec\" data-element_type=\"container\" data-e-type=\"container\">\n\t\t\t\t<div class=\"elementor-element elementor-element-e3dc423 elementor-widget elementor-widget-heading\" data-id=\"e3dc423\" data-element_type=\"widget\" data-e-type=\"widget\" data-widget_type=\"heading.default\">\n\t\t\t\t\t<h2 class=\"elementor-heading-title elementor-size-default\">Lits articul\u00e9s<\/h2>\t\t\t\t<\/div>\n\t\t\t\t<div class=\"elementor-element elementor-element-affe039 elementor-widget elementor-widget-text-editor\" data-id=\"affe039\" data-element_type=\"widget\" data-e-type=\"widget\" data-widget_type=\"text-editor.default\">\n\t\t\t\t\t\t\t\t\tLe crochet de droite change tout.\nNos socles et bases de lit sont con\u00e7ues pour prolonger la dur\u00e9e de vie de votre matelas et am\u00e9liorer votre repos.\nChoisissez entre des socles rembourr\u00e9s, des lits \u00e0 lattes, fixes ou articul\u00e9es.\nStabilit\u00e9, ventilation et conception adapt\u00e9es \u00e0 tout type de lit.\nFaciles \u00e0 assembler, r\u00e9sistants et compatibles avec tous types de matelas.\nLa base parfaite pour rendre chaque soir meilleur que la pr\u00e9c\u00e9dente.\t\t\t\t\t\t\t\t<\/div>\n\t\t\t\t<\/div>\n\t\t<div class=\"elementor-element elementor-element-07db8c9 e-con-full e-flex e-con e-child\" data-id=\"07db8c9\" data-element_type=\"container\" data-e-type=\"container\" data-settings=\"{&quot;background_background&quot;:&quot;classic&quot;}\">\n\t\t\t\t<\/div>\n\t\t<div class=\"elementor-element elementor-element-a547181 e-con-full e-flex e-con e-child\" data-id=\"a547181\" data-element_type=\"container\" data-e-type=\"container\" data-settings=\"{&quot;background_background&quot;:&quot;classic&quot;}\">\n\t\t\t\t<\/div>\n\t\t\t\t\t<\/div>\n\t\t\t\t<\/div>\n\t\t<div class=\"elementor-element elementor-element-1822e48 e-flex e-con-boxed e-con e-parent\" data-id=\"1822e48\" data-element_type=\"container\" data-e-type=\"container\">\n\t\t\t\t\t<div class=\"e-con-inner\">\n\t\t\t\t<div class=\"elementor-element elementor-element-c8b182b elementor-widget elementor-widget-heading\" data-id=\"c8b182b\" data-element_type=\"widget\" data-e-type=\"widget\" data-widget_type=\"heading.default\">\n\t\t\t\t\t<h2 class=\"elementor-heading-title elementor-size-default\">Venez nous voir, nous avons un parking gratuit<\/h2>\t\t\t\t<\/div>\n\t\t\t\t<div class=\"elementor-element elementor-element-eeecbe7 elementor-widget elementor-widget-text-editor\" data-id=\"eeecbe7\" data-element_type=\"widget\" data-e-type=\"widget\" data-widget_type=\"text-editor.default\">\n\t\t\t\t\t\t\t\t\t<p>Nous sommes au centre de Palma.<\/p>\n<p>Garez-vous sur le <strong>parking de S\u2019Escorxador<\/strong> et nous tamponnerons votre billet.<\/p>\n<p>Nous vous attendons sans avoir besoin de rendez-vous.<\/p>\t\t\t\t\t\t\t\t<\/div>\n\t\t<div class=\"elementor-element elementor-element-14a0b06 e-con-full e-flex e-con e-child\" data-id=\"14a0b06\" data-element_type=\"container\" data-e-type=\"container\">\n\t\t\t\t<div class=\"elementor-element elementor-element-e7c7043 elementor-align-center elementor-mobile-align-justify elementor-widget-mobile__width-inherit elementor-widget elementor-widget-button\" data-id=\"e7c7043\" data-element_type=\"widget\" data-e-type=\"widget\" data-widget_type=\"button.default\">\n\t\t\t\t\t\t\t\t\t\t<a class=\"elementor-button elementor-button-link elementor-size-sm\" href=\"https:\/\/maps.app.goo.gl\/chm5KJnyJPgYZedx6\" target=\"_blank\" rel=\"noopener\">\n\t\t\t\t\t\t<span class=\"elementor-button-content-wrapper\">\n\t\t\t\t\t\t\t\t\t<span class=\"elementor-button-text\">Comment y arriver<\/span>\n\t\t\t\t\t<\/span>\n\t\t\t\t\t<\/a>\n\t\t\t\t\t\t\t\t<\/div>\n\t\t\t\t<div class=\"elementor-element elementor-element-987970d elementor-align-center elementor-mobile-align-justify elementor-widget-mobile__width-inherit elementor-widget elementor-widget-button\" data-id=\"987970d\" data-element_type=\"widget\" data-e-type=\"widget\" data-widget_type=\"button.default\">\n\t\t\t\t\t\t\t\t\t\t<a class=\"elementor-button elementor-button-link elementor-size-sm\" href=\"tel:871713264\">\n\t\t\t\t\t\t<span class=\"elementor-button-content-wrapper\">\n\t\t\t\t\t\t<span class=\"elementor-button-icon\">\n\t\t\t\t<svg aria-hidden=\"true\" class=\"e-font-icon-svg e-fas-phone-alt\" viewBox=\"0 0 512 512\" xmlns=\"http:\/\/www.w3.org\/2000\/svg\"><path d=\"M497.39 361.8l-112-48a24 24 0 0 0-28 6.9l-49.6 60.6A370.66 370.66 0 0 1 130.6 204.11l60.6-49.6a23.94 23.94 0 0 0 6.9-28l-48-112A24.16 24.16 0 0 0 122.6.61l-104 24A24 24 0 0 0 0 48c0 256.5 207.9 464 464 464a24 24 0 0 0 23.4-18.6l24-104a24.29 24.29 0 0 0-14.01-27.6z\"><\/path><\/svg>\t\t\t<\/span>\n\t\t\t\t\t\t\t\t\t<span class=\"elementor-button-text\">Appelez maintenant<\/span>\n\t\t\t\t\t<\/span>\n\t\t\t\t\t<\/a>\n\t\t\t\t\t\t\t\t<\/div>\n\t\t\t\t<\/div>\n\t\t\t\t\t<\/div>\n\t\t\t\t<\/div>\n\t\t\t\t<\/div>\n\t\t","protected":false},"excerpt":{"rendered":"<p>Magasin de matelas \u00e0 Palma de Majorque Une bonne nuit de sommeil est essentielle pour votre bien-\u00eatre, c\u2019est pourquoi nous vous proposons notre s\u00e9lection de matelas \u00e0 Majorque. Ainsi que d\u2019autres essentiels pour le repos comme les bases de lit, les sommiers et les oreillers. Notre objectif est de vous fournir tout ce dont vous [&hellip;]<\/p>\n","protected":false},"author":1,"featured_media":0,"parent":1808,"menu_order":0,"comment_status":"closed","ping_status":"closed","template":"","meta":{"iawp_total_views":15,"_joinchat":[],"footnotes":""},"class_list":["post-2062","page","type-page","status-publish","hentry"],"_links":{"self":[{"href":"https:\/\/mundisofa.net\/fr\/wp-json\/wp\/v2\/pages\/2062","targetHints":{"allow":["GET"]}}],"collection":[{"href":"https:\/\/mundisofa.net\/fr\/wp-json\/wp\/v2\/pages"}],"about":[{"href":"https:\/\/mundisofa.net\/fr\/wp-json\/wp\/v2\/types\/page"}],"author":[{"embeddable":true,"href":"https:\/\/mundisofa.net\/fr\/wp-json\/wp\/v2\/users\/1"}],"replies":[{"embeddable":true,"href":"https:\/\/mundisofa.net\/fr\/wp-json\/wp\/v2\/comments?post=2062"}],"version-history":[{"count":1,"href":"https:\/\/mundisofa.net\/fr\/wp-json\/wp\/v2\/pages\/2062\/revisions"}],"predecessor-version":[{"id":2065,"href":"https:\/\/mundisofa.net\/fr\/wp-json\/wp\/v2\/pages\/2062\/revisions\/2065"}],"up":[{"embeddable":true,"href":"https:\/\/mundisofa.net\/fr\/wp-json\/wp\/v2\/pages\/1808"}],"wp:attachment":[{"href":"https:\/\/mundisofa.net\/fr\/wp-json\/wp\/v2\/media?parent=2062"}],"curies":[{"name":"wp","href":"https:\/\/api.w.org\/{rel}","templated":true}]}}