{"id":1894,"date":"2025-10-17T17:45:08","date_gmt":"2025-10-17T15:45:08","guid":{"rendered":"https:\/\/mundisofa.net\/produits\/canapes\/"},"modified":"2026-01-13T18:36:50","modified_gmt":"2026-01-13T17:36:50","slug":"canapes","status":"publish","type":"page","link":"https:\/\/mundisofa.net\/fr\/produits\/canapes\/","title":{"rendered":"Canap\u00e9s"},"content":{"rendered":"\t\t<div data-elementor-type=\"wp-page\" data-elementor-id=\"1894\" class=\"elementor elementor-1894 elementor-29\" data-elementor-post-type=\"page\">\n\t\t\t\t<div class=\"elementor-element elementor-element-a7ee647 e-con-full e-flex e-con e-parent\" data-id=\"a7ee647\" data-element_type=\"container\" data-e-type=\"container\" data-settings=\"{&quot;background_background&quot;:&quot;classic&quot;}\">\n\t\t\t\t<div class=\"elementor-element elementor-element-afc4ba6 elementor-widget-mobile__width-inherit elementor-widget elementor-widget-heading\" data-id=\"afc4ba6\" data-element_type=\"widget\" data-e-type=\"widget\" data-widget_type=\"heading.default\">\n\t\t\t\t\t<h1 class=\"elementor-heading-title elementor-size-default\">Canap\u00e9s-canap\u00e9s \u00e0 Palma de Majorque<\/h1>\t\t\t\t<\/div>\n\t\t\t\t<\/div>\n\t\t<div class=\"elementor-element elementor-element-26a010f e-flex e-con-boxed e-con e-parent\" data-id=\"26a010f\" data-element_type=\"container\" data-e-type=\"container\">\n\t\t\t\t\t<div class=\"e-con-inner\">\n\t\t\t\t<div class=\"elementor-element elementor-element-a83cf4b elementor-widget elementor-widget-heading\" data-id=\"a83cf4b\" data-element_type=\"widget\" data-e-type=\"widget\" data-widget_type=\"heading.default\">\n\t\t\t\t\t<h2 class=\"elementor-heading-title elementor-size-default\">Choisir un canap\u00e9, c\u2019est choisir comment vous souhaitez vivre votre maison<\/h2>\t\t\t\t<\/div>\n\t\t\t\t<div class=\"elementor-element elementor-element-6b3f49c elementor-widget elementor-widget-text-editor\" data-id=\"6b3f49c\" data-element_type=\"widget\" data-e-type=\"widget\" data-widget_type=\"text-editor.default\">\n\t\t\t\t\t\t\t\t\t<p>Nous aidons nos clients \u00e0 trouver le canap\u00e9 parfait depuis plus de 50 ans. Que vous recherchiez un canap\u00e9 spacieux \u00e0 partager en famille, une solution compacte pour les petits espaces ou un \u00e9l\u00e9gant \u00e9l\u00e9ment pour compl\u00e9ter votre salon, nous vous conseillerons honn\u00eatement sur la bonne r\u00e9alisation.<\/p>\n<p>Nous travaillons uniquement avec des canap\u00e9s fabriqu\u00e9s au niveau national, personnalisables en taille, structure et rembourrage, avec une durabilit\u00e9 qui fait la diff\u00e9rence.<\/p>\t\t\t\t\t\t\t\t<\/div>\n\t\t\t\t\t<\/div>\n\t\t\t\t<\/div>\n\t\t<div class=\"elementor-element elementor-element-e7ffd84 e-flex e-con-boxed e-con e-parent\" data-id=\"e7ffd84\" data-element_type=\"container\" data-e-type=\"container\">\n\t\t\t\t\t<div class=\"e-con-inner\">\n\t\t\t\t<div class=\"elementor-element elementor-element-8a342e9 elementor-widget elementor-widget-heading\" data-id=\"8a342e9\" data-element_type=\"widget\" data-e-type=\"widget\" data-widget_type=\"heading.default\">\n\t\t\t\t\t<h2 class=\"elementor-heading-title elementor-size-default\">Types de canap\u00e9s<\/h2>\t\t\t\t<\/div>\n\t\t\t\t\t<\/div>\n\t\t\t\t<\/div>\n\t\t<div class=\"elementor-element elementor-element-d62b0fe e-flex e-con-boxed e-con e-parent\" data-id=\"d62b0fe\" data-element_type=\"container\" data-e-type=\"container\">\n\t\t\t\t\t<div class=\"e-con-inner\">\n\t\t<div class=\"elementor-element elementor-element-d68bd15 e-con-full e-flex e-con e-child\" data-id=\"d68bd15\" data-element_type=\"container\" data-e-type=\"container\" data-settings=\"{&quot;background_background&quot;:&quot;classic&quot;}\">\n\t\t\t\t<\/div>\n\t\t<div class=\"elementor-element elementor-element-bafb5ed e-con-full e-flex e-con e-child\" data-id=\"bafb5ed\" data-element_type=\"container\" data-e-type=\"container\">\n\t\t\t\t<div class=\"elementor-element elementor-element-d16270c elementor-widget elementor-widget-heading\" data-id=\"d16270c\" data-element_type=\"widget\" data-e-type=\"widget\" data-widget_type=\"heading.default\">\n\t\t\t\t\t<h3 class=\"elementor-heading-title elementor-size-default\">Canap\u00e9s 2 et 3 places<\/h3>\t\t\t\t<\/div>\n\t\t\t\t<div class=\"elementor-element elementor-element-ae744fe elementor-widget elementor-widget-text-editor\" data-id=\"ae744fe\" data-element_type=\"widget\" data-e-type=\"widget\" data-widget_type=\"text-editor.default\">\n\t\t\t\t\t\t\t\t\tId\u00e9al pour les maisons de toute taille. Disponibles en versions classiques et contemporaines, tous nos mod\u00e8les sont con\u00e7us pour offrir un vrai confort et une longue dur\u00e9e de vie. \t\t\t\t\t\t\t\t<\/div>\n\t\t\t\t<div class=\"elementor-element elementor-element-6bb6c12 elementor-widget-divider--view-line elementor-widget elementor-widget-divider\" data-id=\"6bb6c12\" data-element_type=\"widget\" data-e-type=\"widget\" data-widget_type=\"divider.default\">\n\t\t\t\t\t\t\t<div class=\"elementor-divider\">\n\t\t\t<span class=\"elementor-divider-separator\">\n\t\t\t\t\t\t<\/span>\n\t\t<\/div>\n\t\t\t\t\t\t<\/div>\n\t\t\t\t<\/div>\n\t\t\t\t\t<\/div>\n\t\t\t\t<\/div>\n\t\t<div class=\"elementor-element elementor-element-8fa109d e-flex e-con-boxed e-con e-parent\" data-id=\"8fa109d\" data-element_type=\"container\" data-e-type=\"container\">\n\t\t\t\t\t<div class=\"e-con-inner\">\n\t\t<div class=\"elementor-element elementor-element-94c7d8b e-con-full e-flex e-con e-child\" data-id=\"94c7d8b\" data-element_type=\"container\" data-e-type=\"container\">\n\t\t\t\t<div class=\"elementor-element elementor-element-7428774 elementor-widget elementor-widget-heading\" data-id=\"7428774\" data-element_type=\"widget\" data-e-type=\"widget\" data-widget_type=\"heading.default\">\n\t\t\t\t\t<h3 class=\"elementor-heading-title elementor-size-default\">Ensembles de canap\u00e9<\/h3>\t\t\t\t<\/div>\n\t\t\t\t<div class=\"elementor-element elementor-element-6fa1051 elementor-widget elementor-widget-text-editor\" data-id=\"6fa1051\" data-element_type=\"widget\" data-e-type=\"widget\" data-widget_type=\"text-editor.default\">\n\t\t\t\t\t\t\t\t\tSi ce dont vous avez besoin, c\u2019est d\u2019un ensemble complet qui harmonise votre salon, chez Mundisofa, nous proposons une s\u00e9lection de canap\u00e9s qui offrent une solution globale. Disponibles dans diff\u00e9rentes configurations et styles, nos d\u00e9cors sont con\u00e7us pour maximiser le confort et l\u2019espace, transformant votre salon en un lieu cosy et \u00e9l\u00e9gant. \t\t\t\t\t\t\t\t<\/div>\n\t\t\t\t<div class=\"elementor-element elementor-element-9cfb1b0 elementor-widget-divider--view-line elementor-widget elementor-widget-divider\" data-id=\"9cfb1b0\" data-element_type=\"widget\" data-e-type=\"widget\" data-widget_type=\"divider.default\">\n\t\t\t\t\t\t\t<div class=\"elementor-divider\">\n\t\t\t<span class=\"elementor-divider-separator\">\n\t\t\t\t\t\t<\/span>\n\t\t<\/div>\n\t\t\t\t\t\t<\/div>\n\t\t\t\t<\/div>\n\t\t<div class=\"elementor-element elementor-element-466c7b1 e-con-full e-flex e-con e-child\" data-id=\"466c7b1\" data-element_type=\"container\" data-e-type=\"container\" data-settings=\"{&quot;background_background&quot;:&quot;classic&quot;}\">\n\t\t\t\t<\/div>\n\t\t\t\t\t<\/div>\n\t\t\t\t<\/div>\n\t\t<div class=\"elementor-element elementor-element-35cff57 e-flex e-con-boxed e-con e-parent\" data-id=\"35cff57\" data-element_type=\"container\" data-e-type=\"container\">\n\t\t\t\t\t<div class=\"e-con-inner\">\n\t\t<div class=\"elementor-element elementor-element-5e680f3 e-con-full e-flex e-con e-child\" data-id=\"5e680f3\" data-element_type=\"container\" data-e-type=\"container\" data-settings=\"{&quot;background_background&quot;:&quot;classic&quot;}\">\n\t\t\t\t<\/div>\n\t\t<div class=\"elementor-element elementor-element-76ab743 e-con-full e-flex e-con e-child\" data-id=\"76ab743\" data-element_type=\"container\" data-e-type=\"container\">\n\t\t\t\t<div class=\"elementor-element elementor-element-1feeba6 elementor-widget elementor-widget-heading\" data-id=\"1feeba6\" data-element_type=\"widget\" data-e-type=\"widget\" data-widget_type=\"heading.default\">\n\t\t\t\t\t<h3 class=\"elementor-heading-title elementor-size-default\">Canap\u00e9s d\u2019angle<\/h3>\t\t\t\t<\/div>\n\t\t\t\t<div class=\"elementor-element elementor-element-cccf3f4 elementor-widget elementor-widget-text-editor\" data-id=\"cccf3f4\" data-element_type=\"widget\" data-e-type=\"widget\" data-widget_type=\"text-editor.default\">\n\t\t\t\t\t\t\t\t\tLes portes d\u2019angle sont une option id\u00e9ale pour profiter au maximum de l\u2019espace dans les grands salons ou dans les coins difficiles \u00e0 utiliser. Nos portes d\u2019angle sont con\u00e7ues pour offrir un confort maximal sans sacrifier le style. Que vous pr\u00e9f\u00e9riez une disposition classique ou plus moderne, nous avons l\u2019angle id\u00e9al pour vous.   \t\t\t\t\t\t\t\t<\/div>\n\t\t\t\t<div class=\"elementor-element elementor-element-e28cba6 elementor-widget-divider--view-line elementor-widget elementor-widget-divider\" data-id=\"e28cba6\" data-element_type=\"widget\" data-e-type=\"widget\" data-widget_type=\"divider.default\">\n\t\t\t\t\t\t\t<div class=\"elementor-divider\">\n\t\t\t<span class=\"elementor-divider-separator\">\n\t\t\t\t\t\t<\/span>\n\t\t<\/div>\n\t\t\t\t\t\t<\/div>\n\t\t\t\t<\/div>\n\t\t\t\t\t<\/div>\n\t\t\t\t<\/div>\n\t\t<div class=\"elementor-element elementor-element-226bfbb e-flex e-con-boxed e-con e-parent\" data-id=\"226bfbb\" data-element_type=\"container\" data-e-type=\"container\">\n\t\t\t\t\t<div class=\"e-con-inner\">\n\t\t<div class=\"elementor-element elementor-element-c92865e e-con-full e-flex e-con e-child\" data-id=\"c92865e\" data-element_type=\"container\" data-e-type=\"container\">\n\t\t\t\t<div class=\"elementor-element elementor-element-366d69b elementor-widget elementor-widget-heading\" data-id=\"366d69b\" data-element_type=\"widget\" data-e-type=\"widget\" data-widget_type=\"heading.default\">\n\t\t\t\t\t<h3 class=\"elementor-heading-title elementor-size-default\">Trill\u00e9es<\/h3>\t\t\t\t<\/div>\n\t\t\t\t<div class=\"elementor-element elementor-element-5e0eb94 elementor-widget elementor-widget-text-editor\" data-id=\"5e0eb94\" data-element_type=\"widget\" data-e-type=\"widget\" data-widget_type=\"text-editor.default\">\n\t\t\t\t\t\t\t\t\tLes tripl\u00e9s sont la solution traditionnelle qui ne se d\u00e9mode jamais. Nous proposons une s\u00e9lection de tripl\u00e9s alliant confort et \u00e9l\u00e9gance, id\u00e9ale pour tout type de d\u00e9coration. Nos tripl\u00e9s sont disponibles en diff\u00e9rentes tailles et styles, adapt\u00e9s \u00e0 vos besoins et pr\u00e9f\u00e9rences.  \t\t\t\t\t\t\t\t<\/div>\n\t\t\t\t<div class=\"elementor-element elementor-element-20198c9 elementor-widget-divider--view-line elementor-widget elementor-widget-divider\" data-id=\"20198c9\" data-element_type=\"widget\" data-e-type=\"widget\" data-widget_type=\"divider.default\">\n\t\t\t\t\t\t\t<div class=\"elementor-divider\">\n\t\t\t<span class=\"elementor-divider-separator\">\n\t\t\t\t\t\t<\/span>\n\t\t<\/div>\n\t\t\t\t\t\t<\/div>\n\t\t\t\t<\/div>\n\t\t<div class=\"elementor-element elementor-element-9ff72dc e-con-full e-flex e-con e-child\" data-id=\"9ff72dc\" data-element_type=\"container\" data-e-type=\"container\" data-settings=\"{&quot;background_background&quot;:&quot;classic&quot;}\">\n\t\t\t\t<\/div>\n\t\t\t\t\t<\/div>\n\t\t\t\t<\/div>\n\t\t<div class=\"elementor-element elementor-element-db9ed2d e-flex e-con-boxed e-con e-parent\" data-id=\"db9ed2d\" data-element_type=\"container\" data-e-type=\"container\">\n\t\t\t\t\t<div class=\"e-con-inner\">\n\t\t\t\t<div class=\"elementor-element elementor-element-e32da6c elementor-widget elementor-widget-heading\" data-id=\"e32da6c\" data-element_type=\"widget\" data-e-type=\"widget\" data-widget_type=\"heading.default\">\n\t\t\t\t\t<h2 class=\"elementor-heading-title elementor-size-default\">Viens nous voir, c\u2019est facile<\/h2>\t\t\t\t<\/div>\n\t\t\t\t<div class=\"elementor-element elementor-element-4c420ee elementor-widget elementor-widget-text-editor\" data-id=\"4c420ee\" data-element_type=\"widget\" data-e-type=\"widget\" data-widget_type=\"text-editor.default\">\n\t\t\t\t\t\t\t\t\t<p>Nous sommes au centre de Palma.<\/p>\n<p>Garez-vous sur le <strong>parking de S\u2019Escorxador<\/strong> et nous tamponnerons votre billet.<\/p>\n<p>Nous vous attendons sans avoir besoin de rendez-vous.<\/p>\t\t\t\t\t\t\t\t<\/div>\n\t\t<div class=\"elementor-element elementor-element-6726119 e-con-full e-flex e-con e-child\" data-id=\"6726119\" data-element_type=\"container\" data-e-type=\"container\">\n\t\t\t\t<div class=\"elementor-element elementor-element-4a9f34c elementor-align-center elementor-mobile-align-justify elementor-widget-mobile__width-inherit elementor-widget elementor-widget-button\" data-id=\"4a9f34c\" data-element_type=\"widget\" data-e-type=\"widget\" data-widget_type=\"button.default\">\n\t\t\t\t\t\t\t\t\t\t<a class=\"elementor-button elementor-button-link elementor-size-sm\" href=\"https:\/\/maps.app.goo.gl\/chm5KJnyJPgYZedx6\" target=\"_blank\" rel=\"noopener\">\n\t\t\t\t\t\t<span class=\"elementor-button-content-wrapper\">\n\t\t\t\t\t\t\t\t\t<span class=\"elementor-button-text\">Comment y arriver<\/span>\n\t\t\t\t\t<\/span>\n\t\t\t\t\t<\/a>\n\t\t\t\t\t\t\t\t<\/div>\n\t\t\t\t<div class=\"elementor-element elementor-element-036ce25 elementor-align-center elementor-mobile-align-justify elementor-widget-mobile__width-inherit elementor-widget elementor-widget-button\" data-id=\"036ce25\" data-element_type=\"widget\" data-e-type=\"widget\" data-widget_type=\"button.default\">\n\t\t\t\t\t\t\t\t\t\t<a class=\"elementor-button elementor-button-link elementor-size-sm\" href=\"tel:871713264\">\n\t\t\t\t\t\t<span class=\"elementor-button-content-wrapper\">\n\t\t\t\t\t\t<span class=\"elementor-button-icon\">\n\t\t\t\t<svg aria-hidden=\"true\" class=\"e-font-icon-svg e-fas-phone-alt\" viewBox=\"0 0 512 512\" xmlns=\"http:\/\/www.w3.org\/2000\/svg\"><path d=\"M497.39 361.8l-112-48a24 24 0 0 0-28 6.9l-49.6 60.6A370.66 370.66 0 0 1 130.6 204.11l60.6-49.6a23.94 23.94 0 0 0 6.9-28l-48-112A24.16 24.16 0 0 0 122.6.61l-104 24A24 24 0 0 0 0 48c0 256.5 207.9 464 464 464a24 24 0 0 0 23.4-18.6l24-104a24.29 24.29 0 0 0-14.01-27.6z\"><\/path><\/svg>\t\t\t<\/span>\n\t\t\t\t\t\t\t\t\t<span class=\"elementor-button-text\">Appelez maintenant<\/span>\n\t\t\t\t\t<\/span>\n\t\t\t\t\t<\/a>\n\t\t\t\t\t\t\t\t<\/div>\n\t\t\t\t<\/div>\n\t\t\t\t\t<\/div>\n\t\t\t\t<\/div>\n\t\t\t\t<\/div>\n\t\t","protected":false},"excerpt":{"rendered":"<p>Canap\u00e9s-canap\u00e9s \u00e0 Palma de Majorque Choisir un canap\u00e9, c\u2019est choisir comment vous souhaitez vivre votre maison Nous aidons nos clients \u00e0 trouver le canap\u00e9 parfait depuis plus de 50 ans. Que vous recherchiez un canap\u00e9 spacieux \u00e0 partager en famille, une solution compacte pour les petits espaces ou un \u00e9l\u00e9gant \u00e9l\u00e9ment pour compl\u00e9ter votre salon, [&hellip;]<\/p>\n","protected":false},"author":1,"featured_media":0,"parent":1808,"menu_order":0,"comment_status":"closed","ping_status":"closed","template":"","meta":{"iawp_total_views":12,"_joinchat":[],"footnotes":""},"class_list":["post-1894","page","type-page","status-publish","hentry"],"_links":{"self":[{"href":"https:\/\/mundisofa.net\/fr\/wp-json\/wp\/v2\/pages\/1894","targetHints":{"allow":["GET"]}}],"collection":[{"href":"https:\/\/mundisofa.net\/fr\/wp-json\/wp\/v2\/pages"}],"about":[{"href":"https:\/\/mundisofa.net\/fr\/wp-json\/wp\/v2\/types\/page"}],"author":[{"embeddable":true,"href":"https:\/\/mundisofa.net\/fr\/wp-json\/wp\/v2\/users\/1"}],"replies":[{"embeddable":true,"href":"https:\/\/mundisofa.net\/fr\/wp-json\/wp\/v2\/comments?post=1894"}],"version-history":[{"count":1,"href":"https:\/\/mundisofa.net\/fr\/wp-json\/wp\/v2\/pages\/1894\/revisions"}],"predecessor-version":[{"id":1903,"href":"https:\/\/mundisofa.net\/fr\/wp-json\/wp\/v2\/pages\/1894\/revisions\/1903"}],"up":[{"embeddable":true,"href":"https:\/\/mundisofa.net\/fr\/wp-json\/wp\/v2\/pages\/1808"}],"wp:attachment":[{"href":"https:\/\/mundisofa.net\/fr\/wp-json\/wp\/v2\/media?parent=1894"}],"curies":[{"name":"wp","href":"https:\/\/api.w.org\/{rel}","templated":true}]}}