{"id":1931,"date":"2025-10-17T17:45:08","date_gmt":"2025-10-17T15:45:08","guid":{"rendered":"https:\/\/mundisofa.net\/produkte\/sofas\/"},"modified":"2026-01-13T18:36:55","modified_gmt":"2026-01-13T17:36:55","slug":"sofas","status":"publish","type":"page","link":"https:\/\/mundisofa.net\/de\/produkte\/sofas\/","title":{"rendered":"Sofas"},"content":{"rendered":"\t\t<div data-elementor-type=\"wp-page\" data-elementor-id=\"1931\" class=\"elementor elementor-1931 elementor-29\" data-elementor-post-type=\"page\">\n\t\t\t\t<div class=\"elementor-element elementor-element-a7ee647 e-con-full e-flex e-con e-parent\" data-id=\"a7ee647\" data-element_type=\"container\" data-e-type=\"container\" data-settings=\"{&quot;background_background&quot;:&quot;classic&quot;}\">\n\t\t\t\t<div class=\"elementor-element elementor-element-afc4ba6 elementor-widget-mobile__width-inherit elementor-widget elementor-widget-heading\" data-id=\"afc4ba6\" data-element_type=\"widget\" data-e-type=\"widget\" data-widget_type=\"heading.default\">\n\t\t\t\t\t<h1 class=\"elementor-heading-title elementor-size-default\">Sofas in Palma de Mallorca<\/h1>\t\t\t\t<\/div>\n\t\t\t\t<\/div>\n\t\t<div class=\"elementor-element elementor-element-26a010f e-flex e-con-boxed e-con e-parent\" data-id=\"26a010f\" data-element_type=\"container\" data-e-type=\"container\">\n\t\t\t\t\t<div class=\"e-con-inner\">\n\t\t\t\t<div class=\"elementor-element elementor-element-a83cf4b elementor-widget elementor-widget-heading\" data-id=\"a83cf4b\" data-element_type=\"widget\" data-e-type=\"widget\" data-widget_type=\"heading.default\">\n\t\t\t\t\t<h2 class=\"elementor-heading-title elementor-size-default\">Die Wahl eines Sofas bedeutet, wie Sie Ihr Zuhause leben m\u00f6chten<\/h2>\t\t\t\t<\/div>\n\t\t\t\t<div class=\"elementor-element elementor-element-6b3f49c elementor-widget elementor-widget-text-editor\" data-id=\"6b3f49c\" data-element_type=\"widget\" data-e-type=\"widget\" data-widget_type=\"text-editor.default\">\n\t\t\t\t\t\t\t\t\t<p>Wir helfen unseren Kunden seit \u00fcber 50 Jahren dabei, das perfekte Sofa zu finden. Egal, ob Sie ein ger\u00e4umiges Sofa zum Teilen mit der Familie, eine kompakte L\u00f6sung f\u00fcr kleine R\u00e4ume oder ein elegantes Wohnzimmer suchen, wir beraten Sie ehrlich, wie Sie es richtig machen.<\/p>\n<p>Wir arbeiten ausschlie\u00dflich mit national hergestellten Sofas, die in Gr\u00f6\u00dfe, Struktur und Polsterung anpassbar sind, mit einer Haltbarkeit, die den Unterschied macht.<\/p>\t\t\t\t\t\t\t\t<\/div>\n\t\t\t\t\t<\/div>\n\t\t\t\t<\/div>\n\t\t<div class=\"elementor-element elementor-element-e7ffd84 e-flex e-con-boxed e-con e-parent\" data-id=\"e7ffd84\" data-element_type=\"container\" data-e-type=\"container\">\n\t\t\t\t\t<div class=\"e-con-inner\">\n\t\t\t\t<div class=\"elementor-element elementor-element-8a342e9 elementor-widget elementor-widget-heading\" data-id=\"8a342e9\" data-element_type=\"widget\" data-e-type=\"widget\" data-widget_type=\"heading.default\">\n\t\t\t\t\t<h2 class=\"elementor-heading-title elementor-size-default\">Arten von Sofas<\/h2>\t\t\t\t<\/div>\n\t\t\t\t\t<\/div>\n\t\t\t\t<\/div>\n\t\t<div class=\"elementor-element elementor-element-d62b0fe e-flex e-con-boxed e-con e-parent\" data-id=\"d62b0fe\" data-element_type=\"container\" data-e-type=\"container\">\n\t\t\t\t\t<div class=\"e-con-inner\">\n\t\t<div class=\"elementor-element elementor-element-d68bd15 e-con-full e-flex e-con e-child\" data-id=\"d68bd15\" data-element_type=\"container\" data-e-type=\"container\" data-settings=\"{&quot;background_background&quot;:&quot;classic&quot;}\">\n\t\t\t\t<\/div>\n\t\t<div class=\"elementor-element elementor-element-bafb5ed e-con-full e-flex e-con e-child\" data-id=\"bafb5ed\" data-element_type=\"container\" data-e-type=\"container\">\n\t\t\t\t<div class=\"elementor-element elementor-element-d16270c elementor-widget elementor-widget-heading\" data-id=\"d16270c\" data-element_type=\"widget\" data-e-type=\"widget\" data-widget_type=\"heading.default\">\n\t\t\t\t\t<h3 class=\"elementor-heading-title elementor-size-default\">2- und 3-Sitzer-Sofas<\/h3>\t\t\t\t<\/div>\n\t\t\t\t<div class=\"elementor-element elementor-element-ae744fe elementor-widget elementor-widget-text-editor\" data-id=\"ae744fe\" data-element_type=\"widget\" data-e-type=\"widget\" data-widget_type=\"text-editor.default\">\n\t\t\t\t\t\t\t\t\tIdeal f\u00fcr H\u00e4user jeder Gr\u00f6\u00dfe. Alle unsere Modelle sind in klassischen und modernen Versionen erh\u00e4ltlich und sind darauf ausgelegt, echten Komfort und eine lange Lebensdauer zu bieten. \t\t\t\t\t\t\t\t<\/div>\n\t\t\t\t<div class=\"elementor-element elementor-element-6bb6c12 elementor-widget-divider--view-line elementor-widget elementor-widget-divider\" data-id=\"6bb6c12\" data-element_type=\"widget\" data-e-type=\"widget\" data-widget_type=\"divider.default\">\n\t\t\t\t\t\t\t<div class=\"elementor-divider\">\n\t\t\t<span class=\"elementor-divider-separator\">\n\t\t\t\t\t\t<\/span>\n\t\t<\/div>\n\t\t\t\t\t\t<\/div>\n\t\t\t\t<\/div>\n\t\t\t\t\t<\/div>\n\t\t\t\t<\/div>\n\t\t<div class=\"elementor-element elementor-element-8fa109d e-flex e-con-boxed e-con e-parent\" data-id=\"8fa109d\" data-element_type=\"container\" data-e-type=\"container\">\n\t\t\t\t\t<div class=\"e-con-inner\">\n\t\t<div class=\"elementor-element elementor-element-94c7d8b e-con-full e-flex e-con e-child\" data-id=\"94c7d8b\" data-element_type=\"container\" data-e-type=\"container\">\n\t\t\t\t<div class=\"elementor-element elementor-element-7428774 elementor-widget elementor-widget-heading\" data-id=\"7428774\" data-element_type=\"widget\" data-e-type=\"widget\" data-widget_type=\"heading.default\">\n\t\t\t\t\t<h3 class=\"elementor-heading-title elementor-size-default\">Sofasets<\/h3>\t\t\t\t<\/div>\n\t\t\t\t<div class=\"elementor-element elementor-element-6fa1051 elementor-widget elementor-widget-text-editor\" data-id=\"6fa1051\" data-element_type=\"widget\" data-e-type=\"widget\" data-widget_type=\"text-editor.default\">\n\t\t\t\t\t\t\t\t\tWenn Sie ein komplettes Set brauchen, das Ihr Wohnzimmer harmonisiert, haben wir bei Mundisofa eine Auswahl an Sofas\u00e4tzen, die eine umfassende L\u00f6sung bieten. Unsere Sets sind in verschiedenen Konfigurationen und Stilen erh\u00e4ltlich und sind darauf ausgelegt, Komfort und Raum zu maximieren und Ihr Wohnzimmer in einen gem\u00fctlichen und eleganten Ort zu verwandeln. \t\t\t\t\t\t\t\t<\/div>\n\t\t\t\t<div class=\"elementor-element elementor-element-9cfb1b0 elementor-widget-divider--view-line elementor-widget elementor-widget-divider\" data-id=\"9cfb1b0\" data-element_type=\"widget\" data-e-type=\"widget\" data-widget_type=\"divider.default\">\n\t\t\t\t\t\t\t<div class=\"elementor-divider\">\n\t\t\t<span class=\"elementor-divider-separator\">\n\t\t\t\t\t\t<\/span>\n\t\t<\/div>\n\t\t\t\t\t\t<\/div>\n\t\t\t\t<\/div>\n\t\t<div class=\"elementor-element elementor-element-466c7b1 e-con-full e-flex e-con e-child\" data-id=\"466c7b1\" data-element_type=\"container\" data-e-type=\"container\" data-settings=\"{&quot;background_background&quot;:&quot;classic&quot;}\">\n\t\t\t\t<\/div>\n\t\t\t\t\t<\/div>\n\t\t\t\t<\/div>\n\t\t<div class=\"elementor-element elementor-element-35cff57 e-flex e-con-boxed e-con e-parent\" data-id=\"35cff57\" data-element_type=\"container\" data-e-type=\"container\">\n\t\t\t\t\t<div class=\"e-con-inner\">\n\t\t<div class=\"elementor-element elementor-element-5e680f3 e-con-full e-flex e-con e-child\" data-id=\"5e680f3\" data-element_type=\"container\" data-e-type=\"container\" data-settings=\"{&quot;background_background&quot;:&quot;classic&quot;}\">\n\t\t\t\t<\/div>\n\t\t<div class=\"elementor-element elementor-element-76ab743 e-con-full e-flex e-con e-child\" data-id=\"76ab743\" data-element_type=\"container\" data-e-type=\"container\">\n\t\t\t\t<div class=\"elementor-element elementor-element-1feeba6 elementor-widget elementor-widget-heading\" data-id=\"1feeba6\" data-element_type=\"widget\" data-e-type=\"widget\" data-widget_type=\"heading.default\">\n\t\t\t\t\t<h3 class=\"elementor-heading-title elementor-size-default\">Ecksofas<\/h3>\t\t\t\t<\/div>\n\t\t\t\t<div class=\"elementor-element elementor-element-cccf3f4 elementor-widget elementor-widget-text-editor\" data-id=\"cccf3f4\" data-element_type=\"widget\" data-e-type=\"widget\" data-widget_type=\"text-editor.default\">\n\t\t\t\t\t\t\t\t\tEckt\u00fcren sind eine perfekte Option, um den Platz in gr\u00f6\u00dferen Wohnzimmern oder in schwierig zu benutzenden Ecken optimal zu nutzen. Unsere Eckt\u00fcren sind so konzipiert, dass sie maximalen Komfort bieten, ohne auf Stil zu verzichten. Egal, ob Sie ein klassisches oder moderneres Layout bevorzugen \u2013 wir haben die ideale Ecke f\u00fcr Sie.   \t\t\t\t\t\t\t\t<\/div>\n\t\t\t\t<div class=\"elementor-element elementor-element-e28cba6 elementor-widget-divider--view-line elementor-widget elementor-widget-divider\" data-id=\"e28cba6\" data-element_type=\"widget\" data-e-type=\"widget\" data-widget_type=\"divider.default\">\n\t\t\t\t\t\t\t<div class=\"elementor-divider\">\n\t\t\t<span class=\"elementor-divider-separator\">\n\t\t\t\t\t\t<\/span>\n\t\t<\/div>\n\t\t\t\t\t\t<\/div>\n\t\t\t\t<\/div>\n\t\t\t\t\t<\/div>\n\t\t\t\t<\/div>\n\t\t<div class=\"elementor-element elementor-element-226bfbb e-flex e-con-boxed e-con e-parent\" data-id=\"226bfbb\" data-element_type=\"container\" data-e-type=\"container\">\n\t\t\t\t\t<div class=\"e-con-inner\">\n\t\t<div class=\"elementor-element elementor-element-c92865e e-con-full e-flex e-con e-child\" data-id=\"c92865e\" data-element_type=\"container\" data-e-type=\"container\">\n\t\t\t\t<div class=\"elementor-element elementor-element-366d69b elementor-widget elementor-widget-heading\" data-id=\"366d69b\" data-element_type=\"widget\" data-e-type=\"widget\" data-widget_type=\"heading.default\">\n\t\t\t\t\t<h3 class=\"elementor-heading-title elementor-size-default\">Drillinge<\/h3>\t\t\t\t<\/div>\n\t\t\t\t<div class=\"elementor-element elementor-element-5e0eb94 elementor-widget elementor-widget-text-editor\" data-id=\"5e0eb94\" data-element_type=\"widget\" data-e-type=\"widget\" data-widget_type=\"text-editor.default\">\n\t\t\t\t\t\t\t\t\tDrillinge sind die traditionelle L\u00f6sung, die nie aus der Mode kommt. Wir bieten eine Auswahl an Drillingen, die Komfort und Eleganz verbinden \u2013 ideal f\u00fcr jede Art von Dekoration. Unsere Drillinge sind in verschiedenen Gr\u00f6\u00dfen und Stilen erh\u00e4ltlich und passen sich an Ihre Bed\u00fcrfnisse und Vorlieben an.  \t\t\t\t\t\t\t\t<\/div>\n\t\t\t\t<div class=\"elementor-element elementor-element-20198c9 elementor-widget-divider--view-line elementor-widget elementor-widget-divider\" data-id=\"20198c9\" data-element_type=\"widget\" data-e-type=\"widget\" data-widget_type=\"divider.default\">\n\t\t\t\t\t\t\t<div class=\"elementor-divider\">\n\t\t\t<span class=\"elementor-divider-separator\">\n\t\t\t\t\t\t<\/span>\n\t\t<\/div>\n\t\t\t\t\t\t<\/div>\n\t\t\t\t<\/div>\n\t\t<div class=\"elementor-element elementor-element-9ff72dc e-con-full e-flex e-con e-child\" data-id=\"9ff72dc\" data-element_type=\"container\" data-e-type=\"container\" data-settings=\"{&quot;background_background&quot;:&quot;classic&quot;}\">\n\t\t\t\t<\/div>\n\t\t\t\t\t<\/div>\n\t\t\t\t<\/div>\n\t\t<div class=\"elementor-element elementor-element-db9ed2d e-flex e-con-boxed e-con e-parent\" data-id=\"db9ed2d\" data-element_type=\"container\" data-e-type=\"container\">\n\t\t\t\t\t<div class=\"e-con-inner\">\n\t\t\t\t<div class=\"elementor-element elementor-element-e32da6c elementor-widget elementor-widget-heading\" data-id=\"e32da6c\" data-element_type=\"widget\" data-e-type=\"widget\" data-widget_type=\"heading.default\">\n\t\t\t\t\t<h2 class=\"elementor-heading-title elementor-size-default\">Besuchen Sie uns, es ist einfach<\/h2>\t\t\t\t<\/div>\n\t\t\t\t<div class=\"elementor-element elementor-element-4c420ee elementor-widget elementor-widget-text-editor\" data-id=\"4c420ee\" data-element_type=\"widget\" data-e-type=\"widget\" data-widget_type=\"text-editor.default\">\n\t\t\t\t\t\t\t\t\t<p>Wir sind im Zentrum von Palma.<\/p>\n<p>Parken Sie auf dem <strong>Parkplatz S&#8217;Escorxador<\/strong> und wir stempeln Ihr Ticket.<\/p>\n<p>Wir warten auf Sie, ohne dass Sie einen Termin ben\u00f6tigen.<\/p>\t\t\t\t\t\t\t\t<\/div>\n\t\t<div class=\"elementor-element elementor-element-6726119 e-con-full e-flex e-con e-child\" data-id=\"6726119\" data-element_type=\"container\" data-e-type=\"container\">\n\t\t\t\t<div class=\"elementor-element elementor-element-4a9f34c elementor-align-center elementor-mobile-align-justify elementor-widget-mobile__width-inherit elementor-widget elementor-widget-button\" data-id=\"4a9f34c\" data-element_type=\"widget\" data-e-type=\"widget\" data-widget_type=\"button.default\">\n\t\t\t\t\t\t\t\t\t\t<a class=\"elementor-button elementor-button-link elementor-size-sm\" href=\"https:\/\/maps.app.goo.gl\/chm5KJnyJPgYZedx6\" target=\"_blank\" rel=\"noopener\">\n\t\t\t\t\t\t<span class=\"elementor-button-content-wrapper\">\n\t\t\t\t\t\t\t\t\t<span class=\"elementor-button-text\">Anfahrt<\/span>\n\t\t\t\t\t<\/span>\n\t\t\t\t\t<\/a>\n\t\t\t\t\t\t\t\t<\/div>\n\t\t\t\t<div class=\"elementor-element elementor-element-036ce25 elementor-align-center elementor-mobile-align-justify elementor-widget-mobile__width-inherit elementor-widget elementor-widget-button\" data-id=\"036ce25\" data-element_type=\"widget\" data-e-type=\"widget\" data-widget_type=\"button.default\">\n\t\t\t\t\t\t\t\t\t\t<a class=\"elementor-button elementor-button-link elementor-size-sm\" href=\"tel:871713264\">\n\t\t\t\t\t\t<span class=\"elementor-button-content-wrapper\">\n\t\t\t\t\t\t<span class=\"elementor-button-icon\">\n\t\t\t\t<svg aria-hidden=\"true\" class=\"e-font-icon-svg e-fas-phone-alt\" viewBox=\"0 0 512 512\" xmlns=\"http:\/\/www.w3.org\/2000\/svg\"><path d=\"M497.39 361.8l-112-48a24 24 0 0 0-28 6.9l-49.6 60.6A370.66 370.66 0 0 1 130.6 204.11l60.6-49.6a23.94 23.94 0 0 0 6.9-28l-48-112A24.16 24.16 0 0 0 122.6.61l-104 24A24 24 0 0 0 0 48c0 256.5 207.9 464 464 464a24 24 0 0 0 23.4-18.6l24-104a24.29 24.29 0 0 0-14.01-27.6z\"><\/path><\/svg>\t\t\t<\/span>\n\t\t\t\t\t\t\t\t\t<span class=\"elementor-button-text\">Ruf jetzt an<\/span>\n\t\t\t\t\t<\/span>\n\t\t\t\t\t<\/a>\n\t\t\t\t\t\t\t\t<\/div>\n\t\t\t\t<\/div>\n\t\t\t\t\t<\/div>\n\t\t\t\t<\/div>\n\t\t\t\t<\/div>\n\t\t","protected":false},"excerpt":{"rendered":"<p>Sofas in Palma de Mallorca Die Wahl eines Sofas bedeutet, wie Sie Ihr Zuhause leben m\u00f6chten Wir helfen unseren Kunden seit \u00fcber 50 Jahren dabei, das perfekte Sofa zu finden. Egal, ob Sie ein ger\u00e4umiges Sofa zum Teilen mit der Familie, eine kompakte L\u00f6sung f\u00fcr kleine R\u00e4ume oder ein elegantes Wohnzimmer suchen, wir beraten Sie [&hellip;]<\/p>\n","protected":false},"author":1,"featured_media":0,"parent":1816,"menu_order":0,"comment_status":"closed","ping_status":"closed","template":"","meta":{"iawp_total_views":26,"_joinchat":[],"footnotes":""},"class_list":["post-1931","page","type-page","status-publish","hentry"],"_links":{"self":[{"href":"https:\/\/mundisofa.net\/de\/wp-json\/wp\/v2\/pages\/1931","targetHints":{"allow":["GET"]}}],"collection":[{"href":"https:\/\/mundisofa.net\/de\/wp-json\/wp\/v2\/pages"}],"about":[{"href":"https:\/\/mundisofa.net\/de\/wp-json\/wp\/v2\/types\/page"}],"author":[{"embeddable":true,"href":"https:\/\/mundisofa.net\/de\/wp-json\/wp\/v2\/users\/1"}],"replies":[{"embeddable":true,"href":"https:\/\/mundisofa.net\/de\/wp-json\/wp\/v2\/comments?post=1931"}],"version-history":[{"count":1,"href":"https:\/\/mundisofa.net\/de\/wp-json\/wp\/v2\/pages\/1931\/revisions"}],"predecessor-version":[{"id":1941,"href":"https:\/\/mundisofa.net\/de\/wp-json\/wp\/v2\/pages\/1931\/revisions\/1941"}],"up":[{"embeddable":true,"href":"https:\/\/mundisofa.net\/de\/wp-json\/wp\/v2\/pages\/1816"}],"wp:attachment":[{"href":"https:\/\/mundisofa.net\/de\/wp-json\/wp\/v2\/media?parent=1931"}],"curies":[{"name":"wp","href":"https:\/\/api.w.org\/{rel}","templated":true}]}}