{"id":1861,"date":"2025-12-30T17:46:22","date_gmt":"2025-12-30T16:46:22","guid":{"rendered":"https:\/\/mundisofa.net\/solon-modell\/"},"modified":"2026-01-13T18:36:42","modified_gmt":"2026-01-13T17:36:42","slug":"solon-modell","status":"publish","type":"page","link":"https:\/\/mundisofa.net\/de\/sofas\/solon-modell\/","title":{"rendered":"Solon-Modell"},"content":{"rendered":"\t\t<div data-elementor-type=\"wp-page\" data-elementor-id=\"1861\" class=\"elementor elementor-1861 elementor-1580\" data-elementor-post-type=\"page\">\n\t\t\t\t<div class=\"elementor-element elementor-element-2d8d6bd e-flex e-con-boxed e-con e-parent\" data-id=\"2d8d6bd\" data-element_type=\"container\" data-e-type=\"container\" data-settings=\"{&quot;background_background&quot;:&quot;classic&quot;}\">\n\t\t\t\t\t<div class=\"e-con-inner\">\n\t\t\t\t<div class=\"elementor-element elementor-element-a243bd7 elementor-widget elementor-widget-heading\" data-id=\"a243bd7\" data-element_type=\"widget\" data-e-type=\"widget\" data-widget_type=\"heading.default\">\n\t\t\t\t\t<h1 class=\"elementor-heading-title elementor-size-default\">Sol\u00f3n Sofa<\/h1>\t\t\t\t<\/div>\n\t\t\t\t\t<\/div>\n\t\t\t\t<\/div>\n\t\t<div class=\"elementor-element elementor-element-ab58253 e-flex e-con-boxed e-con e-parent\" data-id=\"ab58253\" data-element_type=\"container\" data-e-type=\"container\">\n\t\t\t\t\t<div class=\"e-con-inner\">\n\t\t\t\t<div class=\"elementor-element elementor-element-1371440 elementor-widget elementor-widget-text-editor\" data-id=\"1371440\" data-element_type=\"widget\" data-e-type=\"widget\" data-widget_type=\"text-editor.default\">\n\t\t\t\t\t\t\t\t\t<p>Das Sol\u00f3n-Sofa ist ein hochwertiges Modell, das f\u00fcr diejenigen konzipiert wurde, die mehr als nur ein sch\u00f6nes Sofa suchen: Sie suchen echten Komfort, Haltbarkeit und die gewisse Gewissheit, dass Ihr Sofa perfekt ins Wohnzimmer passt, egal welche Gr\u00f6\u00dfe oder Anordnung es hat.<br>Bei Mundisofa sind wir seit \u00fcber 50 Jahren in denselben R\u00e4umlichkeiten in Palma ans\u00e4ssig und helfen unseren Kunden dabei, Sofas auszuw\u00e4hlen, die seit vielen Jahren genossen werden.<br>Solon ist eines dieser Modelle, die alles, was wir tun, gut zusammenfasst.<\/p>\t\t\t\t\t\t\t\t<\/div>\n\t\t\t\t<div class=\"elementor-element elementor-element-d3295e5 elementor-widget elementor-widget-heading\" data-id=\"d3295e5\" data-element_type=\"widget\" data-e-type=\"widget\" data-widget_type=\"heading.default\">\n\t\t\t\t\t<p class=\"elementor-heading-title elementor-size-default\">Totale Vielseitigkeit, erstklassiger Komfort und ein Sofa, das sich an Ihren Raum anpasst<\/p>\t\t\t\t<\/div>\n\t\t\t\t\t<\/div>\n\t\t\t\t<\/div>\n\t\t<div class=\"elementor-element elementor-element-0082705 e-flex e-con-boxed e-con e-parent\" data-id=\"0082705\" data-element_type=\"container\" data-e-type=\"container\">\n\t\t\t\t\t<div class=\"e-con-inner\">\n\t\t\t\t<div class=\"elementor-element elementor-element-45eef1b elementor-widget__width-initial elementor-widget elementor-widget-image\" data-id=\"45eef1b\" data-element_type=\"widget\" data-e-type=\"widget\" data-widget_type=\"image.default\">\n\t\t\t\t\t\t\t\t\t\t\t\t\t\t\t<img fetchpriority=\"high\" decoding=\"async\" width=\"483\" height=\"483\" src=\"https:\/\/mundisofa.net\/wp-content\/uploads\/solon-mundisofa1.jpg\" class=\"attachment-full size-full wp-image-1867\" alt=\"Blaues, zeitgen\u00f6ssisches Sofa f\u00fcr das Wohnzimmer, mit einem eleganten und hellen Innenraum. Perfekt zum stilvollen Dekorieren.\" srcset=\"https:\/\/mundisofa.net\/wp-content\/uploads\/solon-mundisofa1.jpg 483w, https:\/\/mundisofa.net\/wp-content\/uploads\/solon-mundisofa1-300x300.jpg 300w, https:\/\/mundisofa.net\/wp-content\/uploads\/solon-mundisofa1-150x150.jpg 150w\" sizes=\"(max-width: 483px) 100vw, 483px\" \/>\t\t\t\t\t\t\t\t\t\t\t\t\t\t\t<\/div>\n\t\t\t\t<div class=\"elementor-element elementor-element-012dd7d elementor-widget__width-initial elementor-widget elementor-widget-image\" data-id=\"012dd7d\" data-element_type=\"widget\" data-e-type=\"widget\" data-widget_type=\"image.default\">\n\t\t\t\t\t\t\t\t\t\t\t\t\t\t\t<img decoding=\"async\" width=\"483\" height=\"483\" src=\"https:\/\/mundisofa.net\/wp-content\/uploads\/solon-mundisofa2.jpg\" class=\"attachment-full size-full wp-image-1868\" alt=\"Modernes wei\u00dfes Sofa im hellen Wohnzimmer mit Blick auf den Garten, minimalistischem Dekor und zeitgen\u00f6ssischem Stil.\" srcset=\"https:\/\/mundisofa.net\/wp-content\/uploads\/solon-mundisofa2.jpg 483w, https:\/\/mundisofa.net\/wp-content\/uploads\/solon-mundisofa2-300x300.jpg 300w, https:\/\/mundisofa.net\/wp-content\/uploads\/solon-mundisofa2-150x150.jpg 150w\" sizes=\"(max-width: 483px) 100vw, 483px\" \/>\t\t\t\t\t\t\t\t\t\t\t\t\t\t\t<\/div>\n\t\t\t\t<div class=\"elementor-element elementor-element-11ce393 elementor-widget__width-initial elementor-widget elementor-widget-image\" data-id=\"11ce393\" data-element_type=\"widget\" data-e-type=\"widget\" data-widget_type=\"image.default\">\n\t\t\t\t\t\t\t\t\t\t\t\t\t\t\t<img decoding=\"async\" width=\"483\" height=\"483\" src=\"https:\/\/mundisofa.net\/wp-content\/uploads\/solon-mundisofa3.jpg\" class=\"attachment-full size-full wp-image-1869\" alt=\"Modernes, gelbes Sofa im Wohnzimmer mit elegantem und hellem Design mit Blick auf den Garten.\" srcset=\"https:\/\/mundisofa.net\/wp-content\/uploads\/solon-mundisofa3.jpg 483w, https:\/\/mundisofa.net\/wp-content\/uploads\/solon-mundisofa3-300x300.jpg 300w, https:\/\/mundisofa.net\/wp-content\/uploads\/solon-mundisofa3-150x150.jpg 150w\" sizes=\"(max-width: 483px) 100vw, 483px\" \/>\t\t\t\t\t\t\t\t\t\t\t\t\t\t\t<\/div>\n\t\t\t\t\t<\/div>\n\t\t\t\t<\/div>\n\t\t<div class=\"elementor-element elementor-element-adc17f1 e-flex e-con-boxed e-con e-parent\" data-id=\"adc17f1\" data-element_type=\"container\" data-e-type=\"container\">\n\t\t\t\t\t<div class=\"e-con-inner\">\n\t\t\t\t<div class=\"elementor-element elementor-element-cdff782 elementor-align-center elementor-widget elementor-widget-button\" data-id=\"cdff782\" data-element_type=\"widget\" data-e-type=\"widget\" data-widget_type=\"button.default\">\n\t\t\t\t\t\t\t\t\t\t<a class=\"elementor-button elementor-button-link elementor-size-sm\" href=\"https:\/\/mundisofa.net\/de\/mundisofa\/\">\n\t\t\t\t\t\t<span class=\"elementor-button-content-wrapper\">\n\t\t\t\t\t\t\t\t\t<span class=\"elementor-button-text\">Probieren Sie es in unserem Gesch\u00e4ft in Palma aus<\/span>\n\t\t\t\t\t<\/span>\n\t\t\t\t\t<\/a>\n\t\t\t\t\t\t\t\t<\/div>\n\t\t\t\t\t<\/div>\n\t\t\t\t<\/div>\n\t\t<div class=\"elementor-element elementor-element-2d5622e e-flex e-con-boxed e-con e-parent\" data-id=\"2d5622e\" data-element_type=\"container\" data-e-type=\"container\">\n\t\t\t\t\t<div class=\"e-con-inner\">\n\t\t<div class=\"elementor-element elementor-element-75cc4a8 e-con-full e-flex e-con e-child\" data-id=\"75cc4a8\" data-element_type=\"container\" data-e-type=\"container\">\n\t\t\t\t<div class=\"elementor-element elementor-element-4c4ce02 elementor-widget elementor-widget-heading\" data-id=\"4c4ce02\" data-element_type=\"widget\" data-e-type=\"widget\" data-widget_type=\"heading.default\">\n\t\t\t\t\t<h2 class=\"elementor-heading-title elementor-size-default\">Ein Sofa, das viele Jahre halten soll<\/h2>\t\t\t\t<\/div>\n\t\t\t\t<div class=\"elementor-element elementor-element-d78599d elementor-widget elementor-widget-text-editor\" data-id=\"d78599d\" data-element_type=\"widget\" data-e-type=\"widget\" data-widget_type=\"text-editor.default\">\n\t\t\t\t\t\t\t\t\t<p>Das Sol\u00f3n-Sofa ist mit einer robusten Struktur und hochwertigen Materialien gefertigt und f\u00fcr intensiven t\u00e4glichen Gebrauch konzipiert, ohne mit der Zeit an Komfort zu verlieren.<br>Eines seiner gro\u00dfartigen Differenzialmerkmale ist das Premium-Sitzsystem mit Simons-\u00e4hnlichem internem Federkern, kombiniert mit hochdichten Sch\u00e4umstoffen. Dies erm\u00f6glicht ein Sitzen:\n<\/p><ul>\n<li>Bequem von Anfang an<\/li>\n<li>Stabil und fest<\/li>\n<li>Das zerst\u00f6rt oder verliert im Laufe der Jahre keine Leistung<\/li>\n<\/ul>\nEs ist kein Sofa, das daf\u00fcr gemacht ist, sich in ein paar Jahren zu ver\u00e4ndern. Es ist ein Sofa, auf dem man leben kann, um zu genie\u00dfen und Probleme zu vergessen.\t\t\t\t\t\t\t\t<\/div>\n\t\t\t\t<div class=\"elementor-element elementor-element-57d1059 elementor-widget-divider--view-line elementor-widget elementor-widget-divider\" data-id=\"57d1059\" data-element_type=\"widget\" data-e-type=\"widget\" data-widget_type=\"divider.default\">\n\t\t\t\t\t\t\t<div class=\"elementor-divider\">\n\t\t\t<span class=\"elementor-divider-separator\">\n\t\t\t\t\t\t<\/span>\n\t\t<\/div>\n\t\t\t\t\t\t<\/div>\n\t\t\t\t<\/div>\n\t\t<div class=\"elementor-element elementor-element-9bd43c3 e-con-full e-flex e-con e-child\" data-id=\"9bd43c3\" data-element_type=\"container\" data-e-type=\"container\" data-settings=\"{&quot;background_background&quot;:&quot;classic&quot;}\">\n\t\t\t\t<\/div>\n\t\t\t\t\t<\/div>\n\t\t\t\t<\/div>\n\t\t<div class=\"elementor-element elementor-element-f7f23a8 e-flex e-con-boxed e-con e-parent\" data-id=\"f7f23a8\" data-element_type=\"container\" data-e-type=\"container\">\n\t\t\t\t\t<div class=\"e-con-inner\">\n\t\t<div class=\"elementor-element elementor-element-0070f46 e-con-full e-flex e-con e-child\" data-id=\"0070f46\" data-element_type=\"container\" data-e-type=\"container\" data-settings=\"{&quot;background_background&quot;:&quot;classic&quot;}\">\n\t\t\t\t<\/div>\n\t\t<div class=\"elementor-element elementor-element-3d1de19 e-con-full e-flex e-con e-child\" data-id=\"3d1de19\" data-element_type=\"container\" data-e-type=\"container\">\n\t\t\t\t<div class=\"elementor-element elementor-element-f8d30f8 elementor-widget elementor-widget-heading\" data-id=\"f8d30f8\" data-element_type=\"widget\" data-e-type=\"widget\" data-widget_type=\"heading.default\">\n\t\t\t\t\t<h3 class=\"elementor-heading-title elementor-size-default\">Mehrpositionige, verstellbare R\u00fcckenlehnen<\/h3>\t\t\t\t<\/div>\n\t\t\t\t<div class=\"elementor-element elementor-element-857d8c8 elementor-widget elementor-widget-text-editor\" data-id=\"857d8c8\" data-element_type=\"widget\" data-e-type=\"widget\" data-widget_type=\"text-editor.default\">\n\t\t\t\t\t\t\t\t\tJeder Sitz in deine Richtung\nAlle R\u00fcckenlehnen des Sol\u00f3n-Sofas sind unabh\u00e4ngig voneinander verstellbar und verstellbar.\nDas erm\u00f6glicht es Ihnen:\n<ul>\n<li>Halten Sie die R\u00fcckseiten niedrig f\u00fcr eine saubere, moderne \u00c4sthetik<\/li>\n<li>Heben Sie sie hoch, wenn Sie mehr Unterst\u00fctzung im Halswirbel ben\u00f6tigen<\/li>\n<li>Passen Sie jeden Sitz an die Haltung jeder Person an<\/li>\n<\/ul>\nLesen, fernsehen oder sich ausruhen&#8230; jeder kann das Sofa auf seine eigene Weise genie\u00dfen, sogar gleichzeitig.\t\t\t\t\t\t\t\t<\/div>\n\t\t\t\t<div class=\"elementor-element elementor-element-899077e elementor-widget-divider--view-line elementor-widget elementor-widget-divider\" data-id=\"899077e\" data-element_type=\"widget\" data-e-type=\"widget\" data-widget_type=\"divider.default\">\n\t\t\t\t\t\t\t<div class=\"elementor-divider\">\n\t\t\t<span class=\"elementor-divider-separator\">\n\t\t\t\t\t\t<\/span>\n\t\t<\/div>\n\t\t\t\t\t\t<\/div>\n\t\t\t\t<\/div>\n\t\t\t\t\t<\/div>\n\t\t\t\t<\/div>\n\t\t<div class=\"elementor-element elementor-element-1f417f3 e-flex e-con-boxed e-con e-parent\" data-id=\"1f417f3\" data-element_type=\"container\" data-e-type=\"container\">\n\t\t\t\t\t<div class=\"e-con-inner\">\n\t\t<div class=\"elementor-element elementor-element-fc05eea e-con-full e-flex e-con e-child\" data-id=\"fc05eea\" data-element_type=\"container\" data-e-type=\"container\">\n\t\t\t\t<div class=\"elementor-element elementor-element-941082e elementor-widget elementor-widget-heading\" data-id=\"941082e\" data-element_type=\"widget\" data-e-type=\"widget\" data-widget_type=\"heading.default\">\n\t\t\t\t\t<h2 class=\"elementor-heading-title elementor-size-default\">Verschiebbare Sitze mit verst\u00e4rktem System<\/h2>\t\t\t\t<\/div>\n\t\t\t\t<div class=\"elementor-element elementor-element-69ddcc0 elementor-widget elementor-widget-text-editor\" data-id=\"69ddcc0\" data-element_type=\"widget\" data-e-type=\"widget\" data-widget_type=\"text-editor.default\">\n\t\t\t\t\t\t\t\t\t<p>Mehr Stabilit\u00e4t und mehr Sicherheit<br>Die Sitze des Sol\u00f3n-Sofas lassen sich durch ein fortschrittliches System nach vorne schieben, das auf dem Boden ruht und nicht aufgeh\u00e4ngt ist.<br>Dank dieses Systems:<\/p>\n<ul>\n<li>Das Gewicht ist besser verteilt<\/li>\n<li>Das Sofa gewinnt an Stabilit\u00e4t<\/li>\n<li>Das Gef\u00fchl von Geborgenheit ist weit \u00fcberlegen<\/li>\n<\/ul>\n<p>Sie k\u00f6nnen einen einzelnen Sitz ausfahren, um Ihre Beine zu vertreten, oder beides, wodurch das Sofa in ein ger\u00e4umiges und bequemes gelegentliches Bett verwandelt wird, ideal f\u00fcr Besuche oder spezielle Situationen.<\/p>\t\t\t\t\t\t\t\t<\/div>\n\t\t\t\t<div class=\"elementor-element elementor-element-480bbb6 elementor-widget-divider--view-line elementor-widget elementor-widget-divider\" data-id=\"480bbb6\" data-element_type=\"widget\" data-e-type=\"widget\" data-widget_type=\"divider.default\">\n\t\t\t\t\t\t\t<div class=\"elementor-divider\">\n\t\t\t<span class=\"elementor-divider-separator\">\n\t\t\t\t\t\t<\/span>\n\t\t<\/div>\n\t\t\t\t\t\t<\/div>\n\t\t\t\t<\/div>\n\t\t<div class=\"elementor-element elementor-element-f3daaba e-con-full e-flex e-con e-child\" data-id=\"f3daaba\" data-element_type=\"container\" data-e-type=\"container\" data-settings=\"{&quot;background_background&quot;:&quot;classic&quot;}\">\n\t\t\t\t<\/div>\n\t\t\t\t\t<\/div>\n\t\t\t\t<\/div>\n\t\t<div class=\"elementor-element elementor-element-30f27bd e-flex e-con-boxed e-con e-parent\" data-id=\"30f27bd\" data-element_type=\"container\" data-e-type=\"container\">\n\t\t\t\t\t<div class=\"e-con-inner\">\n\t\t<div class=\"elementor-element elementor-element-653d26a e-con-full e-flex e-con e-child\" data-id=\"653d26a\" data-element_type=\"container\" data-e-type=\"container\" data-settings=\"{&quot;background_background&quot;:&quot;classic&quot;}\">\n\t\t\t\t<\/div>\n\t\t<div class=\"elementor-element elementor-element-6546286 e-con-full e-flex e-con e-child\" data-id=\"6546286\" data-element_type=\"container\" data-e-type=\"container\">\n\t\t\t\t<div class=\"elementor-element elementor-element-1961a03 elementor-widget elementor-widget-heading\" data-id=\"1961a03\" data-element_type=\"widget\" data-e-type=\"widget\" data-widget_type=\"heading.default\">\n\t\t\t\t\t<h3 class=\"elementor-heading-title elementor-size-default\">Optional: Arme mit integrierter Brust<\/h3>\t\t\t\t<\/div>\n\t\t\t\t<div class=\"elementor-element elementor-element-1111e2d elementor-widget elementor-widget-text-editor\" data-id=\"1111e2d\" data-element_type=\"widget\" data-e-type=\"widget\" data-widget_type=\"text-editor.default\">\n\t\t\t\t\t\t\t\t\t<p>Diskrete und sehr praktische Aufbewahrung<br>Das Sol\u00f3n-Modell erm\u00f6glicht es, versteckte Koffer in die Arme einzubauen \u2013 eine L\u00f6sung, die von unseren Kunden sehr gesch\u00e4tzt wird.<br>Ideal f\u00fcr:<\/p>\n<ul>\n<li>B\u00fccher<\/li>\n<li>Steuerung<\/li>\n<li>Mobil<\/li>\n<li>Alltagsgegenst\u00e4nde<\/li>\n<\/ul>\n<p>Alles ist gesammelt, au\u00dfer Sichtweite und ohne die \u00c4sthetik des Sofas zu ver\u00e4ndern.<\/p>\t\t\t\t\t\t\t\t<\/div>\n\t\t\t\t<div class=\"elementor-element elementor-element-eeb5b5c elementor-widget-divider--view-line elementor-widget elementor-widget-divider\" data-id=\"eeb5b5c\" data-element_type=\"widget\" data-e-type=\"widget\" data-widget_type=\"divider.default\">\n\t\t\t\t\t\t\t<div class=\"elementor-divider\">\n\t\t\t<span class=\"elementor-divider-separator\">\n\t\t\t\t\t\t<\/span>\n\t\t<\/div>\n\t\t\t\t\t\t<\/div>\n\t\t\t\t<\/div>\n\t\t\t\t\t<\/div>\n\t\t\t\t<\/div>\n\t\t<div class=\"elementor-element elementor-element-3f997a0 e-flex e-con-boxed e-con e-parent\" data-id=\"3f997a0\" data-element_type=\"container\" data-e-type=\"container\">\n\t\t\t\t\t<div class=\"e-con-inner\">\n\t\t<div class=\"elementor-element elementor-element-094d1fc e-con-full e-flex e-con e-child\" data-id=\"094d1fc\" data-element_type=\"container\" data-e-type=\"container\">\n\t\t\t\t<div class=\"elementor-element elementor-element-399fb61 elementor-widget elementor-widget-heading\" data-id=\"399fb61\" data-element_type=\"widget\" data-e-type=\"widget\" data-widget_type=\"heading.default\">\n\t\t\t\t\t<h2 class=\"elementor-heading-title elementor-size-default\">Hohe Beine f\u00fcr bequeme Reinigung<\/h2>\t\t\t\t<\/div>\n\t\t\t\t<div class=\"elementor-element elementor-element-7e42f69 elementor-widget elementor-widget-text-editor\" data-id=\"7e42f69\" data-element_type=\"widget\" data-e-type=\"widget\" data-widget_type=\"text-editor.default\">\n\t\t\t\t\t\t\t\t\t<p>Dank seiner erh\u00f6hten Beine erm\u00f6glicht das Sol\u00f3n-Sofa Folgendes:<\/p>\n<ul>\n<li>Unter dem Sofa leicht zu reinigen<\/li>\n<li>Der Durchgang der Roboterstaubsauger ohne Probleme<\/li>\n<\/ul>\n<p>Ein kleines Detail, aber sehr wichtig im Alltag.<\/p>\t\t\t\t\t\t\t\t<\/div>\n\t\t\t\t<div class=\"elementor-element elementor-element-08b4ae9 elementor-widget-divider--view-line elementor-widget elementor-widget-divider\" data-id=\"08b4ae9\" data-element_type=\"widget\" data-e-type=\"widget\" data-widget_type=\"divider.default\">\n\t\t\t\t\t\t\t<div class=\"elementor-divider\">\n\t\t\t<span class=\"elementor-divider-separator\">\n\t\t\t\t\t\t<\/span>\n\t\t<\/div>\n\t\t\t\t\t\t<\/div>\n\t\t\t\t<\/div>\n\t\t<div class=\"elementor-element elementor-element-1808a2d e-con-full e-flex e-con e-child\" data-id=\"1808a2d\" data-element_type=\"container\" data-e-type=\"container\" data-settings=\"{&quot;background_background&quot;:&quot;classic&quot;}\">\n\t\t\t\t<\/div>\n\t\t\t\t\t<\/div>\n\t\t\t\t<\/div>\n\t\t<div class=\"elementor-element elementor-element-25e9e26 e-flex e-con-boxed e-con e-parent\" data-id=\"25e9e26\" data-element_type=\"container\" data-e-type=\"container\">\n\t\t\t\t\t<div class=\"e-con-inner\">\n\t\t\t\t<div class=\"elementor-element elementor-element-12765dd elementor-widget elementor-widget-heading\" data-id=\"12765dd\" data-element_type=\"widget\" data-e-type=\"widget\" data-widget_type=\"heading.default\">\n\t\t\t\t\t<h2 class=\"elementor-heading-title elementor-size-default\">Indikative Ma\u00dfe und m\u00f6gliche Konfigurationen<\/h2>\t\t\t\t<\/div>\n\t\t\t\t<div class=\"elementor-element elementor-element-e4a7c96 elementor-widget elementor-widget-text-editor\" data-id=\"e4a7c96\" data-element_type=\"widget\" data-e-type=\"widget\" data-widget_type=\"text-editor.default\">\n\t\t\t\t\t\t\t\t\t<p>Ein Sofa, das sich an deinen Raum anpasst (nicht umgekehrt)<br>Die auf dieser Seite gezeigten Ma\u00dfe sind indikativ und dienen als Beispiel f\u00fcr die vielen m\u00f6glichen Konfigurationen des Solon-Sofas.<br>Dieses Modell zeichnet sich durch seine enorme Vielseitigkeit aus:<br>Wenn Ihr Wohnzimmer komplizierte Ma\u00dfe, S\u00e4ulen oder eine spezielle Anordnung hat, kann Sol\u00f3n sich an Ihren Raum anpassen.<br>Im Laden helfen wir Ihnen, die beste Konfiguration f\u00fcr Sie zu definieren.<\/p>\t\t\t\t\t\t\t\t<\/div>\n\t\t\t\t<div class=\"elementor-element elementor-element-3bda2db elementor-widget-divider--view-line elementor-widget elementor-widget-divider\" data-id=\"3bda2db\" data-element_type=\"widget\" data-e-type=\"widget\" data-widget_type=\"divider.default\">\n\t\t\t\t\t\t\t<div class=\"elementor-divider\">\n\t\t\t<span class=\"elementor-divider-separator\">\n\t\t\t\t\t\t<\/span>\n\t\t<\/div>\n\t\t\t\t\t\t<\/div>\n\t\t\t\t\t<\/div>\n\t\t\t\t<\/div>\n\t\t<div class=\"elementor-element elementor-element-f1af0f7 e-flex e-con-boxed e-con e-parent\" data-id=\"f1af0f7\" data-element_type=\"container\" data-e-type=\"container\">\n\t\t\t\t\t<div class=\"e-con-inner\">\n\t\t\t\t<div class=\"elementor-element elementor-element-e65a739 elementor-widget elementor-widget-text-editor\" data-id=\"e65a739\" data-element_type=\"widget\" data-e-type=\"widget\" data-widget_type=\"text-editor.default\">\n\t\t\t\t\t\t\t\t\t<ul>\n<li>Unterschiedliche Sitzbreiten<\/li>\n<li>2- und 3-Sitzer-Optionen<\/li>\n<li>Chaise longue<\/li>\n<li>Eckt\u00fcren<\/li>\n<li>U-f\u00f6rmige Kompositionen<\/li>\n<li>M\u00f6glichkeit einer vollst\u00e4ndig ma\u00dfgefertigten Fertigung<\/li>\n<\/ul>\t\t\t\t\t\t\t\t<\/div>\n\t\t\t\t\t<\/div>\n\t\t\t\t<\/div>\n\t\t<div class=\"elementor-element elementor-element-9b747a8 e-flex e-con-boxed e-con e-parent\" data-id=\"9b747a8\" data-element_type=\"container\" data-e-type=\"container\">\n\t\t\t\t\t<div class=\"e-con-inner\">\n\t\t\t\t<div class=\"elementor-element elementor-element-308b459 elementor-widget elementor-widget-image\" data-id=\"308b459\" data-element_type=\"widget\" data-e-type=\"widget\" data-widget_type=\"image.default\">\n\t\t\t\t\t\t\t\t\t\t\t\t\t\t\t<img loading=\"lazy\" decoding=\"async\" width=\"600\" height=\"577\" src=\"https:\/\/mundisofa.net\/wp-content\/uploads\/SOLON-1-DISENOS.jpg\" class=\"attachment-full size-full wp-image-1875\" alt=\"Zeitgen\u00f6ssisches Sofa mit verstellbarem Design und anpassbaren Ma\u00dfen.\" srcset=\"https:\/\/mundisofa.net\/wp-content\/uploads\/SOLON-1-DISENOS.jpg 600w, https:\/\/mundisofa.net\/wp-content\/uploads\/SOLON-1-DISENOS-300x289.jpg 300w\" sizes=\"(max-width: 600px) 100vw, 600px\" \/>\t\t\t\t\t\t\t\t\t\t\t\t\t\t\t<\/div>\n\t\t\t\t<div class=\"elementor-element elementor-element-8d5884e elementor-widget elementor-widget-image\" data-id=\"8d5884e\" data-element_type=\"widget\" data-e-type=\"widget\" data-widget_type=\"image.default\">\n\t\t\t\t\t\t\t\t\t\t\t\t\t\t\t<img loading=\"lazy\" decoding=\"async\" width=\"600\" height=\"318\" src=\"https:\/\/mundisofa.net\/wp-content\/uploads\/SOLON-2-DISENOS.jpg\" class=\"attachment-full size-full wp-image-1876\" alt=\"Modul\u00e4res Sofa mit unterschiedlichen Gr\u00f6\u00dfen und Konfigurationsoptionen bei Mundisofa.\" srcset=\"https:\/\/mundisofa.net\/wp-content\/uploads\/SOLON-2-DISENOS.jpg 600w, https:\/\/mundisofa.net\/wp-content\/uploads\/SOLON-2-DISENOS-300x159.jpg 300w\" sizes=\"(max-width: 600px) 100vw, 600px\" \/>\t\t\t\t\t\t\t\t\t\t\t\t\t\t\t<\/div>\n\t\t\t\t\t<\/div>\n\t\t\t\t<\/div>\n\t\t<div class=\"elementor-element elementor-element-a2f5752 e-flex e-con-boxed e-con e-parent\" data-id=\"a2f5752\" data-element_type=\"container\" data-e-type=\"container\">\n\t\t\t\t\t<div class=\"e-con-inner\">\n\t\t\t\t<div class=\"elementor-element elementor-element-2f16846 elementor-widget elementor-widget-heading\" data-id=\"2f16846\" data-element_type=\"widget\" data-e-type=\"widget\" data-widget_type=\"heading.default\">\n\t\t\t\t\t<h2 class=\"elementor-heading-title elementor-size-default\">Polster und Stoffe<\/h2>\t\t\t\t<\/div>\n\t\t\t\t\t<\/div>\n\t\t\t\t<\/div>\n\t\t<div class=\"elementor-element elementor-element-2f67be7 e-flex e-con-boxed e-con e-parent\" data-id=\"2f67be7\" data-element_type=\"container\" data-e-type=\"container\">\n\t\t\t\t\t<div class=\"e-con-inner\">\n\t\t<div class=\"elementor-element elementor-element-9021076 e-con-full e-flex e-con e-child\" data-id=\"9021076\" data-element_type=\"container\" data-e-type=\"container\" data-settings=\"{&quot;background_background&quot;:&quot;classic&quot;}\">\n\t\t\t\t<\/div>\n\t\t<div class=\"elementor-element elementor-element-177e075 e-con-full e-flex e-con e-child\" data-id=\"177e075\" data-element_type=\"container\" data-e-type=\"container\">\n\t\t\t\t<div class=\"elementor-element elementor-element-6980017 elementor-widget elementor-widget-text-editor\" data-id=\"6980017\" data-element_type=\"widget\" data-e-type=\"widget\" data-widget_type=\"text-editor.default\">\n\t\t\t\t\t\t\t\t\t<p>W\u00e4hle ohne Angst<br>Das Sol\u00f3n-Sofa kann mit einer gro\u00dfen Auswahl an Stoffen bezogen werden, darunter auch modernste fleckenbest\u00e4ndige Stoffe.<br>Vorteile:<\/p>\n<ul>\n<li>Einfache Reinigung nur mit Wasser<\/li>\n<li>Ideal f\u00fcr Haushalte mit Kindern oder Haustieren<\/li>\n<li>Gro\u00dfe Vielfalt an Farben, Texturen und Oberfl\u00e4chen<\/li>\n<\/ul>\n<p>Auf der Website zeigen wir einige Beispiele, aber im Laden haben wir Hunderte von Optionen, sodass Sie sie sehen, ber\u00fchren und mit guter Ruhe ausw\u00e4hlen k\u00f6nnen.<\/p>\t\t\t\t\t\t\t\t<\/div>\n\t\t\t\t<div class=\"elementor-element elementor-element-3fdc252 elementor-widget-divider--view-line elementor-widget elementor-widget-divider\" data-id=\"3fdc252\" data-element_type=\"widget\" data-e-type=\"widget\" data-widget_type=\"divider.default\">\n\t\t\t\t\t\t\t<div class=\"elementor-divider\">\n\t\t\t<span class=\"elementor-divider-separator\">\n\t\t\t\t\t\t<\/span>\n\t\t<\/div>\n\t\t\t\t\t\t<\/div>\n\t\t\t\t<\/div>\n\t\t\t\t\t<\/div>\n\t\t\t\t<\/div>\n\t\t<div class=\"elementor-element elementor-element-0917035 e-flex e-con-boxed e-con e-parent\" data-id=\"0917035\" data-element_type=\"container\" data-e-type=\"container\" data-settings=\"{&quot;background_background&quot;:&quot;classic&quot;}\">\n\t\t\t\t\t<div class=\"e-con-inner\">\n\t\t\t\t<div class=\"elementor-element elementor-element-472bd40 elementor-widget elementor-widget-heading\" data-id=\"472bd40\" data-element_type=\"widget\" data-e-type=\"widget\" data-widget_type=\"heading.default\">\n\t\t\t\t\t<h2 class=\"elementor-heading-title elementor-size-default\">Ungef\u00e4hrer Preis<\/h2>\t\t\t\t<\/div>\n\t\t\t\t<div class=\"elementor-element elementor-element-cdcff50 elementor-widget elementor-widget-text-editor\" data-id=\"cdcff50\" data-element_type=\"widget\" data-e-type=\"widget\" data-widget_type=\"text-editor.default\">\n\t\t\t\t\t\t\t\t\t<p>Das Sol\u00f3n-Sofa ist ab 1.300 \u20ac erh\u00e4ltlich, in einer Grundkonfiguration und in Standardgr\u00f6\u00dfen.<br>Der endg\u00fcltige Preis h\u00e4ngt ab:<\/p>\n<ul>\n<li>Die gew\u00e4hlte Zusammensetzung Die Ma\u00dfe<\/li>\n<li>Die Polsterung<\/li>\n<li>Die ausgew\u00e4hlten Optionen<\/li>\n<\/ul>\n<p>Sol\u00f3n ist ein hochwertiges Sofa, das f\u00fcr diejenigen konzipiert wurde, die Wert auf Qualit\u00e4t, Komfort und langfristige Haltbarkeit legen.<\/p>\t\t\t\t\t\t\t\t<\/div>\n\t\t\t\t\t<\/div>\n\t\t\t\t<\/div>\n\t\t<div class=\"elementor-element elementor-element-9744970 e-flex e-con-boxed e-con e-parent\" data-id=\"9744970\" data-element_type=\"container\" data-e-type=\"container\">\n\t\t\t\t\t<div class=\"e-con-inner\">\n\t\t\t\t<div class=\"elementor-element elementor-element-6323075 elementor-widget elementor-widget-heading\" data-id=\"6323075\" data-element_type=\"widget\" data-e-type=\"widget\" data-widget_type=\"heading.default\">\n\t\t\t\t\t<h2 class=\"elementor-heading-title elementor-size-default\">Transport, Lieferung und Installation<\/h2>\t\t\t\t<\/div>\n\t\t\t\t\t<\/div>\n\t\t\t\t<\/div>\n\t\t<div class=\"elementor-element elementor-element-018defe e-flex e-con-boxed e-con e-parent\" data-id=\"018defe\" data-element_type=\"container\" data-e-type=\"container\">\n\t\t\t\t\t<div class=\"e-con-inner\">\n\t\t<div class=\"elementor-element elementor-element-28fe633 e-con-full e-flex e-con e-child\" data-id=\"28fe633\" data-element_type=\"container\" data-e-type=\"container\">\n\t\t\t\t<div class=\"elementor-element elementor-element-16568a3 elementor-widget elementor-widget-text-editor\" data-id=\"16568a3\" data-element_type=\"widget\" data-e-type=\"widget\" data-widget_type=\"text-editor.default\">\n\t\t\t\t\t\t\t\t\t<p>Kostenlose Lieferung und Installation in Palma<br>Keine versteckten Kosten oder \u00dcberraschungen<br>Es besteht die M\u00f6glichkeit zur zerlegten Lieferung und Montage im Haus, wenn der Zugang kompliziert ist<br>In Ausnahmef\u00e4llen (Abschlepp- oder Sondergenehmigungen) wird dies stets mit voller Transparenz gemeldet.<\/p>\t\t\t\t\t\t\t\t<\/div>\n\t\t\t\t<div class=\"elementor-element elementor-element-abadb73 elementor-widget-divider--view-line elementor-widget elementor-widget-divider\" data-id=\"abadb73\" data-element_type=\"widget\" data-e-type=\"widget\" data-widget_type=\"divider.default\">\n\t\t\t\t\t\t\t<div class=\"elementor-divider\">\n\t\t\t<span class=\"elementor-divider-separator\">\n\t\t\t\t\t\t<\/span>\n\t\t<\/div>\n\t\t\t\t\t\t<\/div>\n\t\t\t\t<\/div>\n\t\t<div class=\"elementor-element elementor-element-b0ecea1 e-con-full e-flex e-con e-child\" data-id=\"b0ecea1\" data-element_type=\"container\" data-e-type=\"container\" data-settings=\"{&quot;background_background&quot;:&quot;classic&quot;}\">\n\t\t\t\t<\/div>\n\t\t\t\t\t<\/div>\n\t\t\t\t<\/div>\n\t\t<div class=\"elementor-element elementor-element-a066bc7 e-flex e-con-boxed e-con e-parent\" data-id=\"a066bc7\" data-element_type=\"container\" data-e-type=\"container\">\n\t\t\t\t\t<div class=\"e-con-inner\">\n\t\t<div class=\"elementor-element elementor-element-592cf7b e-con-full e-flex e-con e-child\" data-id=\"592cf7b\" data-element_type=\"container\" data-e-type=\"container\" data-settings=\"{&quot;background_background&quot;:&quot;classic&quot;}\">\n\t\t\t\t<\/div>\n\t\t<div class=\"elementor-element elementor-element-c9f4730 e-con-full e-flex e-con e-child\" data-id=\"c9f4730\" data-element_type=\"container\" data-e-type=\"container\">\n\t\t\t\t<div class=\"elementor-element elementor-element-146f1f9 elementor-widget elementor-widget-heading\" data-id=\"146f1f9\" data-element_type=\"widget\" data-e-type=\"widget\" data-widget_type=\"heading.default\">\n\t\t\t\t\t<h3 class=\"elementor-heading-title elementor-size-default\">Garantie und Sicherheit<\/h3>\t\t\t\t<\/div>\n\t\t\t\t<div class=\"elementor-element elementor-element-4201e25 elementor-widget elementor-widget-text-editor\" data-id=\"4201e25\" data-element_type=\"widget\" data-e-type=\"widget\" data-widget_type=\"text-editor.default\">\n\t\t\t\t\t\t\t\t\tObwohl wir \u00fcberzeugt sind, dass Sie es nicht ben\u00f6tigen werden, hat das Sol\u00f3n-Sofa bis zu 5 Jahre Garantie gegen jegliche Herstellungsfehler.\nEin weiteres Beispiel f\u00fcr Mundisofas Engagement f\u00fcr Qualit\u00e4t und Service.), wird es stets mit v\u00f6lliger Transparenz berichtet.\t\t\t\t\t\t\t\t<\/div>\n\t\t\t\t<\/div>\n\t\t\t\t\t<\/div>\n\t\t\t\t<\/div>\n\t\t<div class=\"elementor-element elementor-element-7d0872a e-flex e-con-boxed e-con e-parent\" data-id=\"7d0872a\" data-element_type=\"container\" data-e-type=\"container\" data-settings=\"{&quot;background_background&quot;:&quot;classic&quot;}\">\n\t\t\t\t\t<div class=\"e-con-inner\">\n\t\t\t\t<div class=\"elementor-element elementor-element-8d38cd2 elementor-widget elementor-widget-heading\" data-id=\"8d38cd2\" data-element_type=\"widget\" data-e-type=\"widget\" data-widget_type=\"heading.default\">\n\t\t\t\t\t<h2 class=\"elementor-heading-title elementor-size-default\">H\u00e4ufig gestellte Fragen<\/h2>\t\t\t\t<\/div>\n\t\t\t\t<div class=\"elementor-element elementor-element-895e829 elementor-widget elementor-widget-n-accordion\" data-id=\"895e829\" data-element_type=\"widget\" data-e-type=\"widget\" data-settings=\"{&quot;default_state&quot;:&quot;all_collapsed&quot;,&quot;max_items_expended&quot;:&quot;one&quot;,&quot;n_accordion_animation_duration&quot;:{&quot;unit&quot;:&quot;ms&quot;,&quot;size&quot;:400,&quot;sizes&quot;:[]}}\" data-widget_type=\"nested-accordion.default\">\n\t\t\t\t\t\t\t<div class=\"e-n-accordion\" aria-label=\"Accordion. Open links with Enter or Space, close with Escape, and navigate with Arrow Keys\">\n\t\t\t\t\t\t<details id=\"e-n-accordion-item-1440\" class=\"e-n-accordion-item\" >\n\t\t\t\t<summary class=\"e-n-accordion-item-title\" data-accordion-index=\"1\" tabindex=\"0\" aria-expanded=\"false\" aria-controls=\"e-n-accordion-item-1440\" >\n\t\t\t\t\t<span class='e-n-accordion-item-title-header'><div class=\"e-n-accordion-item-title-text\"> Sind die auf der Website angezeigten Ma\u00dfe korrekt? <\/div><\/span>\n\t\t\t\t\t\t\t<span class='e-n-accordion-item-title-icon'>\n\t\t\t<span class='e-opened' ><svg aria-hidden=\"true\" class=\"e-font-icon-svg e-fas-sort-up\" viewBox=\"0 0 320 512\" xmlns=\"http:\/\/www.w3.org\/2000\/svg\"><path d=\"M279 224H41c-21.4 0-32.1-25.9-17-41L143 64c9.4-9.4 24.6-9.4 33.9 0l119 119c15.2 15.1 4.5 41-16.9 41z\"><\/path><\/svg><\/span>\n\t\t\t<span class='e-closed'><svg aria-hidden=\"true\" class=\"e-font-icon-svg e-fas-caret-right\" viewBox=\"0 0 192 512\" xmlns=\"http:\/\/www.w3.org\/2000\/svg\"><path d=\"M0 384.662V127.338c0-17.818 21.543-26.741 34.142-14.142l128.662 128.662c7.81 7.81 7.81 20.474 0 28.284L34.142 398.804C21.543 411.404 0 402.48 0 384.662z\"><\/path><\/svg><\/span>\n\t\t<\/span>\n\n\t\t\t\t\t\t<\/summary>\n\t\t\t\t<div role=\"region\" aria-labelledby=\"e-n-accordion-item-1440\" class=\"elementor-element elementor-element-ca2867d e-con-full e-flex e-con e-child\" data-id=\"ca2867d\" data-element_type=\"container\" data-e-type=\"container\">\n\t\t\t\t<div class=\"elementor-element elementor-element-43da560 elementor-widget elementor-widget-text-editor\" data-id=\"43da560\" data-element_type=\"widget\" data-e-type=\"widget\" data-widget_type=\"text-editor.default\">\n\t\t\t\t\t\t\t\t\tNein. Die angegebenen Ma\u00dfe sind indikativ. Das Sol\u00f3n-Sofa l\u00e4sst sich vollst\u00e4ndig an den vorhandenen Raum anpassen. \t\t\t\t\t\t\t\t<\/div>\n\t\t\t\t<\/div>\n\t\t\t\t\t<\/details>\n\t\t\t\t\t\t<details id=\"e-n-accordion-item-1441\" class=\"e-n-accordion-item\" >\n\t\t\t\t<summary class=\"e-n-accordion-item-title\" data-accordion-index=\"2\" tabindex=\"-1\" aria-expanded=\"false\" aria-controls=\"e-n-accordion-item-1441\" >\n\t\t\t\t\t<span class='e-n-accordion-item-title-header'><div class=\"e-n-accordion-item-title-text\"> Kann ich das Sofa f\u00fcr mein Wohnzimmer individuell anfertigen? <\/div><\/span>\n\t\t\t\t\t\t\t<span class='e-n-accordion-item-title-icon'>\n\t\t\t<span class='e-opened' ><svg aria-hidden=\"true\" class=\"e-font-icon-svg e-fas-sort-up\" viewBox=\"0 0 320 512\" xmlns=\"http:\/\/www.w3.org\/2000\/svg\"><path d=\"M279 224H41c-21.4 0-32.1-25.9-17-41L143 64c9.4-9.4 24.6-9.4 33.9 0l119 119c15.2 15.1 4.5 41-16.9 41z\"><\/path><\/svg><\/span>\n\t\t\t<span class='e-closed'><svg aria-hidden=\"true\" class=\"e-font-icon-svg e-fas-caret-right\" viewBox=\"0 0 192 512\" xmlns=\"http:\/\/www.w3.org\/2000\/svg\"><path d=\"M0 384.662V127.338c0-17.818 21.543-26.741 34.142-14.142l128.662 128.662c7.81 7.81 7.81 20.474 0 28.284L34.142 398.804C21.543 411.404 0 402.48 0 384.662z\"><\/path><\/svg><\/span>\n\t\t<\/span>\n\n\t\t\t\t\t\t<\/summary>\n\t\t\t\t<div role=\"region\" aria-labelledby=\"e-n-accordion-item-1441\" class=\"elementor-element elementor-element-5d044da e-con-full e-flex e-con e-child\" data-id=\"5d044da\" data-element_type=\"container\" data-e-type=\"container\">\n\t\t\t\t<div class=\"elementor-element elementor-element-9d22030 elementor-widget elementor-widget-text-editor\" data-id=\"9d22030\" data-element_type=\"widget\" data-e-type=\"widget\" data-widget_type=\"text-editor.default\">\n\t\t\t\t\t\t\t\t\tJa. Dieses Modell erlaubt mehrere Module und auch individuelle Fertigung. \t\t\t\t\t\t\t\t<\/div>\n\t\t\t\t<\/div>\n\t\t\t\t\t<\/details>\n\t\t\t\t\t\t<details id=\"e-n-accordion-item-1442\" class=\"e-n-accordion-item\" >\n\t\t\t\t<summary class=\"e-n-accordion-item-title\" data-accordion-index=\"3\" tabindex=\"-1\" aria-expanded=\"false\" aria-controls=\"e-n-accordion-item-1442\" >\n\t\t\t\t\t<span class='e-n-accordion-item-title-header'><div class=\"e-n-accordion-item-title-text\"> Ist es ein Schlafsofa? <\/div><\/span>\n\t\t\t\t\t\t\t<span class='e-n-accordion-item-title-icon'>\n\t\t\t<span class='e-opened' ><svg aria-hidden=\"true\" class=\"e-font-icon-svg e-fas-sort-up\" viewBox=\"0 0 320 512\" xmlns=\"http:\/\/www.w3.org\/2000\/svg\"><path d=\"M279 224H41c-21.4 0-32.1-25.9-17-41L143 64c9.4-9.4 24.6-9.4 33.9 0l119 119c15.2 15.1 4.5 41-16.9 41z\"><\/path><\/svg><\/span>\n\t\t\t<span class='e-closed'><svg aria-hidden=\"true\" class=\"e-font-icon-svg e-fas-caret-right\" viewBox=\"0 0 192 512\" xmlns=\"http:\/\/www.w3.org\/2000\/svg\"><path d=\"M0 384.662V127.338c0-17.818 21.543-26.741 34.142-14.142l128.662 128.662c7.81 7.81 7.81 20.474 0 28.284L34.142 398.804C21.543 411.404 0 402.48 0 384.662z\"><\/path><\/svg><\/span>\n\t\t<\/span>\n\n\t\t\t\t\t\t<\/summary>\n\t\t\t\t<div role=\"region\" aria-labelledby=\"e-n-accordion-item-1442\" class=\"elementor-element elementor-element-548ae72 e-con-full e-flex e-con e-child\" data-id=\"548ae72\" data-element_type=\"container\" data-e-type=\"container\">\n\t\t\t\t<div class=\"elementor-element elementor-element-06b8f99 elementor-widget elementor-widget-text-editor\" data-id=\"06b8f99\" data-element_type=\"widget\" data-e-type=\"widget\" data-widget_type=\"text-editor.default\">\n\t\t\t\t\t\t\t\t\tEs ist kein traditionelles Schlafsofa, aber die verschiebbaren Sitze erm\u00f6glichen es, ein sehr bequemes gelegentliches Bett zu gestalten.\t\t\t\t\t\t\t\t<\/div>\n\t\t\t\t<\/div>\n\t\t\t\t\t<\/details>\n\t\t\t\t\t\t<details id=\"e-n-accordion-item-1443\" class=\"e-n-accordion-item\" >\n\t\t\t\t<summary class=\"e-n-accordion-item-title\" data-accordion-index=\"4\" tabindex=\"-1\" aria-expanded=\"false\" aria-controls=\"e-n-accordion-item-1443\" >\n\t\t\t\t\t<span class='e-n-accordion-item-title-header'><div class=\"e-n-accordion-item-title-text\"> Ist es geeignet, wenn ich Kinder oder Haustiere habe? <\/div><\/span>\n\t\t\t\t\t\t\t<span class='e-n-accordion-item-title-icon'>\n\t\t\t<span class='e-opened' ><svg aria-hidden=\"true\" class=\"e-font-icon-svg e-fas-sort-up\" viewBox=\"0 0 320 512\" xmlns=\"http:\/\/www.w3.org\/2000\/svg\"><path d=\"M279 224H41c-21.4 0-32.1-25.9-17-41L143 64c9.4-9.4 24.6-9.4 33.9 0l119 119c15.2 15.1 4.5 41-16.9 41z\"><\/path><\/svg><\/span>\n\t\t\t<span class='e-closed'><svg aria-hidden=\"true\" class=\"e-font-icon-svg e-fas-caret-right\" viewBox=\"0 0 192 512\" xmlns=\"http:\/\/www.w3.org\/2000\/svg\"><path d=\"M0 384.662V127.338c0-17.818 21.543-26.741 34.142-14.142l128.662 128.662c7.81 7.81 7.81 20.474 0 28.284L34.142 398.804C21.543 411.404 0 402.48 0 384.662z\"><\/path><\/svg><\/span>\n\t\t<\/span>\n\n\t\t\t\t\t\t<\/summary>\n\t\t\t\t<div role=\"region\" aria-labelledby=\"e-n-accordion-item-1443\" class=\"elementor-element elementor-element-84dfb3a e-con-full e-flex e-con e-child\" data-id=\"84dfb3a\" data-element_type=\"container\" data-e-type=\"container\">\n\t\t\t\t<div class=\"elementor-element elementor-element-b8d4887 elementor-widget elementor-widget-text-editor\" data-id=\"b8d4887\" data-element_type=\"widget\" data-e-type=\"widget\" data-widget_type=\"text-editor.default\">\n\t\t\t\t\t\t\t\t\tJa. Sie kann mit fleckenbest\u00e4ndigen Stoffen bezogen werden, die leicht zu reinigen und sehr widerstandsf\u00e4hig sind. \t\t\t\t\t\t\t\t<\/div>\n\t\t\t\t<\/div>\n\t\t\t\t\t<\/details>\n\t\t\t\t\t\t<details id=\"e-n-accordion-item-1444\" class=\"e-n-accordion-item\" >\n\t\t\t\t<summary class=\"e-n-accordion-item-title\" data-accordion-index=\"5\" tabindex=\"-1\" aria-expanded=\"false\" aria-controls=\"e-n-accordion-item-1444\" >\n\t\t\t\t\t<span class='e-n-accordion-item-title-header'><div class=\"e-n-accordion-item-title-text\"> Kann ich mehr Stoffe im Laden sehen? <\/div><\/span>\n\t\t\t\t\t\t\t<span class='e-n-accordion-item-title-icon'>\n\t\t\t<span class='e-opened' ><svg aria-hidden=\"true\" class=\"e-font-icon-svg e-fas-sort-up\" viewBox=\"0 0 320 512\" xmlns=\"http:\/\/www.w3.org\/2000\/svg\"><path d=\"M279 224H41c-21.4 0-32.1-25.9-17-41L143 64c9.4-9.4 24.6-9.4 33.9 0l119 119c15.2 15.1 4.5 41-16.9 41z\"><\/path><\/svg><\/span>\n\t\t\t<span class='e-closed'><svg aria-hidden=\"true\" class=\"e-font-icon-svg e-fas-caret-right\" viewBox=\"0 0 192 512\" xmlns=\"http:\/\/www.w3.org\/2000\/svg\"><path d=\"M0 384.662V127.338c0-17.818 21.543-26.741 34.142-14.142l128.662 128.662c7.81 7.81 7.81 20.474 0 28.284L34.142 398.804C21.543 411.404 0 402.48 0 384.662z\"><\/path><\/svg><\/span>\n\t\t<\/span>\n\n\t\t\t\t\t\t<\/summary>\n\t\t\t\t<div role=\"region\" aria-labelledby=\"e-n-accordion-item-1444\" class=\"elementor-element elementor-element-8ab68f6 e-con-full e-flex e-con e-child\" data-id=\"8ab68f6\" data-element_type=\"container\" data-e-type=\"container\">\n\t\t\t\t<div class=\"elementor-element elementor-element-539364c elementor-widget elementor-widget-text-editor\" data-id=\"539364c\" data-element_type=\"widget\" data-e-type=\"widget\" data-widget_type=\"text-editor.default\">\n\t\t\t\t\t\t\t\t\tJa. Im Laden haben wir eine viel gr\u00f6\u00dfere Stichprobe als die, die auf der Website gezeigt wird. \t\t\t\t\t\t\t\t<\/div>\n\t\t\t\t<\/div>\n\t\t\t\t\t<\/details>\n\t\t\t\t\t<\/div>\n\t\t\t\t\t\t<\/div>\n\t\t\t\t\t<\/div>\n\t\t\t\t<\/div>\n\t\t<div class=\"elementor-element elementor-element-909fd54 e-flex e-con-boxed e-con e-parent\" data-id=\"909fd54\" data-element_type=\"container\" data-e-type=\"container\">\n\t\t\t\t\t<div class=\"e-con-inner\">\n\t\t\t\t<div class=\"elementor-element elementor-element-e8c5fd7 elementor-widget elementor-widget-heading\" data-id=\"e8c5fd7\" data-element_type=\"widget\" data-e-type=\"widget\" data-widget_type=\"heading.default\">\n\t\t\t\t\t<h2 class=\"elementor-heading-title elementor-size-default\">Kundenbewertungen<\/h2>\t\t\t\t<\/div>\n\t\t\t\t\t<\/div>\n\t\t\t\t<\/div>\n\t\t<div class=\"elementor-element elementor-element-2f91a91 e-flex e-con-boxed e-con e-parent\" data-id=\"2f91a91\" data-element_type=\"container\" data-e-type=\"container\">\n\t\t\t\t\t<div class=\"e-con-inner\">\n\t\t\t\t<div class=\"elementor-element elementor-element-28a06d0 elementor-widget elementor-widget-shortcode\" data-id=\"28a06d0\" data-element_type=\"widget\" data-e-type=\"widget\" data-widget_type=\"shortcode.default\">\n\t\t\t\t\t\t\t<div class=\"elementor-shortcode\"><div class=\"wp-gr rpi wpac\" data-id=\"1415\" data-layout=\"slider\" data-exec=\"false\" data-options='{&quot;text_size&quot;:&quot;&quot;,&quot;trans&quot;:{&quot;read more&quot;:&quot;weiterlesen&quot;}}'><svg xmlns=\"http:\/\/www.w3.org\/2000\/svg\" style=\"display:none!important\"><symbol id=\"grw-tripadvisor\" viewBox=\"0 0 713.496 713.496\"><g><circle fill=\"#34E0A1\" cx=\"356.749\" cy=\"356.748\" r=\"356.748\"\/><path d=\"M577.095,287.152l43.049-46.836h-95.465c-47.792-32.646-105.51-51.659-167.931-51.659   c-62.342,0-119.899,19.054-167.612,51.659H93.432l43.049,46.836c-26.387,24.075-42.929,58.754-42.929,97.259   c0,72.665,58.914,131.578,131.579,131.578c34.519,0,65.968-13.313,89.446-35.077l42.172,45.919l42.172-45.879   c23.478,21.764,54.887,35.037,89.406,35.037c72.665,0,131.658-58.913,131.658-131.578   C620.024,345.866,603.483,311.188,577.095,287.152z M225.17,473.458c-49.188,0-89.047-39.859-89.047-89.047   s39.86-89.048,89.047-89.048c49.187,0,89.047,39.86,89.047,89.048S274.357,473.458,225.17,473.458z M356.788,381.82   c0-58.595-42.61-108.898-98.853-130.383c30.413-12.716,63.776-19.771,98.813-19.771s68.439,7.055,98.853,19.771   C399.399,272.962,356.788,323.226,356.788,381.82z M488.367,473.458c-49.188,0-89.048-39.859-89.048-89.047   s39.86-89.048,89.048-89.048s89.047,39.86,89.047,89.048S537.554,473.458,488.367,473.458z M488.367,337.694   c-25.79,0-46.677,20.887-46.677,46.677c0,25.789,20.887,46.676,46.677,46.676c25.789,0,46.676-20.887,46.676-46.676   C535.042,358.621,514.156,337.694,488.367,337.694z M271.846,384.411c0,25.789-20.887,46.676-46.676,46.676   s-46.676-20.887-46.676-46.676c0-25.79,20.887-46.677,46.676-46.677C250.959,337.694,271.846,358.621,271.846,384.411z\"\/><\/g><\/symbol><symbol id=\"grw-google\" viewBox=\"0 0 512 512\"><g fill=\"none\" fill-rule=\"evenodd\"><path d=\"M482.56 261.36c0-16.73-1.5-32.83-4.29-48.27H256v91.29h127.01c-5.47 29.5-22.1 54.49-47.09 71.23v59.21h76.27c44.63-41.09 70.37-101.59 70.37-173.46z\" fill=\"#4285f4\"\/><path d=\"M256 492c63.72 0 117.14-21.13 156.19-57.18l-76.27-59.21c-21.13 14.16-48.17 22.53-79.92 22.53-61.47 0-113.49-41.51-132.05-97.3H45.1v61.15c38.83 77.13 118.64 130.01 210.9 130.01z\" fill=\"#34a853\"\/><path d=\"M123.95 300.84c-4.72-14.16-7.4-29.29-7.4-44.84s2.68-30.68 7.4-44.84V150.01H45.1C29.12 181.87 20 217.92 20 256c0 38.08 9.12 74.13 25.1 105.99l78.85-61.15z\" fill=\"#fbbc05\"\/><path d=\"M256 113.86c34.65 0 65.76 11.91 90.22 35.29l67.69-67.69C373.03 43.39 319.61 20 256 20c-92.25 0-172.07 52.89-210.9 130.01l78.85 61.15c18.56-55.78 70.59-97.3 132.05-97.3z\" fill=\"#ea4335\"\/><path d=\"M20 20h472v472H20V20z\"\/><\/g><\/symbol><\/svg><div class=\"grw-row grw-row-m\" data-options='{\"speed\":3,\"autoplay\":true,\"mousestop\":true,\"breakpoints\":\"\"}'><div class=\"rpi-slides-root grw-content\"><div class=\"grw-content-inner\"><button class=\"rpi-ltgt rpi-lt grw-prev\" tabindex=\"0\"><\/button><div class=\"rpi-slides grw-reviews rpi-slides-bite\" data-count=\"10\" data-offset=\"10\"><div class=\"rpi-slide grw-review\"><div class=\"rpi-flx rpi-col12 grw-review-inner grw-backgnd\"><div class=\"rpi-flx rpi-row12-center\"><div class=\"grw-img-wrap\"><img loading=\"lazy\" decoding=\"async\" class=\"grw-img\" src=\"https:\/\/mundisofa.net\/wp-content\/uploads\/ChIJy7kdxfmSlxIRyIHZz70HJbI_21932065a582e6834b0ee80385b1a416.jpg\" loading=\"lazy\" alt=\"Profilbild von \u201eEva X\u201c\" width=\"50\" height=\"50\" onerror=\"if(this.src!='https:\/\/mundisofa.net\/wp-content\/plugins\/widget-google-reviews\/assets\/img\/guest.png')this.src='https:\/\/mundisofa.net\/wp-content\/plugins\/widget-google-reviews\/assets\/img\/guest.png';\" ><\/div><div class=\"rpi-flx rpi-col6\"><a href=\"https:\/\/www.google.com\/maps\/contrib\/114813592652723822092\/reviews\" class=\"wp-google-name\" target=\"_blank\" rel=\"nofollow noopener\">Eva X<\/a><div class=\"wp-google-time\" data-time=\"1752607452\">19:24 15 Jul 25<\/div><\/div><\/div><span class=\"rpi-stars\" style=\"--rating:5\"><\/span><div class=\"rpi-flx rpi-col4\"><div class=\"wp-google-feedback grw-scroll\" ><span class=\"wp-google-text\">Pase sin querer y me enamor\u00e9<br \/>Fue amor a primera vista. El trato muy cercano y profesional, me dieron muchas facilidades. En apenas 5 semanas tuve mi sof\u00e1 en casa y se llevaron el antiguo. Se nota la calidad de anta\u00f1o y precio muy asequible. Estoy encantada. Lo recomiendo sin duda<\/span><\/div><\/div><svg height=\"16\" width=\"16\" role=\"none\"><use href=\"#grw-google\"\/><\/svg><\/div><\/div><div class=\"rpi-slide grw-review\"><div class=\"rpi-flx rpi-col12 grw-review-inner grw-backgnd\"><div class=\"rpi-flx rpi-row12-center\"><div class=\"grw-img-wrap\"><img loading=\"lazy\" decoding=\"async\" class=\"grw-img\" src=\"https:\/\/mundisofa.net\/wp-content\/uploads\/ChIJy7kdxfmSlxIRyIHZz70HJbI_5139b1e33b1bd36ee432957435225643.jpg\" loading=\"lazy\" alt=\"Profilbild von \u201eJose R.\u201c\" width=\"50\" height=\"50\" onerror=\"if(this.src!='https:\/\/mundisofa.net\/wp-content\/plugins\/widget-google-reviews\/assets\/img\/guest.png')this.src='https:\/\/mundisofa.net\/wp-content\/plugins\/widget-google-reviews\/assets\/img\/guest.png';\" ><\/div><div class=\"rpi-flx rpi-col6\"><a href=\"https:\/\/www.google.com\/maps\/contrib\/110596398401820561871\/reviews\" class=\"wp-google-name\" target=\"_blank\" rel=\"nofollow noopener\">Jose R.<\/a><div class=\"wp-google-time\" data-time=\"1749064600\">19:16 04 Jun 25<\/div><\/div><\/div><span class=\"rpi-stars\" style=\"--rating:5\"><\/span><div class=\"rpi-flx rpi-col4\"><div class=\"wp-google-feedback grw-scroll\" ><span class=\"wp-google-text\">Es el segundo sof\u00e1 que hemos comprado aqu\u00ed y el trato y la profesionalidad siempre han sido estupendos.\u00a1Lo recomendamos!<\/span><\/div><\/div><svg height=\"16\" width=\"16\" role=\"none\"><use href=\"#grw-google\"\/><\/svg><\/div><\/div><div class=\"rpi-slide grw-review\"><div class=\"rpi-flx rpi-col12 grw-review-inner grw-backgnd\"><div class=\"rpi-flx rpi-row12-center\"><div class=\"grw-img-wrap\"><img loading=\"lazy\" decoding=\"async\" class=\"grw-img\" src=\"https:\/\/mundisofa.net\/wp-content\/uploads\/ChIJy7kdxfmSlxIRyIHZz70HJbI_13436eeac7210ea8ef30733c79ffa456.jpg\" loading=\"lazy\" alt=\"Profilbild von \u201eLeopoldo Rodr\u00edguez A.\u201c\" width=\"50\" height=\"50\" onerror=\"if(this.src!='https:\/\/mundisofa.net\/wp-content\/plugins\/widget-google-reviews\/assets\/img\/guest.png')this.src='https:\/\/mundisofa.net\/wp-content\/plugins\/widget-google-reviews\/assets\/img\/guest.png';\" ><\/div><div class=\"rpi-flx rpi-col6\"><a href=\"https:\/\/www.google.com\/maps\/contrib\/107951056643900090859\/reviews\" class=\"wp-google-name\" target=\"_blank\" rel=\"nofollow noopener\">Leopoldo Rodr\u00edguez A.<\/a><div class=\"wp-google-time\" data-time=\"1747334931\">18:48 15 May 25<\/div><\/div><\/div><span class=\"rpi-stars\" style=\"--rating:5\"><\/span><div class=\"rpi-flx rpi-col4\"><div class=\"wp-google-feedback grw-scroll\" ><span class=\"wp-google-text\">Estoy muy contento con mi sof\u00e1 y felicitar tanto al propietario por su trato al cliente.muy amable y muy profesional y tambi\u00e9n felicitar, ha los empleados muy profesionales con su trabajo y trato al cliente.no les doy m\u00e1s estrellas porque no se puede se lo merecen.sin duda volver\u00e9 a comprar!! Recomiendo mundisofa!! Un saludo para todos y un 10 como tienda y un 10 para propietarios y empleados. Que dure 50 a\u00f1os m\u00e1s ( FELICIDADES)<\/span><\/div><\/div><svg height=\"16\" width=\"16\" role=\"none\"><use href=\"#grw-google\"\/><\/svg><\/div><\/div><div class=\"rpi-slide grw-review\"><div class=\"rpi-flx rpi-col12 grw-review-inner grw-backgnd\"><div class=\"rpi-flx rpi-row12-center\"><div class=\"grw-img-wrap\"><img loading=\"lazy\" decoding=\"async\" class=\"grw-img\" src=\"https:\/\/mundisofa.net\/wp-content\/uploads\/ChIJy7kdxfmSlxIRyIHZz70HJbI_afffe95530abf2751c4a842c8a945dd2.jpg\" loading=\"lazy\" alt=\"Profilbild von \u201eMar\u00eda Dolores H.\u201c\" width=\"50\" height=\"50\" onerror=\"if(this.src!='https:\/\/mundisofa.net\/wp-content\/plugins\/widget-google-reviews\/assets\/img\/guest.png')this.src='https:\/\/mundisofa.net\/wp-content\/plugins\/widget-google-reviews\/assets\/img\/guest.png';\" ><\/div><div class=\"rpi-flx rpi-col6\"><a href=\"https:\/\/www.google.com\/maps\/contrib\/116544985388178280548\/reviews\" class=\"wp-google-name\" target=\"_blank\" rel=\"nofollow noopener\">Mar\u00eda Dolores H.<\/a><div class=\"wp-google-time\" data-time=\"1741987149\">21:19 14 Mar 25<\/div><\/div><\/div><span class=\"rpi-stars\" style=\"--rating:5\"><\/span><div class=\"rpi-flx rpi-col4\"><div class=\"wp-google-feedback grw-scroll\" ><span class=\"wp-google-text\">Precios muy ajustados para la gran calidad. Personal amable y atento. Cumplen con los plazos de tiempo prometidos. Volver\u00eda a comprar aqu\u00ed.<\/span><\/div><\/div><svg height=\"16\" width=\"16\" role=\"none\"><use href=\"#grw-google\"\/><\/svg><\/div><\/div><div class=\"rpi-slide grw-review\"><div class=\"rpi-flx rpi-col12 grw-review-inner grw-backgnd\"><div class=\"rpi-flx rpi-row12-center\"><div class=\"grw-img-wrap\"><img loading=\"lazy\" decoding=\"async\" class=\"grw-img\" src=\"https:\/\/mundisofa.net\/wp-content\/uploads\/ChIJy7kdxfmSlxIRyIHZz70HJbI_6627e90d81ba07b885bbf826b3a7a1fe.jpg\" loading=\"lazy\" alt=\"Profilbild von \u201eZavala J.\u201c\" width=\"50\" height=\"50\" onerror=\"if(this.src!='https:\/\/mundisofa.net\/wp-content\/plugins\/widget-google-reviews\/assets\/img\/guest.png')this.src='https:\/\/mundisofa.net\/wp-content\/plugins\/widget-google-reviews\/assets\/img\/guest.png';\" ><\/div><div class=\"rpi-flx rpi-col6\"><a href=\"https:\/\/www.google.com\/maps\/contrib\/101393134875482236076\/reviews\" class=\"wp-google-name\" target=\"_blank\" rel=\"nofollow noopener\">Zavala J.<\/a><div class=\"wp-google-time\" data-time=\"1741060308\">03:51 04 Mar 25<\/div><\/div><\/div><span class=\"rpi-stars\" style=\"--rating:5\"><\/span><div class=\"rpi-flx rpi-col4\"><div class=\"wp-google-feedback grw-scroll\" ><span class=\"wp-google-text\">Compr\u00e9 un sof\u00e1 con una parte relax y un sill\u00f3n relax, son super c\u00f3modos, bonitos y con un<br \/>dise\u00f1o diferente. Estamos encantados. La atenci\u00f3n fue estupenda.<\/span><\/div><\/div><svg height=\"16\" width=\"16\" role=\"none\"><use href=\"#grw-google\"\/><\/svg><\/div><\/div><div class=\"rpi-slide grw-review\"><div class=\"rpi-flx rpi-col12 grw-review-inner grw-backgnd\"><div class=\"rpi-flx rpi-row12-center\"><div class=\"grw-img-wrap\"><img loading=\"lazy\" decoding=\"async\" class=\"grw-img\" src=\"https:\/\/mundisofa.net\/wp-content\/uploads\/ChIJy7kdxfmSlxIRyIHZz70HJbI_0213d0a23200e87524309dfd9f99f31a.jpg\" loading=\"lazy\" alt=\"Profilbild von \u201eAriana\u201c\" width=\"50\" height=\"50\" onerror=\"if(this.src!='https:\/\/mundisofa.net\/wp-content\/plugins\/widget-google-reviews\/assets\/img\/guest.png')this.src='https:\/\/mundisofa.net\/wp-content\/plugins\/widget-google-reviews\/assets\/img\/guest.png';\" ><\/div><div class=\"rpi-flx rpi-col6\"><a href=\"https:\/\/www.google.com\/maps\/contrib\/113380308318477087211\/reviews\" class=\"wp-google-name\" target=\"_blank\" rel=\"nofollow noopener\">Ariana<\/a><div class=\"wp-google-time\" data-time=\"1740324262\">15:24 23 Feb 25<\/div><\/div><\/div><span class=\"rpi-stars\" style=\"--rating:5\"><\/span><div class=\"rpi-flx rpi-col4\"><div class=\"wp-google-feedback grw-scroll\" ><span class=\"wp-google-text\">\u00cdbamos buscando un modelo en concreto de sof\u00e1, por internet vimos que en Mundisofa, lo<br \/>ten\u00edan y acudimos a la tienda por las buenas rese\u00f1as que tienen en la web. Acabamos<br \/>comprando dos sof\u00e1s, son de una calidad suprema y muy c\u00f3modos, adem\u00e1s de<br \/>est\u00e9ticamente preciosos. La entrega dentro de los plazos<\/span><\/div><\/div><svg height=\"16\" width=\"16\" role=\"none\"><use href=\"#grw-google\"\/><\/svg><\/div><\/div><div class=\"rpi-slide grw-review\"><div class=\"rpi-flx rpi-col12 grw-review-inner grw-backgnd\"><div class=\"rpi-flx rpi-row12-center\"><div class=\"grw-img-wrap\"><img loading=\"lazy\" decoding=\"async\" class=\"grw-img\" src=\"https:\/\/mundisofa.net\/wp-content\/uploads\/ChIJy7kdxfmSlxIRyIHZz70HJbI_c7015a8a7827bedaba5343b0adebe8f2.jpg\" loading=\"lazy\" alt=\"Profilbild von \u201eAlexa Isbette Per\u00e9z Z.\u201c\" width=\"50\" height=\"50\" onerror=\"if(this.src!='https:\/\/mundisofa.net\/wp-content\/plugins\/widget-google-reviews\/assets\/img\/guest.png')this.src='https:\/\/mundisofa.net\/wp-content\/plugins\/widget-google-reviews\/assets\/img\/guest.png';\" ><\/div><div class=\"rpi-flx rpi-col6\"><a href=\"https:\/\/www.google.com\/maps\/contrib\/112121326381912938410\/reviews\" class=\"wp-google-name\" target=\"_blank\" rel=\"nofollow noopener\">Alexa Isbette Per\u00e9z Z.<\/a><div class=\"wp-google-time\" data-time=\"1739497532\">01:45 14 Feb 25<\/div><\/div><\/div><span class=\"rpi-stars\" style=\"--rating:5\"><\/span><div class=\"rpi-flx rpi-col4\"><div class=\"wp-google-feedback grw-scroll\" ><span class=\"wp-google-text\">Miramos sof\u00e1s en bastantes tiendas antes y despu\u00e9s de hacerlo aqu\u00ed, ya no hubo duda de<br \/>d\u00f3nde comprarlo. Lo m\u00e1s importante, un producto de calidad, junto a un profesional muy<br \/>amable y atento, un precio competitivo y un seguimiento post venta poco habitual.<\/span><\/div><\/div><svg height=\"16\" width=\"16\" role=\"none\"><use href=\"#grw-google\"\/><\/svg><\/div><\/div><div class=\"rpi-slide grw-review\"><div class=\"rpi-flx rpi-col12 grw-review-inner grw-backgnd\"><div class=\"rpi-flx rpi-row12-center\"><div class=\"grw-img-wrap\"><img loading=\"lazy\" decoding=\"async\" class=\"grw-img\" src=\"https:\/\/mundisofa.net\/wp-content\/uploads\/ChIJy7kdxfmSlxIRyIHZz70HJbI_2da37f6ed59a29989a797d28b6c913f2.jpg\" loading=\"lazy\" alt=\"Profilbild von \u201ecatalina S.\u201c\" width=\"50\" height=\"50\" onerror=\"if(this.src!='https:\/\/mundisofa.net\/wp-content\/plugins\/widget-google-reviews\/assets\/img\/guest.png')this.src='https:\/\/mundisofa.net\/wp-content\/plugins\/widget-google-reviews\/assets\/img\/guest.png';\" ><\/div><div class=\"rpi-flx rpi-col6\"><a href=\"https:\/\/www.google.com\/maps\/contrib\/107324631483731406799\/reviews\" class=\"wp-google-name\" target=\"_blank\" rel=\"nofollow noopener\">catalina S.<\/a><div class=\"wp-google-time\" data-time=\"1739464033\">16:27 13 Feb 25<\/div><\/div><\/div><span class=\"rpi-stars\" style=\"--rating:5\"><\/span><div class=\"rpi-flx rpi-col4\"><div class=\"wp-google-feedback grw-scroll\" ><span class=\"wp-google-text\">Estoy contenta con el servicio.<br \/>Calidad precio muy bien.<\/span><\/div><\/div><svg height=\"16\" width=\"16\" role=\"none\"><use href=\"#grw-google\"\/><\/svg><\/div><\/div><div class=\"rpi-slide grw-review\"><div class=\"rpi-flx rpi-col12 grw-review-inner grw-backgnd\"><div class=\"rpi-flx rpi-row12-center\"><div class=\"grw-img-wrap\"><img loading=\"lazy\" decoding=\"async\" class=\"grw-img\" src=\"https:\/\/mundisofa.net\/wp-content\/uploads\/ChIJy7kdxfmSlxIRyIHZz70HJbI_97bc5edef8dc9c8da949a742421946c6.jpg\" loading=\"lazy\" alt=\"Profilbild von \u201eabisur C.\u201c\" width=\"50\" height=\"50\" onerror=\"if(this.src!='https:\/\/mundisofa.net\/wp-content\/plugins\/widget-google-reviews\/assets\/img\/guest.png')this.src='https:\/\/mundisofa.net\/wp-content\/plugins\/widget-google-reviews\/assets\/img\/guest.png';\" ><\/div><div class=\"rpi-flx rpi-col6\"><a href=\"https:\/\/www.google.com\/maps\/contrib\/102272219925289434040\/reviews\" class=\"wp-google-name\" target=\"_blank\" rel=\"nofollow noopener\">abisur C.<\/a><div class=\"wp-google-time\" data-time=\"1738987669\">04:07 08 Feb 25<\/div><\/div><\/div><span class=\"rpi-stars\" style=\"--rating:5\"><\/span><div class=\"rpi-flx rpi-col4\"><div class=\"wp-google-feedback grw-scroll\" ><span class=\"wp-google-text\">Acudimos a esta tienda con una idea algo confusa sobre qu\u00e9 tipo de sof\u00e1 nos ir\u00eda bien en nuestro sal\u00f3n y el personal que all\u00ed trabaja nos resolvi\u00f3 las dudas. Gracias a ellos y a su pol\u00edtica de venta ahora tenemos un magn\u00edfico sof\u00e1 que disfrutamos a diario. Altamente recomendable<\/span><\/div><\/div><svg height=\"16\" width=\"16\" role=\"none\"><use href=\"#grw-google\"\/><\/svg><\/div><\/div><div class=\"rpi-slide grw-review\"><div class=\"rpi-flx rpi-col12 grw-review-inner grw-backgnd\"><div class=\"rpi-flx rpi-row12-center\"><div class=\"grw-img-wrap\"><img loading=\"lazy\" decoding=\"async\" class=\"grw-img\" src=\"https:\/\/mundisofa.net\/wp-content\/uploads\/ChIJy7kdxfmSlxIRyIHZz70HJbI_ada8e3712a4ad5e6cc7ffd07d15e0374.jpg\" loading=\"lazy\" alt=\"Profilbild von \u201ejuan gonzalez M.\u201c\" width=\"50\" height=\"50\" onerror=\"if(this.src!='https:\/\/mundisofa.net\/wp-content\/plugins\/widget-google-reviews\/assets\/img\/guest.png')this.src='https:\/\/mundisofa.net\/wp-content\/plugins\/widget-google-reviews\/assets\/img\/guest.png';\" ><\/div><div class=\"rpi-flx rpi-col6\"><a href=\"https:\/\/www.google.com\/maps\/contrib\/106128293476610704438\/reviews\" class=\"wp-google-name\" target=\"_blank\" rel=\"nofollow noopener\">juan gonzalez M.<\/a><div class=\"wp-google-time\" data-time=\"1738341505\">16:38 31 Jan 25<\/div><\/div><\/div><span class=\"rpi-stars\" style=\"--rating:5\"><\/span><div class=\"rpi-flx rpi-col4\"><div class=\"wp-google-feedback grw-scroll\" ><span class=\"wp-google-text\">Gran compra (sill\u00f3n relax motor con elevaci\u00f3n) la realizada en mundisofa, aconsejado siempre por un gran profesional y excelente servicio, calidad, precio. Recomendado 100%<\/span><\/div><\/div><svg height=\"16\" width=\"16\" role=\"none\"><use href=\"#grw-google\"\/><\/svg><\/div><\/div><\/div><button class=\"rpi-ltgt rpi-gt grw-next\" tabindex=\"0\"><\/button><div class=\"rpi-dots-wrap\"><div class=\"rpi-dots\"><\/div><\/div><\/div><\/div><\/div><script>(function(p){if(!p)return;let w=p.offsetWidth,m=function(a,b){return Math.min(a,b)===a};p.querySelector('.grw-row').classList.replace('grw-row-m','grw-row-'+(m(w,510)?'xs':m(w,750)?'x':m(w,1100)?'s':m(w,1450)?'m':m(w,1800)?'l':'xl'))})(document.currentScript?.parentElement)<\/script><\/div><\/div>\n\t\t\t\t\t\t<\/div>\n\t\t\t\t\t<\/div>\n\t\t\t\t<\/div>\n\t\t<div class=\"elementor-element elementor-element-74b5245 e-flex e-con-boxed e-con e-parent\" data-id=\"74b5245\" data-element_type=\"container\" data-e-type=\"container\">\n\t\t\t\t\t<div class=\"e-con-inner\">\n\t\t\t\t<div class=\"elementor-element elementor-element-8ccd258 elementor-widget elementor-widget-heading\" data-id=\"8ccd258\" data-element_type=\"widget\" data-e-type=\"widget\" data-widget_type=\"heading.default\">\n\t\t\t\t\t<h2 class=\"elementor-heading-title elementor-size-default\">M\u00f6chten Sie das Solon-Sofa pers\u00f6nlich sehen?<\/h2>\t\t\t\t<\/div>\n\t\t\t\t<div class=\"elementor-element elementor-element-af7424a elementor-widget elementor-widget-text-editor\" data-id=\"af7424a\" data-element_type=\"widget\" data-e-type=\"widget\" data-widget_type=\"text-editor.default\">\n\t\t\t\t\t\t\t\t\t<p>Wir laden Sie ein, unser Gesch\u00e4ft in Palma zu besuchen, um:<br>Teste den Komfort des Sofas<br>Siehe die k\u00f6nigliche Polsterung<br>Erhalten Sie professionelle Beratung<\/p>\t\t\t\t\t\t\t\t<\/div>\n\t\t<div class=\"elementor-element elementor-element-a4198d0 e-con-full e-flex e-con e-child\" data-id=\"a4198d0\" data-element_type=\"container\" data-e-type=\"container\">\n\t\t\t\t<div class=\"elementor-element elementor-element-4e73568 elementor-align-center elementor-mobile-align-justify elementor-widget-mobile__width-inherit elementor-widget elementor-widget-button\" data-id=\"4e73568\" data-element_type=\"widget\" data-e-type=\"widget\" data-widget_type=\"button.default\">\n\t\t\t\t\t\t\t\t\t\t<a class=\"elementor-button elementor-button-link elementor-size-sm\" href=\"https:\/\/maps.app.goo.gl\/chm5KJnyJPgYZedx6\" target=\"_blank\" rel=\"noopener\">\n\t\t\t\t\t\t<span class=\"elementor-button-content-wrapper\">\n\t\t\t\t\t\t\t\t\t<span class=\"elementor-button-text\">Fragen Sie nach Informationen oder probieren Sie es im Laden aus<\/span>\n\t\t\t\t\t<\/span>\n\t\t\t\t\t<\/a>\n\t\t\t\t\t\t\t\t<\/div>\n\t\t\t\t<div class=\"elementor-element elementor-element-179a8bf elementor-align-center elementor-mobile-align-justify elementor-widget-mobile__width-inherit elementor-widget elementor-widget-button\" data-id=\"179a8bf\" data-element_type=\"widget\" data-e-type=\"widget\" data-widget_type=\"button.default\">\n\t\t\t\t\t\t\t\t\t\t<a class=\"elementor-button elementor-button-link elementor-size-sm\" href=\"tel:871713264\">\n\t\t\t\t\t\t<span class=\"elementor-button-content-wrapper\">\n\t\t\t\t\t\t<span class=\"elementor-button-icon\">\n\t\t\t\t<svg aria-hidden=\"true\" class=\"e-font-icon-svg e-fas-phone-alt\" viewBox=\"0 0 512 512\" xmlns=\"http:\/\/www.w3.org\/2000\/svg\"><path d=\"M497.39 361.8l-112-48a24 24 0 0 0-28 6.9l-49.6 60.6A370.66 370.66 0 0 1 130.6 204.11l60.6-49.6a23.94 23.94 0 0 0 6.9-28l-48-112A24.16 24.16 0 0 0 122.6.61l-104 24A24 24 0 0 0 0 48c0 256.5 207.9 464 464 464a24 24 0 0 0 23.4-18.6l24-104a24.29 24.29 0 0 0-14.01-27.6z\"><\/path><\/svg>\t\t\t<\/span>\n\t\t\t\t\t\t\t\t\t<span class=\"elementor-button-text\">Ruf jetzt an<\/span>\n\t\t\t\t\t<\/span>\n\t\t\t\t\t<\/a>\n\t\t\t\t\t\t\t\t<\/div>\n\t\t\t\t<\/div>\n\t\t\t\t\t<\/div>\n\t\t\t\t<\/div>\n\t\t\t\t<\/div>\n\t\t","protected":false},"excerpt":{"rendered":"<p>Sol\u00f3n Sofa Das Sol\u00f3n-Sofa ist ein hochwertiges Modell, das f\u00fcr diejenigen konzipiert wurde, die mehr als nur ein sch\u00f6nes Sofa suchen: Sie suchen echten Komfort, Haltbarkeit und die gewisse Gewissheit, dass Ihr Sofa perfekt ins Wohnzimmer passt, egal welche Gr\u00f6\u00dfe oder Anordnung es hat.Bei Mundisofa sind wir seit \u00fcber 50 Jahren in denselben R\u00e4umlichkeiten in [&hellip;]<\/p>\n","protected":false},"author":1,"featured_media":0,"parent":1857,"menu_order":0,"comment_status":"closed","ping_status":"closed","template":"","meta":{"iawp_total_views":2,"_joinchat":[],"footnotes":""},"class_list":["post-1861","page","type-page","status-publish","hentry"],"_links":{"self":[{"href":"https:\/\/mundisofa.net\/de\/wp-json\/wp\/v2\/pages\/1861","targetHints":{"allow":["GET"]}}],"collection":[{"href":"https:\/\/mundisofa.net\/de\/wp-json\/wp\/v2\/pages"}],"about":[{"href":"https:\/\/mundisofa.net\/de\/wp-json\/wp\/v2\/types\/page"}],"author":[{"embeddable":true,"href":"https:\/\/mundisofa.net\/de\/wp-json\/wp\/v2\/users\/1"}],"replies":[{"embeddable":true,"href":"https:\/\/mundisofa.net\/de\/wp-json\/wp\/v2\/comments?post=1861"}],"version-history":[{"count":1,"href":"https:\/\/mundisofa.net\/de\/wp-json\/wp\/v2\/pages\/1861\/revisions"}],"predecessor-version":[{"id":1880,"href":"https:\/\/mundisofa.net\/de\/wp-json\/wp\/v2\/pages\/1861\/revisions\/1880"}],"up":[{"embeddable":true,"href":"https:\/\/mundisofa.net\/de\/wp-json\/wp\/v2\/pages\/1857"}],"wp:attachment":[{"href":"https:\/\/mundisofa.net\/de\/wp-json\/wp\/v2\/media?parent=1861"}],"curies":[{"name":"wp","href":"https:\/\/api.w.org\/{rel}","templated":true}]}}