{"id":2088,"date":"2025-10-17T17:45:24","date_gmt":"2025-10-17T15:45:24","guid":{"rendered":"https:\/\/mundisofa.net\/productes\/sofas-llit\/"},"modified":"2026-01-13T18:37:41","modified_gmt":"2026-01-13T17:37:41","slug":"sofas-llit","status":"publish","type":"page","link":"https:\/\/mundisofa.net\/ca\/productes\/sofas-llit\/","title":{"rendered":"Sof\u00e0s llit"},"content":{"rendered":"\t\t<div data-elementor-type=\"wp-page\" data-elementor-id=\"2088\" class=\"elementor elementor-2088 elementor-31\" data-elementor-post-type=\"page\">\n\t\t\t\t<div class=\"elementor-element elementor-element-defb7ee e-con-full e-flex e-con e-parent\" data-id=\"defb7ee\" data-element_type=\"container\" data-e-type=\"container\" data-settings=\"{&quot;background_background&quot;:&quot;classic&quot;}\">\n\t\t\t\t<div class=\"elementor-element elementor-element-f7d77e0 elementor-widget-mobile__width-inherit elementor-widget elementor-widget-heading\" data-id=\"f7d77e0\" data-element_type=\"widget\" data-e-type=\"widget\" data-widget_type=\"heading.default\">\n\t\t\t\t\t<h1 class=\"elementor-heading-title elementor-size-default\">Sof\u00e0s llit Mallorca<\/h1>\t\t\t\t<\/div>\n\t\t\t\t<\/div>\n\t\t<div class=\"elementor-element elementor-element-63e0f37 e-flex e-con-boxed e-con e-parent\" data-id=\"63e0f37\" data-element_type=\"container\" data-e-type=\"container\">\n\t\t\t\t\t<div class=\"e-con-inner\">\n\t\t\t\t<div class=\"elementor-element elementor-element-d0ad753 elementor-widget elementor-widget-text-editor\" data-id=\"d0ad753\" data-element_type=\"widget\" data-e-type=\"widget\" data-widget_type=\"text-editor.default\">\n\t\t\t\t\t\t\t\t\tCada cent\u00edmetre d&#8217;espai a la teva llar \u00e9s valu\u00f3s. Per aix\u00f2, oferim una \u00e0mplia selecci\u00f3 de sof\u00e0s llit a Mallorca que no nom\u00e9s optimitzen l&#8217;espai, sin\u00f3 que tamb\u00e9 garanteixen un descans de qualitat. Els nostres sof\u00e0s llit estan dissenyats per combinar estil, funcionalitat i durabilitat, fent que qualsevol habitaci\u00f3 es converteixi en un lloc c\u00f2mode i acollidor.d.  \t\t\t\t\t\t\t\t<\/div>\n\t\t\t\t<div class=\"elementor-element elementor-element-17d6474 elementor-widget elementor-widget-heading\" data-id=\"17d6474\" data-element_type=\"widget\" data-e-type=\"widget\" data-widget_type=\"heading.default\">\n\t\t\t\t\t<h2 class=\"elementor-heading-title elementor-size-default\">La Import\u00e0ncia d'un sof\u00e0 llit a la llar<\/h2>\t\t\t\t<\/div>\n\t\t\t\t<div class=\"elementor-element elementor-element-36ac9be elementor-widget elementor-widget-text-editor\" data-id=\"36ac9be\" data-element_type=\"widget\" data-e-type=\"widget\" data-widget_type=\"text-editor.default\">\n\t\t\t\t\t\t\t\t\tCada cent\u00edmetre d&#8217;espai a la teva llar \u00e9s valu\u00f3s. Per aix\u00f2, oferim una \u00e0mplia selecci\u00f3 de sof\u00e0s llit a Mallorca que no nom\u00e9s optimitzen l&#8217;espai, sin\u00f3 que tamb\u00e9 garanteixen un descans de qualitat. Els nostres sof\u00e0s llit estan dissenyats per combinar estil, funcionalitat i durabilitat, fent que qualsevol habitaci\u00f3 es converteixi en un lloc c\u00f2mode i acollidor.d.  \t\t\t\t\t\t\t\t<\/div>\n\t\t\t\t\t<\/div>\n\t\t\t\t<\/div>\n\t\t<div class=\"elementor-element elementor-element-2e82d33 e-flex e-con-boxed e-con e-parent\" data-id=\"2e82d33\" data-element_type=\"container\" data-e-type=\"container\">\n\t\t\t\t\t<div class=\"e-con-inner\">\n\t\t<div class=\"elementor-element elementor-element-73a9adb e-con-full e-flex e-con e-child\" data-id=\"73a9adb\" data-element_type=\"container\" data-e-type=\"container\" data-settings=\"{&quot;background_background&quot;:&quot;classic&quot;}\">\n\t\t\t\t<\/div>\n\t\t<div class=\"elementor-element elementor-element-dbde1f0 e-con-full e-flex e-con e-child\" data-id=\"dbde1f0\" data-element_type=\"container\" data-e-type=\"container\">\n\t\t\t\t<div class=\"elementor-element elementor-element-94a8a67 elementor-widget elementor-widget-heading\" data-id=\"94a8a67\" data-element_type=\"widget\" data-e-type=\"widget\" data-widget_type=\"heading.default\">\n\t\t\t\t\t<h3 class=\"elementor-heading-title elementor-size-default\">Estalvia espai sense sacrificar estil<\/h3>\t\t\t\t<\/div>\n\t\t\t\t<div class=\"elementor-element elementor-element-fa45ff6 elementor-widget elementor-widget-text-editor\" data-id=\"fa45ff6\" data-element_type=\"widget\" data-e-type=\"widget\" data-widget_type=\"text-editor.default\">\n\t\t\t\t\t\t\t\t\tUn dels majors beneficis d&#8217;un sof\u00e0 llit \u00e9s la seva capacitat per estalviar espai sense comprometre l&#8217;estil de la teva llar. A Mundisof\u00e0, oferim sof\u00e0s llit en una varietat de dissenys, des dels m\u00e9s moderns fins als m\u00e9s cl\u00e0ssics, que s&#8217;integren perfectament en qualsevol decoraci\u00f3. Ja sigui que ho necessitis per a una sala d&#8217;estar o una habitaci\u00f3 de convidats, els nostres sof\u00e0s llit s\u00f3n l&#8217;elecci\u00f3 ideal per maximitzar l&#8217;\u00fas de l&#8217;espai disponible&#8230;  \t\t\t\t\t\t\t\t<\/div>\n\t\t\t\t<div class=\"elementor-element elementor-element-6c94e60 elementor-widget-divider--view-line elementor-widget elementor-widget-divider\" data-id=\"6c94e60\" data-element_type=\"widget\" data-e-type=\"widget\" data-widget_type=\"divider.default\">\n\t\t\t\t\t\t\t<div class=\"elementor-divider\">\n\t\t\t<span class=\"elementor-divider-separator\">\n\t\t\t\t\t\t<\/span>\n\t\t<\/div>\n\t\t\t\t\t\t<\/div>\n\t\t\t\t<\/div>\n\t\t\t\t\t<\/div>\n\t\t\t\t<\/div>\n\t\t<div class=\"elementor-element elementor-element-3c1765c e-flex e-con-boxed e-con e-parent\" data-id=\"3c1765c\" data-element_type=\"container\" data-e-type=\"container\">\n\t\t\t\t\t<div class=\"e-con-inner\">\n\t\t<div class=\"elementor-element elementor-element-fb43a2e e-con-full e-flex e-con e-child\" data-id=\"fb43a2e\" data-element_type=\"container\" data-e-type=\"container\">\n\t\t\t\t<div class=\"elementor-element elementor-element-9163d2a elementor-widget elementor-widget-heading\" data-id=\"9163d2a\" data-element_type=\"widget\" data-e-type=\"widget\" data-widget_type=\"heading.default\">\n\t\t\t\t\t<h3 class=\"elementor-heading-title elementor-size-default\">El teu espai, m\u00e9s c\u00f2mode i funcional que mai<\/h3>\t\t\t\t<\/div>\n\t\t\t\t<div class=\"elementor-element elementor-element-94e1b5f elementor-widget elementor-widget-text-editor\" data-id=\"94e1b5f\" data-element_type=\"widget\" data-e-type=\"widget\" data-widget_type=\"text-editor.default\">\n\t\t\t\t\t\t\t\t\tLa qualitat d&#8217;un sof\u00e0 llit \u00e9s crucial, no nom\u00e9s per a la seva durabilitat, sin\u00f3 tamb\u00e9 per garantir un descans reparador i permetre una obertura i tancament sense esfor\u00e7os. Tots els nostres sof\u00e0s llit estan fabricats amb materials de primera qualitat, assegurant que suportin l&#8217;\u00fas diari sense perdre el seu confort ni la seva funcionalitat. A m\u00e9s, els nostres models estan dissenyats per garantir un descans \u00f2ptim, fins i tot en un espai redu\u00eft.\t\t\t\t\t\t\t\t<\/div>\n\t\t\t\t<div class=\"elementor-element elementor-element-76e3f8e elementor-widget-divider--view-line elementor-widget elementor-widget-divider\" data-id=\"76e3f8e\" data-element_type=\"widget\" data-e-type=\"widget\" data-widget_type=\"divider.default\">\n\t\t\t\t\t\t\t<div class=\"elementor-divider\">\n\t\t\t<span class=\"elementor-divider-separator\">\n\t\t\t\t\t\t<\/span>\n\t\t<\/div>\n\t\t\t\t\t\t<\/div>\n\t\t\t\t<\/div>\n\t\t<div class=\"elementor-element elementor-element-7bd7ef3 e-con-full e-flex e-con e-child\" data-id=\"7bd7ef3\" data-element_type=\"container\" data-e-type=\"container\" data-settings=\"{&quot;background_background&quot;:&quot;classic&quot;}\">\n\t\t\t\t<\/div>\n\t\t\t\t\t<\/div>\n\t\t\t\t<\/div>\n\t\t<div class=\"elementor-element elementor-element-f00aa50 e-flex e-con-boxed e-con e-parent\" data-id=\"f00aa50\" data-element_type=\"container\" data-e-type=\"container\">\n\t\t\t\t\t<div class=\"e-con-inner\">\n\t\t\t\t<div class=\"elementor-element elementor-element-20d3e3c elementor-widget elementor-widget-heading\" data-id=\"20d3e3c\" data-element_type=\"widget\" data-e-type=\"widget\" data-widget_type=\"heading.default\">\n\t\t\t\t\t<h2 class=\"elementor-heading-title elementor-size-default\">Ac\u00e9rcate, todo est\u00e1 pensado para ti<\/h2>\t\t\t\t<\/div>\n\t\t\t\t<div class=\"elementor-element elementor-element-fafdae8 elementor-widget elementor-widget-text-editor\" data-id=\"fafdae8\" data-element_type=\"widget\" data-e-type=\"widget\" data-widget_type=\"text-editor.default\">\n\t\t\t\t\t\t\t\t\t<p>Som al centre de Palma.<\/p>\n<p>Aparca al <strong>p\u00e0rquing de S&#8217;Escorxador<\/strong> i nosaltres et segellem el tiquet.<\/p>\n<p>T&#8217;esperem sense necessitat de cita pr\u00e8via.<\/p>\t\t\t\t\t\t\t\t<\/div>\n\t\t<div class=\"elementor-element elementor-element-d1ad5ca e-con-full e-flex e-con e-child\" data-id=\"d1ad5ca\" data-element_type=\"container\" data-e-type=\"container\">\n\t\t\t\t<div class=\"elementor-element elementor-element-799bd2a elementor-align-center elementor-mobile-align-justify elementor-widget-mobile__width-inherit elementor-widget elementor-widget-button\" data-id=\"799bd2a\" data-element_type=\"widget\" data-e-type=\"widget\" data-widget_type=\"button.default\">\n\t\t\t\t\t\t\t\t\t\t<a class=\"elementor-button elementor-button-link elementor-size-sm\" href=\"https:\/\/maps.app.goo.gl\/chm5KJnyJPgYZedx6\" target=\"_blank\" rel=\"noopener\">\n\t\t\t\t\t\t<span class=\"elementor-button-content-wrapper\">\n\t\t\t\t\t\t\t\t\t<span class=\"elementor-button-text\">Com arribar<\/span>\n\t\t\t\t\t<\/span>\n\t\t\t\t\t<\/a>\n\t\t\t\t\t\t\t\t<\/div>\n\t\t\t\t<div class=\"elementor-element elementor-element-c1dd20d elementor-align-center elementor-mobile-align-justify elementor-widget-mobile__width-inherit elementor-widget elementor-widget-button\" data-id=\"c1dd20d\" data-element_type=\"widget\" data-e-type=\"widget\" data-widget_type=\"button.default\">\n\t\t\t\t\t\t\t\t\t\t<a class=\"elementor-button elementor-button-link elementor-size-sm\" href=\"tel:871713264\">\n\t\t\t\t\t\t<span class=\"elementor-button-content-wrapper\">\n\t\t\t\t\t\t<span class=\"elementor-button-icon\">\n\t\t\t\t<svg aria-hidden=\"true\" class=\"e-font-icon-svg e-fas-phone-alt\" viewBox=\"0 0 512 512\" xmlns=\"http:\/\/www.w3.org\/2000\/svg\"><path d=\"M497.39 361.8l-112-48a24 24 0 0 0-28 6.9l-49.6 60.6A370.66 370.66 0 0 1 130.6 204.11l60.6-49.6a23.94 23.94 0 0 0 6.9-28l-48-112A24.16 24.16 0 0 0 122.6.61l-104 24A24 24 0 0 0 0 48c0 256.5 207.9 464 464 464a24 24 0 0 0 23.4-18.6l24-104a24.29 24.29 0 0 0-14.01-27.6z\"><\/path><\/svg>\t\t\t<\/span>\n\t\t\t\t\t\t\t\t\t<span class=\"elementor-button-text\">Trucar ara<\/span>\n\t\t\t\t\t<\/span>\n\t\t\t\t\t<\/a>\n\t\t\t\t\t\t\t\t<\/div>\n\t\t\t\t<\/div>\n\t\t\t\t\t<\/div>\n\t\t\t\t<\/div>\n\t\t\t\t<\/div>\n\t\t","protected":false},"excerpt":{"rendered":"<p>Sof\u00e0s llit Mallorca Cada cent\u00edmetre d&#8217;espai a la teva llar \u00e9s valu\u00f3s. Per aix\u00f2, oferim una \u00e0mplia selecci\u00f3 de sof\u00e0s llit a Mallorca que no nom\u00e9s optimitzen l&#8217;espai, sin\u00f3 que tamb\u00e9 garanteixen un descans de qualitat. Els nostres sof\u00e0s llit estan dissenyats per combinar estil, funcionalitat i durabilitat, fent que qualsevol habitaci\u00f3 es converteixi en [&hellip;]<\/p>\n","protected":false},"author":1,"featured_media":0,"parent":1818,"menu_order":0,"comment_status":"closed","ping_status":"closed","template":"","meta":{"iawp_total_views":6,"_joinchat":[],"footnotes":""},"class_list":["post-2088","page","type-page","status-publish","hentry"],"_links":{"self":[{"href":"https:\/\/mundisofa.net\/ca\/wp-json\/wp\/v2\/pages\/2088","targetHints":{"allow":["GET"]}}],"collection":[{"href":"https:\/\/mundisofa.net\/ca\/wp-json\/wp\/v2\/pages"}],"about":[{"href":"https:\/\/mundisofa.net\/ca\/wp-json\/wp\/v2\/types\/page"}],"author":[{"embeddable":true,"href":"https:\/\/mundisofa.net\/ca\/wp-json\/wp\/v2\/users\/1"}],"replies":[{"embeddable":true,"href":"https:\/\/mundisofa.net\/ca\/wp-json\/wp\/v2\/comments?post=2088"}],"version-history":[{"count":1,"href":"https:\/\/mundisofa.net\/ca\/wp-json\/wp\/v2\/pages\/2088\/revisions"}],"predecessor-version":[{"id":2096,"href":"https:\/\/mundisofa.net\/ca\/wp-json\/wp\/v2\/pages\/2088\/revisions\/2096"}],"up":[{"embeddable":true,"href":"https:\/\/mundisofa.net\/ca\/wp-json\/wp\/v2\/pages\/1818"}],"wp:attachment":[{"href":"https:\/\/mundisofa.net\/ca\/wp-json\/wp\/v2\/media?parent=2088"}],"curies":[{"name":"wp","href":"https:\/\/api.w.org\/{rel}","templated":true}]}}