{"id":2051,"date":"2025-10-17T17:45:45","date_gmt":"2025-10-17T15:45:45","guid":{"rendered":"https:\/\/mundisofa.net\/productes\/descans\/"},"modified":"2026-01-13T18:37:23","modified_gmt":"2026-01-13T17:37:23","slug":"descans","status":"publish","type":"page","link":"https:\/\/mundisofa.net\/ca\/productes\/descans\/","title":{"rendered":"Descans"},"content":{"rendered":"\t\t<div data-elementor-type=\"wp-page\" data-elementor-id=\"2051\" class=\"elementor elementor-2051 elementor-39\" data-elementor-post-type=\"page\">\n\t\t\t\t<div class=\"elementor-element elementor-element-4be04d2 e-con-full e-flex e-con e-parent\" data-id=\"4be04d2\" data-element_type=\"container\" data-e-type=\"container\" data-settings=\"{&quot;background_background&quot;:&quot;classic&quot;}\">\n\t\t\t\t<div class=\"elementor-element elementor-element-2328aef elementor-widget-mobile__width-inherit elementor-widget elementor-widget-heading\" data-id=\"2328aef\" data-element_type=\"widget\" data-e-type=\"widget\" data-widget_type=\"heading.default\">\n\t\t\t\t\t<h1 class=\"elementor-heading-title elementor-size-default\">Botiga de matalassos a Palma de Mallorca<\/h1>\t\t\t\t<\/div>\n\t\t\t\t<\/div>\n\t\t<div class=\"elementor-element elementor-element-50f4b08 e-flex e-con-boxed e-con e-parent\" data-id=\"50f4b08\" data-element_type=\"container\" data-e-type=\"container\">\n\t\t\t\t\t<div class=\"e-con-inner\">\n\t\t\t\t<div class=\"elementor-element elementor-element-c9c9b62 elementor-widget elementor-widget-text-editor\" data-id=\"c9c9b62\" data-element_type=\"widget\" data-e-type=\"widget\" data-widget_type=\"text-editor.default\">\n\t\t\t\t\t\t\t\t\tUn bon descans \u00e9s essencial per al teu benestar i per aix\u00f2 t&#8217;oferim la nostra selecci\u00f3 de matalassos a Mallorca. Juntament amb altres elements essencials per al descans com canap\u00e8s, somiers i coixins. El nostre objectiu \u00e9s proporcionar-te tot el necessari perqu\u00e8 gaudeixis d&#8217;un somni reparador i de qualitat.  \t\t\t\t\t\t\t\t<\/div>\n\t\t\t\t\t<\/div>\n\t\t\t\t<\/div>\n\t\t<div class=\"elementor-element elementor-element-2ba01f8 e-flex e-con-boxed e-con e-parent\" data-id=\"2ba01f8\" data-element_type=\"container\" data-e-type=\"container\">\n\t\t\t\t\t<div class=\"e-con-inner\">\n\t\t<div class=\"elementor-element elementor-element-d3b3e28 e-con-full e-flex e-con e-child\" data-id=\"d3b3e28\" data-element_type=\"container\" data-e-type=\"container\" data-settings=\"{&quot;background_background&quot;:&quot;classic&quot;}\">\n\t\t\t\t<\/div>\n\t\t<div class=\"elementor-element elementor-element-c5716a7 e-con-full e-flex e-con e-child\" data-id=\"c5716a7\" data-element_type=\"container\" data-e-type=\"container\" data-settings=\"{&quot;background_background&quot;:&quot;classic&quot;}\">\n\t\t\t\t<\/div>\n\t\t<div class=\"elementor-element elementor-element-dd33c79 e-con-full e-flex e-con e-child\" data-id=\"dd33c79\" data-element_type=\"container\" data-e-type=\"container\">\n\t\t\t\t<div class=\"elementor-element elementor-element-054ca67 elementor-widget elementor-widget-heading\" data-id=\"054ca67\" data-element_type=\"widget\" data-e-type=\"widget\" data-widget_type=\"heading.default\">\n\t\t\t\t\t<h2 class=\"elementor-heading-title elementor-size-default\">Matalassos<\/h2>\t\t\t\t<\/div>\n\t\t\t\t<div class=\"elementor-element elementor-element-b229109 elementor-widget elementor-widget-text-editor\" data-id=\"b229109\" data-element_type=\"widget\" data-e-type=\"widget\" data-widget_type=\"text-editor.default\">\n\t\t\t\t\t\t\t\t\t<p>El teu descans comen\u00e7a per dins.<br>T&#8217;ajudem a trobar el matal\u00e0s ideal segons com dorms, la teva postura i el que el teu cos necessita.<br>Disposem de models viscoel\u00e0stics, molls ensacats, escumaci\u00f3 t\u00e8cnica i m\u00e9s.<br>Confort, ventilaci\u00f3 i durabilitat en un sol producte. Descobreix opcions per a totes les edats, pesos i estils de vida. Perqu\u00e8 dormir b\u00e9 no \u00e9s un luxe: \u00e9s salut. I un bon matal\u00e0s, una inversi\u00f3 di\u00e0ria.<\/p>\t\t\t\t\t\t\t\t<\/div>\n\t\t\t\t<\/div>\n\t\t\t\t\t<\/div>\n\t\t\t\t<\/div>\n\t\t<div class=\"elementor-element elementor-element-45c6f45 e-flex e-con-boxed e-con e-parent\" data-id=\"45c6f45\" data-element_type=\"container\" data-e-type=\"container\">\n\t\t\t\t\t<div class=\"e-con-inner\">\n\t\t<div class=\"elementor-element elementor-element-79d22b3 e-con-full e-flex e-con e-child\" data-id=\"79d22b3\" data-element_type=\"container\" data-e-type=\"container\">\n\t\t\t\t<div class=\"elementor-element elementor-element-3ccff30 elementor-widget elementor-widget-heading\" data-id=\"3ccff30\" data-element_type=\"widget\" data-e-type=\"widget\" data-widget_type=\"heading.default\">\n\t\t\t\t\t<h2 class=\"elementor-heading-title elementor-size-default\">Bases i somiers<\/h2>\t\t\t\t<\/div>\n\t\t\t\t<div class=\"elementor-element elementor-element-f400536 elementor-widget elementor-widget-text-editor\" data-id=\"f400536\" data-element_type=\"widget\" data-e-type=\"widget\" data-widget_type=\"text-editor.default\">\n\t\t\t\t\t\t\t\t\t<p>El suport correcte ho canvia tot.<br>Les nostres bases i somiers estan dissenyats per allargar la vida \u00fatil del teu matal\u00e0s i millorar el teu descans.<br>Tria entre bases entapissades, somiers de l\u00e0mines, fixes o articulades.<br>Estabilitat, ventilaci\u00f3 i disseny per adaptar-se a qualsevol tipus de llit.<br>F\u00e0cils de muntar, resistents i compatibles amb tota mena de matalassos.<br>La base perfecta perqu\u00e8 cada nit sigui millor que l&#8217;anterior.<\/p>\t\t\t\t\t\t\t\t<\/div>\n\t\t\t\t<\/div>\n\t\t<div class=\"elementor-element elementor-element-c144174 e-con-full e-flex e-con e-child\" data-id=\"c144174\" data-element_type=\"container\" data-e-type=\"container\" data-settings=\"{&quot;background_background&quot;:&quot;classic&quot;}\">\n\t\t\t\t<\/div>\n\t\t<div class=\"elementor-element elementor-element-2043e66 e-con-full e-flex e-con e-child\" data-id=\"2043e66\" data-element_type=\"container\" data-e-type=\"container\" data-settings=\"{&quot;background_background&quot;:&quot;classic&quot;}\">\n\t\t\t\t<\/div>\n\t\t\t\t\t<\/div>\n\t\t\t\t<\/div>\n\t\t<div class=\"elementor-element elementor-element-2878416 e-flex e-con-boxed e-con e-parent\" data-id=\"2878416\" data-element_type=\"container\" data-e-type=\"container\">\n\t\t\t\t\t<div class=\"e-con-inner\">\n\t\t<div class=\"elementor-element elementor-element-d8540c1 e-con-full e-flex e-con e-child\" data-id=\"d8540c1\" data-element_type=\"container\" data-e-type=\"container\" data-settings=\"{&quot;background_background&quot;:&quot;classic&quot;}\">\n\t\t\t\t<\/div>\n\t\t<div class=\"elementor-element elementor-element-4d15357 e-con-full e-flex e-con e-child\" data-id=\"4d15357\" data-element_type=\"container\" data-e-type=\"container\" data-settings=\"{&quot;background_background&quot;:&quot;classic&quot;}\">\n\t\t\t\t<\/div>\n\t\t<div class=\"elementor-element elementor-element-04d0ff2 e-con-full e-flex e-con e-child\" data-id=\"04d0ff2\" data-element_type=\"container\" data-e-type=\"container\">\n\t\t\t\t<div class=\"elementor-element elementor-element-dff5932 elementor-widget elementor-widget-heading\" data-id=\"dff5932\" data-element_type=\"widget\" data-e-type=\"widget\" data-widget_type=\"heading.default\">\n\t\t\t\t\t<h2 class=\"elementor-heading-title elementor-size-default\">Coixins<\/h2>\t\t\t\t<\/div>\n\t\t\t\t<div class=\"elementor-element elementor-element-cf20682 elementor-widget elementor-widget-text-editor\" data-id=\"cf20682\" data-element_type=\"widget\" data-e-type=\"widget\" data-widget_type=\"text-editor.default\">\n\t\t\t\t\t\t\t\t\t<p>El coix\u00ed adequat marca la difer\u00e8ncia entre dormir&#8230; i descansar.<br>Al\u00e7ada, fermesa, transpirabilitat: elegim la que millor s&#8217;adapta a la teva forma de dormir. Oferim coixins viscoel\u00e0stiques, de fibra, cervicals, amb gel i m\u00e9s.<br>Per als qui dormen de costat, boca amunt o canvien de postura. Comoditat real des del primer minut.<\/p>\t\t\t\t\t\t\t\t<\/div>\n\t\t\t\t<\/div>\n\t\t\t\t\t<\/div>\n\t\t\t\t<\/div>\n\t\t<div class=\"elementor-element elementor-element-7fd0005 e-flex e-con-boxed e-con e-parent\" data-id=\"7fd0005\" data-element_type=\"container\" data-e-type=\"container\">\n\t\t\t\t\t<div class=\"e-con-inner\">\n\t\t<div class=\"elementor-element elementor-element-836daec e-con-full e-flex e-con e-child\" data-id=\"836daec\" data-element_type=\"container\" data-e-type=\"container\">\n\t\t\t\t<div class=\"elementor-element elementor-element-e3dc423 elementor-widget elementor-widget-heading\" data-id=\"e3dc423\" data-element_type=\"widget\" data-e-type=\"widget\" data-widget_type=\"heading.default\">\n\t\t\t\t\t<h2 class=\"elementor-heading-title elementor-size-default\">Llits articulats<\/h2>\t\t\t\t<\/div>\n\t\t\t\t<div class=\"elementor-element elementor-element-affe039 elementor-widget elementor-widget-text-editor\" data-id=\"affe039\" data-element_type=\"widget\" data-e-type=\"widget\" data-widget_type=\"text-editor.default\">\n\t\t\t\t\t\t\t\t\tEl suport correcte ho canvia tot.\nLes nostres bases i somiers estan dissenyats per allargar la vida \u00fatil del teu matal\u00e0s i millorar el teu descans.\nTria entre bases entapissades, somiers de l\u00e0mines, fixes o articulades.\nEstabilitat, ventilaci\u00f3 i disseny per adaptar-se a qualsevol tipus de llit.\nF\u00e0cils de muntar, resistents i compatibles amb tota mena de matalassos.\nLa base perfecta perqu\u00e8 cada nit sigui millor que l&#8217;anterior.\t\t\t\t\t\t\t\t<\/div>\n\t\t\t\t<\/div>\n\t\t<div class=\"elementor-element elementor-element-07db8c9 e-con-full e-flex e-con e-child\" data-id=\"07db8c9\" data-element_type=\"container\" data-e-type=\"container\" data-settings=\"{&quot;background_background&quot;:&quot;classic&quot;}\">\n\t\t\t\t<\/div>\n\t\t<div class=\"elementor-element elementor-element-a547181 e-con-full e-flex e-con e-child\" data-id=\"a547181\" data-element_type=\"container\" data-e-type=\"container\" data-settings=\"{&quot;background_background&quot;:&quot;classic&quot;}\">\n\t\t\t\t<\/div>\n\t\t\t\t\t<\/div>\n\t\t\t\t<\/div>\n\t\t<div class=\"elementor-element elementor-element-1822e48 e-flex e-con-boxed e-con e-parent\" data-id=\"1822e48\" data-element_type=\"container\" data-e-type=\"container\">\n\t\t\t\t\t<div class=\"e-con-inner\">\n\t\t\t\t<div class=\"elementor-element elementor-element-c8b182b elementor-widget elementor-widget-heading\" data-id=\"c8b182b\" data-element_type=\"widget\" data-e-type=\"widget\" data-widget_type=\"heading.default\">\n\t\t\t\t\t<h2 class=\"elementor-heading-title elementor-size-default\">Tenim p\u00e0rquing gratu\u00eft<\/h2>\t\t\t\t<\/div>\n\t\t\t\t<div class=\"elementor-element elementor-element-eeecbe7 elementor-widget elementor-widget-text-editor\" data-id=\"eeecbe7\" data-element_type=\"widget\" data-e-type=\"widget\" data-widget_type=\"text-editor.default\">\n\t\t\t\t\t\t\t\t\t<p>Som al centre de Palma.<\/p>\n<p>Aparca al <strong>p\u00e0rquing de S&#8217;Escorxador<\/strong> i nosaltres et segellem el tiquet.<\/p>\n<p>T&#8217;esperem sense necessitat de cita pr\u00e8via.<\/p>\t\t\t\t\t\t\t\t<\/div>\n\t\t<div class=\"elementor-element elementor-element-14a0b06 e-con-full e-flex e-con e-child\" data-id=\"14a0b06\" data-element_type=\"container\" data-e-type=\"container\">\n\t\t\t\t<div class=\"elementor-element elementor-element-e7c7043 elementor-align-center elementor-mobile-align-justify elementor-widget-mobile__width-inherit elementor-widget elementor-widget-button\" data-id=\"e7c7043\" data-element_type=\"widget\" data-e-type=\"widget\" data-widget_type=\"button.default\">\n\t\t\t\t\t\t\t\t\t\t<a class=\"elementor-button elementor-button-link elementor-size-sm\" href=\"https:\/\/maps.app.goo.gl\/chm5KJnyJPgYZedx6\" target=\"_blank\" rel=\"noopener\">\n\t\t\t\t\t\t<span class=\"elementor-button-content-wrapper\">\n\t\t\t\t\t\t\t\t\t<span class=\"elementor-button-text\">Com arribar<\/span>\n\t\t\t\t\t<\/span>\n\t\t\t\t\t<\/a>\n\t\t\t\t\t\t\t\t<\/div>\n\t\t\t\t<div class=\"elementor-element elementor-element-987970d elementor-align-center elementor-mobile-align-justify elementor-widget-mobile__width-inherit elementor-widget elementor-widget-button\" data-id=\"987970d\" data-element_type=\"widget\" data-e-type=\"widget\" data-widget_type=\"button.default\">\n\t\t\t\t\t\t\t\t\t\t<a class=\"elementor-button elementor-button-link elementor-size-sm\" href=\"tel:871713264\">\n\t\t\t\t\t\t<span class=\"elementor-button-content-wrapper\">\n\t\t\t\t\t\t<span class=\"elementor-button-icon\">\n\t\t\t\t<svg aria-hidden=\"true\" class=\"e-font-icon-svg e-fas-phone-alt\" viewBox=\"0 0 512 512\" xmlns=\"http:\/\/www.w3.org\/2000\/svg\"><path d=\"M497.39 361.8l-112-48a24 24 0 0 0-28 6.9l-49.6 60.6A370.66 370.66 0 0 1 130.6 204.11l60.6-49.6a23.94 23.94 0 0 0 6.9-28l-48-112A24.16 24.16 0 0 0 122.6.61l-104 24A24 24 0 0 0 0 48c0 256.5 207.9 464 464 464a24 24 0 0 0 23.4-18.6l24-104a24.29 24.29 0 0 0-14.01-27.6z\"><\/path><\/svg>\t\t\t<\/span>\n\t\t\t\t\t\t\t\t\t<span class=\"elementor-button-text\">Trucar ara<\/span>\n\t\t\t\t\t<\/span>\n\t\t\t\t\t<\/a>\n\t\t\t\t\t\t\t\t<\/div>\n\t\t\t\t<\/div>\n\t\t\t\t\t<\/div>\n\t\t\t\t<\/div>\n\t\t\t\t<\/div>\n\t\t","protected":false},"excerpt":{"rendered":"<p>Botiga de matalassos a Palma de Mallorca Un bon descans \u00e9s essencial per al teu benestar i per aix\u00f2 t&#8217;oferim la nostra selecci\u00f3 de matalassos a Mallorca. Juntament amb altres elements essencials per al descans com canap\u00e8s, somiers i coixins. El nostre objectiu \u00e9s proporcionar-te tot el necessari perqu\u00e8 gaudeixis d&#8217;un somni reparador i de [&hellip;]<\/p>\n","protected":false},"author":1,"featured_media":0,"parent":1818,"menu_order":0,"comment_status":"closed","ping_status":"closed","template":"","meta":{"iawp_total_views":5,"_joinchat":[],"footnotes":""},"class_list":["post-2051","page","type-page","status-publish","hentry"],"_links":{"self":[{"href":"https:\/\/mundisofa.net\/ca\/wp-json\/wp\/v2\/pages\/2051","targetHints":{"allow":["GET"]}}],"collection":[{"href":"https:\/\/mundisofa.net\/ca\/wp-json\/wp\/v2\/pages"}],"about":[{"href":"https:\/\/mundisofa.net\/ca\/wp-json\/wp\/v2\/types\/page"}],"author":[{"embeddable":true,"href":"https:\/\/mundisofa.net\/ca\/wp-json\/wp\/v2\/users\/1"}],"replies":[{"embeddable":true,"href":"https:\/\/mundisofa.net\/ca\/wp-json\/wp\/v2\/comments?post=2051"}],"version-history":[{"count":1,"href":"https:\/\/mundisofa.net\/ca\/wp-json\/wp\/v2\/pages\/2051\/revisions"}],"predecessor-version":[{"id":2055,"href":"https:\/\/mundisofa.net\/ca\/wp-json\/wp\/v2\/pages\/2051\/revisions\/2055"}],"up":[{"embeddable":true,"href":"https:\/\/mundisofa.net\/ca\/wp-json\/wp\/v2\/pages\/1818"}],"wp:attachment":[{"href":"https:\/\/mundisofa.net\/ca\/wp-json\/wp\/v2\/media?parent=2051"}],"curies":[{"name":"wp","href":"https:\/\/api.w.org\/{rel}","templated":true}]}}