{"id":1904,"date":"2025-10-17T17:45:08","date_gmt":"2025-10-17T15:45:08","guid":{"rendered":"https:\/\/mundisofa.net\/productes\/sofas\/"},"modified":"2026-01-13T18:36:52","modified_gmt":"2026-01-13T17:36:52","slug":"sofas","status":"publish","type":"page","link":"https:\/\/mundisofa.net\/ca\/productes\/sofas\/","title":{"rendered":"Sof\u00e0s"},"content":{"rendered":"\t\t<div data-elementor-type=\"wp-page\" data-elementor-id=\"1904\" class=\"elementor elementor-1904 elementor-29\" data-elementor-post-type=\"page\">\n\t\t\t\t<div class=\"elementor-element elementor-element-a7ee647 e-con-full e-flex e-con e-parent\" data-id=\"a7ee647\" data-element_type=\"container\" data-e-type=\"container\" data-settings=\"{&quot;background_background&quot;:&quot;classic&quot;}\">\n\t\t\t\t<div class=\"elementor-element elementor-element-afc4ba6 elementor-widget-mobile__width-inherit elementor-widget elementor-widget-heading\" data-id=\"afc4ba6\" data-element_type=\"widget\" data-e-type=\"widget\" data-widget_type=\"heading.default\">\n\t\t\t\t\t<h1 class=\"elementor-heading-title elementor-size-default\">Sof\u00e0s a Palma de Mallorca<\/h1>\t\t\t\t<\/div>\n\t\t\t\t<\/div>\n\t\t<div class=\"elementor-element elementor-element-26a010f e-flex e-con-boxed e-con e-parent\" data-id=\"26a010f\" data-element_type=\"container\" data-e-type=\"container\">\n\t\t\t\t\t<div class=\"e-con-inner\">\n\t\t\t\t<div class=\"elementor-element elementor-element-a83cf4b elementor-widget elementor-widget-heading\" data-id=\"a83cf4b\" data-element_type=\"widget\" data-e-type=\"widget\" data-widget_type=\"heading.default\">\n\t\t\t\t\t<h2 class=\"elementor-heading-title elementor-size-default\">Triar sof\u00e0 \u00e9s triar com vols viure casa teva<\/h2>\t\t\t\t<\/div>\n\t\t\t\t<div class=\"elementor-element elementor-element-6b3f49c elementor-widget elementor-widget-text-editor\" data-id=\"6b3f49c\" data-element_type=\"widget\" data-e-type=\"widget\" data-widget_type=\"text-editor.default\">\n\t\t\t\t\t\t\t\t\t<p>Portem m\u00e9s de 50 anys ajudant els nostres clients a trobar el sof\u00e0 perfecte. No importa si busques un sof\u00e0 ampli per compartir en fam\u00edlia, una soluci\u00f3 compacta per a espais redu\u00efts o una pe\u00e7a elegant per completar el teu sal\u00f3: t&#8217;assessorem amb honestedat perqu\u00e8 encertis.<\/p>\n<p>Treballem nom\u00e9s amb sof\u00e0s de fabricaci\u00f3 nacional, personalitzables en mida, estructura i entapissat, amb una durabilitat que marca la difer\u00e8ncia.<\/p>\t\t\t\t\t\t\t\t<\/div>\n\t\t\t\t\t<\/div>\n\t\t\t\t<\/div>\n\t\t<div class=\"elementor-element elementor-element-e7ffd84 e-flex e-con-boxed e-con e-parent\" data-id=\"e7ffd84\" data-element_type=\"container\" data-e-type=\"container\">\n\t\t\t\t\t<div class=\"e-con-inner\">\n\t\t\t\t<div class=\"elementor-element elementor-element-8a342e9 elementor-widget elementor-widget-heading\" data-id=\"8a342e9\" data-element_type=\"widget\" data-e-type=\"widget\" data-widget_type=\"heading.default\">\n\t\t\t\t\t<h2 class=\"elementor-heading-title elementor-size-default\">Tipus de sof\u00e0s<\/h2>\t\t\t\t<\/div>\n\t\t\t\t\t<\/div>\n\t\t\t\t<\/div>\n\t\t<div class=\"elementor-element elementor-element-d62b0fe e-flex e-con-boxed e-con e-parent\" data-id=\"d62b0fe\" data-element_type=\"container\" data-e-type=\"container\">\n\t\t\t\t\t<div class=\"e-con-inner\">\n\t\t<div class=\"elementor-element elementor-element-d68bd15 e-con-full e-flex e-con e-child\" data-id=\"d68bd15\" data-element_type=\"container\" data-e-type=\"container\" data-settings=\"{&quot;background_background&quot;:&quot;classic&quot;}\">\n\t\t\t\t<\/div>\n\t\t<div class=\"elementor-element elementor-element-bafb5ed e-con-full e-flex e-con e-child\" data-id=\"bafb5ed\" data-element_type=\"container\" data-e-type=\"container\">\n\t\t\t\t<div class=\"elementor-element elementor-element-d16270c elementor-widget elementor-widget-heading\" data-id=\"d16270c\" data-element_type=\"widget\" data-e-type=\"widget\" data-widget_type=\"heading.default\">\n\t\t\t\t\t<h3 class=\"elementor-heading-title elementor-size-default\">Sof\u00e0s de 2 i 3 places<\/h3>\t\t\t\t<\/div>\n\t\t\t\t<div class=\"elementor-element elementor-element-ae744fe elementor-widget elementor-widget-text-editor\" data-id=\"ae744fe\" data-element_type=\"widget\" data-e-type=\"widget\" data-widget_type=\"text-editor.default\">\n\t\t\t\t\t\t\t\t\tIdeals per a llars de qualsevol mida. Disponibles en versions cl\u00e0ssiques i contempor\u00e0nies, tots els nostres models estan dissenyats per oferir confort real i llarga vida \u00fatil. \t\t\t\t\t\t\t\t<\/div>\n\t\t\t\t<div class=\"elementor-element elementor-element-6bb6c12 elementor-widget-divider--view-line elementor-widget elementor-widget-divider\" data-id=\"6bb6c12\" data-element_type=\"widget\" data-e-type=\"widget\" data-widget_type=\"divider.default\">\n\t\t\t\t\t\t\t<div class=\"elementor-divider\">\n\t\t\t<span class=\"elementor-divider-separator\">\n\t\t\t\t\t\t<\/span>\n\t\t<\/div>\n\t\t\t\t\t\t<\/div>\n\t\t\t\t<\/div>\n\t\t\t\t\t<\/div>\n\t\t\t\t<\/div>\n\t\t<div class=\"elementor-element elementor-element-8fa109d e-flex e-con-boxed e-con e-parent\" data-id=\"8fa109d\" data-element_type=\"container\" data-e-type=\"container\">\n\t\t\t\t\t<div class=\"e-con-inner\">\n\t\t<div class=\"elementor-element elementor-element-94c7d8b e-con-full e-flex e-con e-child\" data-id=\"94c7d8b\" data-element_type=\"container\" data-e-type=\"container\">\n\t\t\t\t<div class=\"elementor-element elementor-element-7428774 elementor-widget elementor-widget-heading\" data-id=\"7428774\" data-element_type=\"widget\" data-e-type=\"widget\" data-widget_type=\"heading.default\">\n\t\t\t\t\t<h3 class=\"elementor-heading-title elementor-size-default\">Conjunts de sof\u00e0s<\/h3>\t\t\t\t<\/div>\n\t\t\t\t<div class=\"elementor-element elementor-element-6fa1051 elementor-widget elementor-widget-text-editor\" data-id=\"6fa1051\" data-element_type=\"widget\" data-e-type=\"widget\" data-widget_type=\"text-editor.default\">\n\t\t\t\t\t\t\t\t\tSi el que necessites \u00e9s un conjunt complet que harmonitzi el teu sal\u00f3, a Mundisof\u00e0 comptem amb una selecci\u00f3 de conjunts de sof\u00e0s que ofereixen una soluci\u00f3 integral. Disponibles en diferents configuracions i estils, els nostres conjunts estan pensats per maximitzar la comoditat i l&#8217;espai, convertint la teva sala d&#8217;estar en un lloc acollidor i elegant. \t\t\t\t\t\t\t\t<\/div>\n\t\t\t\t<div class=\"elementor-element elementor-element-9cfb1b0 elementor-widget-divider--view-line elementor-widget elementor-widget-divider\" data-id=\"9cfb1b0\" data-element_type=\"widget\" data-e-type=\"widget\" data-widget_type=\"divider.default\">\n\t\t\t\t\t\t\t<div class=\"elementor-divider\">\n\t\t\t<span class=\"elementor-divider-separator\">\n\t\t\t\t\t\t<\/span>\n\t\t<\/div>\n\t\t\t\t\t\t<\/div>\n\t\t\t\t<\/div>\n\t\t<div class=\"elementor-element elementor-element-466c7b1 e-con-full e-flex e-con e-child\" data-id=\"466c7b1\" data-element_type=\"container\" data-e-type=\"container\" data-settings=\"{&quot;background_background&quot;:&quot;classic&quot;}\">\n\t\t\t\t<\/div>\n\t\t\t\t\t<\/div>\n\t\t\t\t<\/div>\n\t\t<div class=\"elementor-element elementor-element-35cff57 e-flex e-con-boxed e-con e-parent\" data-id=\"35cff57\" data-element_type=\"container\" data-e-type=\"container\">\n\t\t\t\t\t<div class=\"e-con-inner\">\n\t\t<div class=\"elementor-element elementor-element-5e680f3 e-con-full e-flex e-con e-child\" data-id=\"5e680f3\" data-element_type=\"container\" data-e-type=\"container\" data-settings=\"{&quot;background_background&quot;:&quot;classic&quot;}\">\n\t\t\t\t<\/div>\n\t\t<div class=\"elementor-element elementor-element-76ab743 e-con-full e-flex e-con e-child\" data-id=\"76ab743\" data-element_type=\"container\" data-e-type=\"container\">\n\t\t\t\t<div class=\"elementor-element elementor-element-1feeba6 elementor-widget elementor-widget-heading\" data-id=\"1feeba6\" data-element_type=\"widget\" data-e-type=\"widget\" data-widget_type=\"heading.default\">\n\t\t\t\t\t<h3 class=\"elementor-heading-title elementor-size-default\">Sof\u00e0s raconera<\/h3>\t\t\t\t<\/div>\n\t\t\t\t<div class=\"elementor-element elementor-element-cccf3f4 elementor-widget elementor-widget-text-editor\" data-id=\"cccf3f4\" data-element_type=\"widget\" data-e-type=\"widget\" data-widget_type=\"text-editor.default\">\n\t\t\t\t\t\t\t\t\tLes racons s\u00f3n una opci\u00f3 perfecta per aprofitar al m\u00e0xim l&#8217;espai en salons de major grand\u00e0ria o en cantonades de dif\u00edcil aprofitament. Les nostres racons estan dissenyades per oferir el m\u00e0xim confort sense sacrificar l&#8217;estil. Ja sigui que prefereixis una disposici\u00f3 cl\u00e0ssica o una de m\u00e9s moderna, tenim la raconera ideal per a tu.   \t\t\t\t\t\t\t\t<\/div>\n\t\t\t\t<div class=\"elementor-element elementor-element-e28cba6 elementor-widget-divider--view-line elementor-widget elementor-widget-divider\" data-id=\"e28cba6\" data-element_type=\"widget\" data-e-type=\"widget\" data-widget_type=\"divider.default\">\n\t\t\t\t\t\t\t<div class=\"elementor-divider\">\n\t\t\t<span class=\"elementor-divider-separator\">\n\t\t\t\t\t\t<\/span>\n\t\t<\/div>\n\t\t\t\t\t\t<\/div>\n\t\t\t\t<\/div>\n\t\t\t\t\t<\/div>\n\t\t\t\t<\/div>\n\t\t<div class=\"elementor-element elementor-element-226bfbb e-flex e-con-boxed e-con e-parent\" data-id=\"226bfbb\" data-element_type=\"container\" data-e-type=\"container\">\n\t\t\t\t\t<div class=\"e-con-inner\">\n\t\t<div class=\"elementor-element elementor-element-c92865e e-con-full e-flex e-con e-child\" data-id=\"c92865e\" data-element_type=\"container\" data-e-type=\"container\">\n\t\t\t\t<div class=\"elementor-element elementor-element-366d69b elementor-widget elementor-widget-heading\" data-id=\"366d69b\" data-element_type=\"widget\" data-e-type=\"widget\" data-widget_type=\"heading.default\">\n\t\t\t\t\t<h3 class=\"elementor-heading-title elementor-size-default\">Tresillos<\/h3>\t\t\t\t<\/div>\n\t\t\t\t<div class=\"elementor-element elementor-element-5e0eb94 elementor-widget elementor-widget-text-editor\" data-id=\"5e0eb94\" data-element_type=\"widget\" data-e-type=\"widget\" data-widget_type=\"text-editor.default\">\n\t\t\t\t\t\t\t\t\tEls tres s\u00f3n la soluci\u00f3 tradicional que mai passa de moda. Oferim una selecci\u00f3 de tres que combinen comoditat i eleg\u00e0ncia, ideals per a qualsevol tipus de decoraci\u00f3. Els nostres tresets estan disponibles en diferents mides i estils, adaptant-se a les teves necessitats i prefer\u00e8ncies.  \t\t\t\t\t\t\t\t<\/div>\n\t\t\t\t<div class=\"elementor-element elementor-element-20198c9 elementor-widget-divider--view-line elementor-widget elementor-widget-divider\" data-id=\"20198c9\" data-element_type=\"widget\" data-e-type=\"widget\" data-widget_type=\"divider.default\">\n\t\t\t\t\t\t\t<div class=\"elementor-divider\">\n\t\t\t<span class=\"elementor-divider-separator\">\n\t\t\t\t\t\t<\/span>\n\t\t<\/div>\n\t\t\t\t\t\t<\/div>\n\t\t\t\t<\/div>\n\t\t<div class=\"elementor-element elementor-element-9ff72dc e-con-full e-flex e-con e-child\" data-id=\"9ff72dc\" data-element_type=\"container\" data-e-type=\"container\" data-settings=\"{&quot;background_background&quot;:&quot;classic&quot;}\">\n\t\t\t\t<\/div>\n\t\t\t\t\t<\/div>\n\t\t\t\t<\/div>\n\t\t<div class=\"elementor-element elementor-element-db9ed2d e-flex e-con-boxed e-con e-parent\" data-id=\"db9ed2d\" data-element_type=\"container\" data-e-type=\"container\">\n\t\t\t\t\t<div class=\"e-con-inner\">\n\t\t\t\t<div class=\"elementor-element elementor-element-e32da6c elementor-widget elementor-widget-heading\" data-id=\"e32da6c\" data-element_type=\"widget\" data-e-type=\"widget\" data-widget_type=\"heading.default\">\n\t\t\t\t\t<h2 class=\"elementor-heading-title elementor-size-default\">Vis\u00edtans, \u00e9s f\u00e0cil<\/h2>\t\t\t\t<\/div>\n\t\t\t\t<div class=\"elementor-element elementor-element-4c420ee elementor-widget elementor-widget-text-editor\" data-id=\"4c420ee\" data-element_type=\"widget\" data-e-type=\"widget\" data-widget_type=\"text-editor.default\">\n\t\t\t\t\t\t\t\t\t<p>Som al centre de Palma.<\/p>\n<p>Aparca al <strong>p\u00e0rquing de S&#8217;Escorxador<\/strong> i nosaltres et segellem el tiquet.<\/p>\n<p>T&#8217;esperem sense necessitat de cita pr\u00e8via.<\/p>\t\t\t\t\t\t\t\t<\/div>\n\t\t<div class=\"elementor-element elementor-element-6726119 e-con-full e-flex e-con e-child\" data-id=\"6726119\" data-element_type=\"container\" data-e-type=\"container\">\n\t\t\t\t<div class=\"elementor-element elementor-element-4a9f34c elementor-align-center elementor-mobile-align-justify elementor-widget-mobile__width-inherit elementor-widget elementor-widget-button\" data-id=\"4a9f34c\" data-element_type=\"widget\" data-e-type=\"widget\" data-widget_type=\"button.default\">\n\t\t\t\t\t\t\t\t\t\t<a class=\"elementor-button elementor-button-link elementor-size-sm\" href=\"https:\/\/maps.app.goo.gl\/chm5KJnyJPgYZedx6\" target=\"_blank\" rel=\"noopener\">\n\t\t\t\t\t\t<span class=\"elementor-button-content-wrapper\">\n\t\t\t\t\t\t\t\t\t<span class=\"elementor-button-text\">Com arribar<\/span>\n\t\t\t\t\t<\/span>\n\t\t\t\t\t<\/a>\n\t\t\t\t\t\t\t\t<\/div>\n\t\t\t\t<div class=\"elementor-element elementor-element-036ce25 elementor-align-center elementor-mobile-align-justify elementor-widget-mobile__width-inherit elementor-widget elementor-widget-button\" data-id=\"036ce25\" data-element_type=\"widget\" data-e-type=\"widget\" data-widget_type=\"button.default\">\n\t\t\t\t\t\t\t\t\t\t<a class=\"elementor-button elementor-button-link elementor-size-sm\" href=\"tel:871713264\">\n\t\t\t\t\t\t<span class=\"elementor-button-content-wrapper\">\n\t\t\t\t\t\t<span class=\"elementor-button-icon\">\n\t\t\t\t<svg aria-hidden=\"true\" class=\"e-font-icon-svg e-fas-phone-alt\" viewBox=\"0 0 512 512\" xmlns=\"http:\/\/www.w3.org\/2000\/svg\"><path d=\"M497.39 361.8l-112-48a24 24 0 0 0-28 6.9l-49.6 60.6A370.66 370.66 0 0 1 130.6 204.11l60.6-49.6a23.94 23.94 0 0 0 6.9-28l-48-112A24.16 24.16 0 0 0 122.6.61l-104 24A24 24 0 0 0 0 48c0 256.5 207.9 464 464 464a24 24 0 0 0 23.4-18.6l24-104a24.29 24.29 0 0 0-14.01-27.6z\"><\/path><\/svg>\t\t\t<\/span>\n\t\t\t\t\t\t\t\t\t<span class=\"elementor-button-text\">Trucar ara<\/span>\n\t\t\t\t\t<\/span>\n\t\t\t\t\t<\/a>\n\t\t\t\t\t\t\t\t<\/div>\n\t\t\t\t<\/div>\n\t\t\t\t\t<\/div>\n\t\t\t\t<\/div>\n\t\t\t\t<\/div>\n\t\t","protected":false},"excerpt":{"rendered":"<p>Sof\u00e0s a Palma de Mallorca Triar sof\u00e0 \u00e9s triar com vols viure casa teva Portem m\u00e9s de 50 anys ajudant els nostres clients a trobar el sof\u00e0 perfecte. No importa si busques un sof\u00e0 ampli per compartir en fam\u00edlia, una soluci\u00f3 compacta per a espais redu\u00efts o una pe\u00e7a elegant per completar el teu sal\u00f3: [&hellip;]<\/p>\n","protected":false},"author":1,"featured_media":0,"parent":1818,"menu_order":0,"comment_status":"closed","ping_status":"closed","template":"","meta":{"iawp_total_views":16,"_joinchat":[],"footnotes":""},"class_list":["post-1904","page","type-page","status-publish","hentry"],"_links":{"self":[{"href":"https:\/\/mundisofa.net\/ca\/wp-json\/wp\/v2\/pages\/1904","targetHints":{"allow":["GET"]}}],"collection":[{"href":"https:\/\/mundisofa.net\/ca\/wp-json\/wp\/v2\/pages"}],"about":[{"href":"https:\/\/mundisofa.net\/ca\/wp-json\/wp\/v2\/types\/page"}],"author":[{"embeddable":true,"href":"https:\/\/mundisofa.net\/ca\/wp-json\/wp\/v2\/users\/1"}],"replies":[{"embeddable":true,"href":"https:\/\/mundisofa.net\/ca\/wp-json\/wp\/v2\/comments?post=1904"}],"version-history":[{"count":1,"href":"https:\/\/mundisofa.net\/ca\/wp-json\/wp\/v2\/pages\/1904\/revisions"}],"predecessor-version":[{"id":1910,"href":"https:\/\/mundisofa.net\/ca\/wp-json\/wp\/v2\/pages\/1904\/revisions\/1910"}],"up":[{"embeddable":true,"href":"https:\/\/mundisofa.net\/ca\/wp-json\/wp\/v2\/pages\/1818"}],"wp:attachment":[{"href":"https:\/\/mundisofa.net\/ca\/wp-json\/wp\/v2\/media?parent=1904"}],"curies":[{"name":"wp","href":"https:\/\/api.w.org\/{rel}","templated":true}]}}