{"id":1773,"date":"2025-12-30T17:46:22","date_gmt":"2025-12-30T16:46:22","guid":{"rendered":"https:\/\/mundisofa.net\/model-solon\/"},"modified":"2026-01-13T18:37:34","modified_gmt":"2026-01-13T17:37:34","slug":"model-solon","status":"publish","type":"page","link":"https:\/\/mundisofa.net\/ca\/sofes\/model-solon\/","title":{"rendered":"Model Solon"},"content":{"rendered":"\t\t<div data-elementor-type=\"wp-page\" data-elementor-id=\"1773\" class=\"elementor elementor-1773 elementor-1580\" data-elementor-post-type=\"page\">\n\t\t\t\t<div class=\"elementor-element elementor-element-2d8d6bd e-flex e-con-boxed e-con e-parent\" data-id=\"2d8d6bd\" data-element_type=\"container\" data-e-type=\"container\" data-settings=\"{&quot;background_background&quot;:&quot;classic&quot;}\">\n\t\t\t\t\t<div class=\"e-con-inner\">\n\t\t\t\t<div class=\"elementor-element elementor-element-a243bd7 elementor-widget elementor-widget-heading\" data-id=\"a243bd7\" data-element_type=\"widget\" data-e-type=\"widget\" data-widget_type=\"heading.default\">\n\t\t\t\t\t<h1 class=\"elementor-heading-title elementor-size-default\">Sof\u00e0 Sol\u00f3n<\/h1>\t\t\t\t<\/div>\n\t\t\t\t\t<\/div>\n\t\t\t\t<\/div>\n\t\t<div class=\"elementor-element elementor-element-ab58253 e-flex e-con-boxed e-con e-parent\" data-id=\"ab58253\" data-element_type=\"container\" data-e-type=\"container\">\n\t\t\t\t\t<div class=\"e-con-inner\">\n\t\t\t\t<div class=\"elementor-element elementor-element-1371440 elementor-widget elementor-widget-text-editor\" data-id=\"1371440\" data-element_type=\"widget\" data-e-type=\"widget\" data-widget_type=\"text-editor.default\">\n\t\t\t\t\t\t\t\t\t<p>El sof\u00e0 Sol\u00f3n \u00e9s un model de gamma alta, dissenyat per als qui busquen alguna cosa m\u00e9s que un sof\u00e0 bonic: busquen comoditat real, durabilitat i la tranquil\u00b7litat de saber que el seu sof\u00e0 encaixar\u00e0 perfectament al seu sal\u00f3, sigui quina sigui la seva mida o distribuci\u00f3.<br>A Mundisof\u00e0 portem m\u00e9s de 50 anys al mateix local de Palma, ajudant els nostres clients a triar sof\u00e0s que es gaudeixen durant molts anys.<br>Sol\u00f3 \u00e9s un d&#8217;aquests models que resumeixen tot el que fem b\u00e9.<\/p>\t\t\t\t\t\t\t\t<\/div>\n\t\t\t\t<div class=\"elementor-element elementor-element-d3295e5 elementor-widget elementor-widget-heading\" data-id=\"d3295e5\" data-element_type=\"widget\" data-e-type=\"widget\" data-widget_type=\"heading.default\">\n\t\t\t\t\t<p class=\"elementor-heading-title elementor-size-default\">Versatilitat total, confort premium i un sof\u00e0 que s'adapta al teu espai<\/p>\t\t\t\t<\/div>\n\t\t\t\t\t<\/div>\n\t\t\t\t<\/div>\n\t\t<div class=\"elementor-element elementor-element-0082705 e-flex e-con-boxed e-con e-parent\" data-id=\"0082705\" data-element_type=\"container\" data-e-type=\"container\">\n\t\t\t\t\t<div class=\"e-con-inner\">\n\t\t\t\t<div class=\"elementor-element elementor-element-45eef1b elementor-widget__width-initial elementor-widget elementor-widget-image\" data-id=\"45eef1b\" data-element_type=\"widget\" data-e-type=\"widget\" data-widget_type=\"image.default\">\n\t\t\t\t\t\t\t\t\t\t\t\t\t\t\t<img fetchpriority=\"high\" decoding=\"async\" width=\"483\" height=\"483\" src=\"https:\/\/mundisofa.net\/wp-content\/uploads\/solon-mundisofa1.jpg\" class=\"attachment-full size-full wp-image-1777\" alt=\"Sof\u00e0 blau de disseny contemporani per a sal\u00f3, en interior elegant i llumin\u00f3s. Perfecte per decorar amb estil.\" srcset=\"https:\/\/mundisofa.net\/wp-content\/uploads\/solon-mundisofa1.jpg 483w, https:\/\/mundisofa.net\/wp-content\/uploads\/solon-mundisofa1-300x300.jpg 300w, https:\/\/mundisofa.net\/wp-content\/uploads\/solon-mundisofa1-150x150.jpg 150w\" sizes=\"(max-width: 483px) 100vw, 483px\" \/>\t\t\t\t\t\t\t\t\t\t\t\t\t\t\t<\/div>\n\t\t\t\t<div class=\"elementor-element elementor-element-012dd7d elementor-widget__width-initial elementor-widget elementor-widget-image\" data-id=\"012dd7d\" data-element_type=\"widget\" data-e-type=\"widget\" data-widget_type=\"image.default\">\n\t\t\t\t\t\t\t\t\t\t\t\t\t\t\t<img decoding=\"async\" width=\"483\" height=\"483\" src=\"https:\/\/mundisofa.net\/wp-content\/uploads\/solon-mundisofa2.jpg\" class=\"attachment-full size-full wp-image-1778\" alt=\"Sof\u00e0 blanc modern en sal\u00f3 llumin\u00f3s amb vista al jard\u00ed, decoraci\u00f3 minimalista i estil contemporani.\" srcset=\"https:\/\/mundisofa.net\/wp-content\/uploads\/solon-mundisofa2.jpg 483w, https:\/\/mundisofa.net\/wp-content\/uploads\/solon-mundisofa2-300x300.jpg 300w, https:\/\/mundisofa.net\/wp-content\/uploads\/solon-mundisofa2-150x150.jpg 150w\" sizes=\"(max-width: 483px) 100vw, 483px\" \/>\t\t\t\t\t\t\t\t\t\t\t\t\t\t\t<\/div>\n\t\t\t\t<div class=\"elementor-element elementor-element-11ce393 elementor-widget__width-initial elementor-widget elementor-widget-image\" data-id=\"11ce393\" data-element_type=\"widget\" data-e-type=\"widget\" data-widget_type=\"image.default\">\n\t\t\t\t\t\t\t\t\t\t\t\t\t\t\t<img decoding=\"async\" width=\"483\" height=\"483\" src=\"https:\/\/mundisofa.net\/wp-content\/uploads\/solon-mundisofa3.jpg\" class=\"attachment-full size-full wp-image-1779\" alt=\"Sof\u00e0 groc modern en sala de disseny elegant i llumin\u00f3s amb vistes al jard\u00ed.\" srcset=\"https:\/\/mundisofa.net\/wp-content\/uploads\/solon-mundisofa3.jpg 483w, https:\/\/mundisofa.net\/wp-content\/uploads\/solon-mundisofa3-300x300.jpg 300w, https:\/\/mundisofa.net\/wp-content\/uploads\/solon-mundisofa3-150x150.jpg 150w\" sizes=\"(max-width: 483px) 100vw, 483px\" \/>\t\t\t\t\t\t\t\t\t\t\t\t\t\t\t<\/div>\n\t\t\t\t\t<\/div>\n\t\t\t\t<\/div>\n\t\t<div class=\"elementor-element elementor-element-adc17f1 e-flex e-con-boxed e-con e-parent\" data-id=\"adc17f1\" data-element_type=\"container\" data-e-type=\"container\">\n\t\t\t\t\t<div class=\"e-con-inner\">\n\t\t\t\t<div class=\"elementor-element elementor-element-cdff782 elementor-align-center elementor-widget elementor-widget-button\" data-id=\"cdff782\" data-element_type=\"widget\" data-e-type=\"widget\" data-widget_type=\"button.default\">\n\t\t\t\t\t\t\t\t\t\t<a class=\"elementor-button elementor-button-link elementor-size-sm\" href=\"https:\/\/mundisofa.net\/ca\/mundisofa\/\">\n\t\t\t\t\t\t<span class=\"elementor-button-content-wrapper\">\n\t\t\t\t\t\t\t\t\t<span class=\"elementor-button-text\">Veuen a provar-ho a la nostra botiga a Palma<\/span>\n\t\t\t\t\t<\/span>\n\t\t\t\t\t<\/a>\n\t\t\t\t\t\t\t\t<\/div>\n\t\t\t\t\t<\/div>\n\t\t\t\t<\/div>\n\t\t<div class=\"elementor-element elementor-element-2d5622e e-flex e-con-boxed e-con e-parent\" data-id=\"2d5622e\" data-element_type=\"container\" data-e-type=\"container\">\n\t\t\t\t\t<div class=\"e-con-inner\">\n\t\t<div class=\"elementor-element elementor-element-75cc4a8 e-con-full e-flex e-con e-child\" data-id=\"75cc4a8\" data-element_type=\"container\" data-e-type=\"container\">\n\t\t\t\t<div class=\"elementor-element elementor-element-4c4ce02 elementor-widget elementor-widget-heading\" data-id=\"4c4ce02\" data-element_type=\"widget\" data-e-type=\"widget\" data-widget_type=\"heading.default\">\n\t\t\t\t\t<h2 class=\"elementor-heading-title elementor-size-default\">Un sof\u00e0 pensat per durar molts anys<\/h2>\t\t\t\t<\/div>\n\t\t\t\t<div class=\"elementor-element elementor-element-d78599d elementor-widget elementor-widget-text-editor\" data-id=\"d78599d\" data-element_type=\"widget\" data-e-type=\"widget\" data-widget_type=\"text-editor.default\">\n\t\t\t\t\t\t\t\t\t<p>El sof\u00e0 Sol\u00f3n est\u00e0 fabricat amb una estructura robusta i materials d&#8217;alta qualitat, pensats per a un \u00fas diari intensiu sense perdre confort amb el pas del temps.<br>Un dels seus grans diferencials \u00e9s el sistema de seient premium amb nucli de molls interns tipus Simons, combinat amb escumes d&#8217;alta densitat. Aix\u00f2 permet una asseguda:\n<\/p><ul>\n<li>c\u00f2moda des del primer dia<\/li>\n<li>estable i ferm<\/li>\n<li>que no s&#8217;aixafa ni perd prestacions amb els anys<\/li>\n<\/ul>\nNo \u00e9s un sof\u00e0 pensat per canviar en pocs anys. \u00c9s un sof\u00e0 per viure&#8217;l, gaudir-lo i oblidar-te de problemes.\t\t\t\t\t\t\t\t<\/div>\n\t\t\t\t<div class=\"elementor-element elementor-element-57d1059 elementor-widget-divider--view-line elementor-widget elementor-widget-divider\" data-id=\"57d1059\" data-element_type=\"widget\" data-e-type=\"widget\" data-widget_type=\"divider.default\">\n\t\t\t\t\t\t\t<div class=\"elementor-divider\">\n\t\t\t<span class=\"elementor-divider-separator\">\n\t\t\t\t\t\t<\/span>\n\t\t<\/div>\n\t\t\t\t\t\t<\/div>\n\t\t\t\t<\/div>\n\t\t<div class=\"elementor-element elementor-element-9bd43c3 e-con-full e-flex e-con e-child\" data-id=\"9bd43c3\" data-element_type=\"container\" data-e-type=\"container\" data-settings=\"{&quot;background_background&quot;:&quot;classic&quot;}\">\n\t\t\t\t<\/div>\n\t\t\t\t\t<\/div>\n\t\t\t\t<\/div>\n\t\t<div class=\"elementor-element elementor-element-f7f23a8 e-flex e-con-boxed e-con e-parent\" data-id=\"f7f23a8\" data-element_type=\"container\" data-e-type=\"container\">\n\t\t\t\t\t<div class=\"e-con-inner\">\n\t\t<div class=\"elementor-element elementor-element-0070f46 e-con-full e-flex e-con e-child\" data-id=\"0070f46\" data-element_type=\"container\" data-e-type=\"container\" data-settings=\"{&quot;background_background&quot;:&quot;classic&quot;}\">\n\t\t\t\t<\/div>\n\t\t<div class=\"elementor-element elementor-element-3d1de19 e-con-full e-flex e-con e-child\" data-id=\"3d1de19\" data-element_type=\"container\" data-e-type=\"container\">\n\t\t\t\t<div class=\"elementor-element elementor-element-f8d30f8 elementor-widget elementor-widget-heading\" data-id=\"f8d30f8\" data-element_type=\"widget\" data-e-type=\"widget\" data-widget_type=\"heading.default\">\n\t\t\t\t\t<h3 class=\"elementor-heading-title elementor-size-default\">Respatllers reclinables multiposici\u00f3<\/h3>\t\t\t\t<\/div>\n\t\t\t\t<div class=\"elementor-element elementor-element-857d8c8 elementor-widget elementor-widget-text-editor\" data-id=\"857d8c8\" data-element_type=\"widget\" data-e-type=\"widget\" data-widget_type=\"text-editor.default\">\n\t\t\t\t\t\t\t\t\tCada pla\u00e7a, a la teva manera\nTots els recolzaments del sof\u00e0 Sol\u00f3n s\u00f3n reclinables i regulables de forma independent.\nAix\u00f2 et permet:\n<ul>\n<li>mantenir els recolzaments baixos per a una est\u00e8tica neta i moderna<\/li>\n<li>elevar-los quan necessites un major suport cervical<\/li>\n<li>adaptar cada pla\u00e7a a la postura de cada persona<\/li>\n<\/ul>\nLlegir, veure la televisi\u00f3 o descansar&#8230; cadasc\u00fa pot gaudir del sof\u00e0 a la seva manera, fins i tot alhora.\t\t\t\t\t\t\t\t<\/div>\n\t\t\t\t<div class=\"elementor-element elementor-element-899077e elementor-widget-divider--view-line elementor-widget elementor-widget-divider\" data-id=\"899077e\" data-element_type=\"widget\" data-e-type=\"widget\" data-widget_type=\"divider.default\">\n\t\t\t\t\t\t\t<div class=\"elementor-divider\">\n\t\t\t<span class=\"elementor-divider-separator\">\n\t\t\t\t\t\t<\/span>\n\t\t<\/div>\n\t\t\t\t\t\t<\/div>\n\t\t\t\t<\/div>\n\t\t\t\t\t<\/div>\n\t\t\t\t<\/div>\n\t\t<div class=\"elementor-element elementor-element-1f417f3 e-flex e-con-boxed e-con e-parent\" data-id=\"1f417f3\" data-element_type=\"container\" data-e-type=\"container\">\n\t\t\t\t\t<div class=\"e-con-inner\">\n\t\t<div class=\"elementor-element elementor-element-fc05eea e-con-full e-flex e-con e-child\" data-id=\"fc05eea\" data-element_type=\"container\" data-e-type=\"container\">\n\t\t\t\t<div class=\"elementor-element elementor-element-941082e elementor-widget elementor-widget-heading\" data-id=\"941082e\" data-element_type=\"widget\" data-e-type=\"widget\" data-widget_type=\"heading.default\">\n\t\t\t\t\t<h2 class=\"elementor-heading-title elementor-size-default\">Assentaments lliscats amb sistema refor\u00e7at<\/h2>\t\t\t\t<\/div>\n\t\t\t\t<div class=\"elementor-element elementor-element-69ddcc0 elementor-widget elementor-widget-text-editor\" data-id=\"69ddcc0\" data-element_type=\"widget\" data-e-type=\"widget\" data-widget_type=\"text-editor.default\">\n\t\t\t\t\t\t\t\t\t<p>M\u00e9s estabilitat i m\u00e9s seguretat<br>Els seients del sof\u00e0 Sol\u00f3n es llisquen cap a davant mitjan\u00e7ant un sistema avan\u00e7at que recolza a terra, no queda susp\u00e8s.<br>Gr\u00e0cies a aquest sistema:<\/p>\n<ul>\n<li>el pes es reparteix millor<\/li>\n<li>el sof\u00e0 guanya estabilitat<\/li>\n<li>la sensaci\u00f3 de confort \u00e9s molt superior<\/li>\n<\/ul>\n<p>Pots estendre un sol seient per estirar les cames o tots dos, convertint el sof\u00e0 en un llit eventual ampli i c\u00f2mode, ideal per a visites o situacions puntuals.<\/p>\t\t\t\t\t\t\t\t<\/div>\n\t\t\t\t<div class=\"elementor-element elementor-element-480bbb6 elementor-widget-divider--view-line elementor-widget elementor-widget-divider\" data-id=\"480bbb6\" data-element_type=\"widget\" data-e-type=\"widget\" data-widget_type=\"divider.default\">\n\t\t\t\t\t\t\t<div class=\"elementor-divider\">\n\t\t\t<span class=\"elementor-divider-separator\">\n\t\t\t\t\t\t<\/span>\n\t\t<\/div>\n\t\t\t\t\t\t<\/div>\n\t\t\t\t<\/div>\n\t\t<div class=\"elementor-element elementor-element-f3daaba e-con-full e-flex e-con e-child\" data-id=\"f3daaba\" data-element_type=\"container\" data-e-type=\"container\" data-settings=\"{&quot;background_background&quot;:&quot;classic&quot;}\">\n\t\t\t\t<\/div>\n\t\t\t\t\t<\/div>\n\t\t\t\t<\/div>\n\t\t<div class=\"elementor-element elementor-element-30f27bd e-flex e-con-boxed e-con e-parent\" data-id=\"30f27bd\" data-element_type=\"container\" data-e-type=\"container\">\n\t\t\t\t\t<div class=\"e-con-inner\">\n\t\t<div class=\"elementor-element elementor-element-653d26a e-con-full e-flex e-con e-child\" data-id=\"653d26a\" data-element_type=\"container\" data-e-type=\"container\" data-settings=\"{&quot;background_background&quot;:&quot;classic&quot;}\">\n\t\t\t\t<\/div>\n\t\t<div class=\"elementor-element elementor-element-6546286 e-con-full e-flex e-con e-child\" data-id=\"6546286\" data-element_type=\"container\" data-e-type=\"container\">\n\t\t\t\t<div class=\"elementor-element elementor-element-1961a03 elementor-widget elementor-widget-heading\" data-id=\"1961a03\" data-element_type=\"widget\" data-e-type=\"widget\" data-widget_type=\"heading.default\">\n\t\t\t\t\t<h3 class=\"elementor-heading-title elementor-size-default\">Opcional: bra\u00e7os amb arc integrat<\/h3>\t\t\t\t<\/div>\n\t\t\t\t<div class=\"elementor-element elementor-element-1111e2d elementor-widget elementor-widget-text-editor\" data-id=\"1111e2d\" data-element_type=\"widget\" data-e-type=\"widget\" data-widget_type=\"text-editor.default\">\n\t\t\t\t\t\t\t\t\t<p>Emmagatzematge discret i molt pr\u00e0ctic<br>El model Sol\u00f3n permet incorporar baguls ocults als bra\u00e7os, una soluci\u00f3 molt valorada pels nostres clients.<br>Ideals per a:<\/p>\n<ul>\n<li>llibres<\/li>\n<li>comandaments<\/li>\n<li>m\u00f2bils<\/li>\n<li>objectes d&#8217; \u00fas diari<\/li>\n<\/ul>\n<p>Tot queda recollit, fora de la vista i sense alterar l&#8217;est\u00e8tica del sof\u00e0.<\/p>\t\t\t\t\t\t\t\t<\/div>\n\t\t\t\t<div class=\"elementor-element elementor-element-eeb5b5c elementor-widget-divider--view-line elementor-widget elementor-widget-divider\" data-id=\"eeb5b5c\" data-element_type=\"widget\" data-e-type=\"widget\" data-widget_type=\"divider.default\">\n\t\t\t\t\t\t\t<div class=\"elementor-divider\">\n\t\t\t<span class=\"elementor-divider-separator\">\n\t\t\t\t\t\t<\/span>\n\t\t<\/div>\n\t\t\t\t\t\t<\/div>\n\t\t\t\t<\/div>\n\t\t\t\t\t<\/div>\n\t\t\t\t<\/div>\n\t\t<div class=\"elementor-element elementor-element-3f997a0 e-flex e-con-boxed e-con e-parent\" data-id=\"3f997a0\" data-element_type=\"container\" data-e-type=\"container\">\n\t\t\t\t\t<div class=\"e-con-inner\">\n\t\t<div class=\"elementor-element elementor-element-094d1fc e-con-full e-flex e-con e-child\" data-id=\"094d1fc\" data-element_type=\"container\" data-e-type=\"container\">\n\t\t\t\t<div class=\"elementor-element elementor-element-399fb61 elementor-widget elementor-widget-heading\" data-id=\"399fb61\" data-element_type=\"widget\" data-e-type=\"widget\" data-widget_type=\"heading.default\">\n\t\t\t\t\t<h2 class=\"elementor-heading-title elementor-size-default\">Potes altes per a una neteja c\u00f2moda<\/h2>\t\t\t\t<\/div>\n\t\t\t\t<div class=\"elementor-element elementor-element-7e42f69 elementor-widget elementor-widget-text-editor\" data-id=\"7e42f69\" data-element_type=\"widget\" data-e-type=\"widget\" data-widget_type=\"text-editor.default\">\n\t\t\t\t\t\t\t\t\t<p>Gr\u00e0cies a les seves potes elevades, el sof\u00e0 Sol\u00f3n permet:<\/p>\n<ul>\n<li>netejar f\u00e0cilment sota el sof\u00e0<\/li>\n<li>el pas de robots aspiradors sense cap problema<\/li>\n<\/ul>\n<p>Un detall petit, per\u00f2 molt important en la vida di\u00e0ria.<\/p>\t\t\t\t\t\t\t\t<\/div>\n\t\t\t\t<div class=\"elementor-element elementor-element-08b4ae9 elementor-widget-divider--view-line elementor-widget elementor-widget-divider\" data-id=\"08b4ae9\" data-element_type=\"widget\" data-e-type=\"widget\" data-widget_type=\"divider.default\">\n\t\t\t\t\t\t\t<div class=\"elementor-divider\">\n\t\t\t<span class=\"elementor-divider-separator\">\n\t\t\t\t\t\t<\/span>\n\t\t<\/div>\n\t\t\t\t\t\t<\/div>\n\t\t\t\t<\/div>\n\t\t<div class=\"elementor-element elementor-element-1808a2d e-con-full e-flex e-con e-child\" data-id=\"1808a2d\" data-element_type=\"container\" data-e-type=\"container\" data-settings=\"{&quot;background_background&quot;:&quot;classic&quot;}\">\n\t\t\t\t<\/div>\n\t\t\t\t\t<\/div>\n\t\t\t\t<\/div>\n\t\t<div class=\"elementor-element elementor-element-25e9e26 e-flex e-con-boxed e-con e-parent\" data-id=\"25e9e26\" data-element_type=\"container\" data-e-type=\"container\">\n\t\t\t\t\t<div class=\"e-con-inner\">\n\t\t\t\t<div class=\"elementor-element elementor-element-12765dd elementor-widget elementor-widget-heading\" data-id=\"12765dd\" data-element_type=\"widget\" data-e-type=\"widget\" data-widget_type=\"heading.default\">\n\t\t\t\t\t<h2 class=\"elementor-heading-title elementor-size-default\">Mesures orientatives i configuracions possibles<\/h2>\t\t\t\t<\/div>\n\t\t\t\t<div class=\"elementor-element elementor-element-e4a7c96 elementor-widget elementor-widget-text-editor\" data-id=\"e4a7c96\" data-element_type=\"widget\" data-e-type=\"widget\" data-widget_type=\"text-editor.default\">\n\t\t\t\t\t\t\t\t\t<p>Un sof\u00e0 que s&#8217;adapta al teu espai (no al rev\u00e9s)<br>Les mesures mostrades en aquesta p\u00e0gina s\u00f3n orientatives i serveixen com a exemple de les moltes configuracions possibles del sof\u00e0 Sol\u00f3n.<br>Aquest model destaca per la seva enorme versatilitat:<br>Si el teu sal\u00f3 t\u00e9 mesures complicades, columnes o una distribuci\u00f3 especial, Sol\u00f3n pot adaptar-se al teu espai.<br>En botiga t&#8217;ajudem a definir la millor configuraci\u00f3 per a tu.<\/p>\t\t\t\t\t\t\t\t<\/div>\n\t\t\t\t<div class=\"elementor-element elementor-element-3bda2db elementor-widget-divider--view-line elementor-widget elementor-widget-divider\" data-id=\"3bda2db\" data-element_type=\"widget\" data-e-type=\"widget\" data-widget_type=\"divider.default\">\n\t\t\t\t\t\t\t<div class=\"elementor-divider\">\n\t\t\t<span class=\"elementor-divider-separator\">\n\t\t\t\t\t\t<\/span>\n\t\t<\/div>\n\t\t\t\t\t\t<\/div>\n\t\t\t\t\t<\/div>\n\t\t\t\t<\/div>\n\t\t<div class=\"elementor-element elementor-element-f1af0f7 e-flex e-con-boxed e-con e-parent\" data-id=\"f1af0f7\" data-element_type=\"container\" data-e-type=\"container\">\n\t\t\t\t\t<div class=\"e-con-inner\">\n\t\t\t\t<div class=\"elementor-element elementor-element-e65a739 elementor-widget elementor-widget-text-editor\" data-id=\"e65a739\" data-element_type=\"widget\" data-e-type=\"widget\" data-widget_type=\"text-editor.default\">\n\t\t\t\t\t\t\t\t\t<ul>\n<li>diferents amples de seient<\/li>\n<li>opcions de 2 i 3 places<\/li>\n<li>chaise longue<\/li>\n<li>racons<\/li>\n<li>composicions en U<\/li>\n<li>possibilitat de fabricaci\u00f3 totalment a mida<\/li>\n<\/ul>\t\t\t\t\t\t\t\t<\/div>\n\t\t\t\t\t<\/div>\n\t\t\t\t<\/div>\n\t\t<div class=\"elementor-element elementor-element-9b747a8 e-flex e-con-boxed e-con e-parent\" data-id=\"9b747a8\" data-element_type=\"container\" data-e-type=\"container\">\n\t\t\t\t\t<div class=\"e-con-inner\">\n\t\t\t\t<div class=\"elementor-element elementor-element-308b459 elementor-widget elementor-widget-image\" data-id=\"308b459\" data-element_type=\"widget\" data-e-type=\"widget\" data-widget_type=\"image.default\">\n\t\t\t\t\t\t\t\t\t\t\t\t\t\t\t<img loading=\"lazy\" decoding=\"async\" width=\"600\" height=\"577\" src=\"https:\/\/mundisofa.net\/wp-content\/uploads\/SOLON-1-DISENOS.jpg\" class=\"attachment-full size-full wp-image-1785\" alt=\"Sof\u00e0 contemporani amb disseny ajustable i dimensions personalitzables.\" srcset=\"https:\/\/mundisofa.net\/wp-content\/uploads\/SOLON-1-DISENOS.jpg 600w, https:\/\/mundisofa.net\/wp-content\/uploads\/SOLON-1-DISENOS-300x289.jpg 300w\" sizes=\"(max-width: 600px) 100vw, 600px\" \/>\t\t\t\t\t\t\t\t\t\t\t\t\t\t\t<\/div>\n\t\t\t\t<div class=\"elementor-element elementor-element-8d5884e elementor-widget elementor-widget-image\" data-id=\"8d5884e\" data-element_type=\"widget\" data-e-type=\"widget\" data-widget_type=\"image.default\">\n\t\t\t\t\t\t\t\t\t\t\t\t\t\t\t<img loading=\"lazy\" decoding=\"async\" width=\"600\" height=\"318\" src=\"https:\/\/mundisofa.net\/wp-content\/uploads\/SOLON-2-DISENOS.jpg\" class=\"attachment-full size-full wp-image-1786\" alt=\"Sof\u00e0 modular amb diferents opcions de mida i configuraci\u00f3 a Mundisof\u00e0.\" srcset=\"https:\/\/mundisofa.net\/wp-content\/uploads\/SOLON-2-DISENOS.jpg 600w, https:\/\/mundisofa.net\/wp-content\/uploads\/SOLON-2-DISENOS-300x159.jpg 300w\" sizes=\"(max-width: 600px) 100vw, 600px\" \/>\t\t\t\t\t\t\t\t\t\t\t\t\t\t\t<\/div>\n\t\t\t\t\t<\/div>\n\t\t\t\t<\/div>\n\t\t<div class=\"elementor-element elementor-element-a2f5752 e-flex e-con-boxed e-con e-parent\" data-id=\"a2f5752\" data-element_type=\"container\" data-e-type=\"container\">\n\t\t\t\t\t<div class=\"e-con-inner\">\n\t\t\t\t<div class=\"elementor-element elementor-element-2f16846 elementor-widget elementor-widget-heading\" data-id=\"2f16846\" data-element_type=\"widget\" data-e-type=\"widget\" data-widget_type=\"heading.default\">\n\t\t\t\t\t<h2 class=\"elementor-heading-title elementor-size-default\">Entapissades i teles<\/h2>\t\t\t\t<\/div>\n\t\t\t\t\t<\/div>\n\t\t\t\t<\/div>\n\t\t<div class=\"elementor-element elementor-element-2f67be7 e-flex e-con-boxed e-con e-parent\" data-id=\"2f67be7\" data-element_type=\"container\" data-e-type=\"container\">\n\t\t\t\t\t<div class=\"e-con-inner\">\n\t\t<div class=\"elementor-element elementor-element-9021076 e-con-full e-flex e-con e-child\" data-id=\"9021076\" data-element_type=\"container\" data-e-type=\"container\" data-settings=\"{&quot;background_background&quot;:&quot;classic&quot;}\">\n\t\t\t\t<\/div>\n\t\t<div class=\"elementor-element elementor-element-177e075 e-con-full e-flex e-con e-child\" data-id=\"177e075\" data-element_type=\"container\" data-e-type=\"container\">\n\t\t\t\t<div class=\"elementor-element elementor-element-6980017 elementor-widget elementor-widget-text-editor\" data-id=\"6980017\" data-element_type=\"widget\" data-e-type=\"widget\" data-widget_type=\"text-editor.default\">\n\t\t\t\t\t\t\t\t\t<p>Tria sense por<br>El sof\u00e0 Sol\u00f3n pot entapissar-se amb una ampl\u00edssima selecci\u00f3 de teixits, incloent teles antitaxes d&#8217;\u00faltima generaci\u00f3.<br>Avantatges:<\/p>\n<ul>\n<li>neteja senzilla nom\u00e9s amb aigua<\/li>\n<li>ideals per a llars amb nens o mascotes<\/li>\n<li>gran varietat de colors, textures i acabats<\/li>\n<\/ul>\n<p>A la web mostrem alguns exemples, per\u00f2 en botiga disposem de cents d&#8217;opcions perqu\u00e8 puguis veure-les, tocar-les i triar amb tranquil\u00b7litat.<\/p>\t\t\t\t\t\t\t\t<\/div>\n\t\t\t\t<div class=\"elementor-element elementor-element-3fdc252 elementor-widget-divider--view-line elementor-widget elementor-widget-divider\" data-id=\"3fdc252\" data-element_type=\"widget\" data-e-type=\"widget\" data-widget_type=\"divider.default\">\n\t\t\t\t\t\t\t<div class=\"elementor-divider\">\n\t\t\t<span class=\"elementor-divider-separator\">\n\t\t\t\t\t\t<\/span>\n\t\t<\/div>\n\t\t\t\t\t\t<\/div>\n\t\t\t\t<\/div>\n\t\t\t\t\t<\/div>\n\t\t\t\t<\/div>\n\t\t<div class=\"elementor-element elementor-element-0917035 e-flex e-con-boxed e-con e-parent\" data-id=\"0917035\" data-element_type=\"container\" data-e-type=\"container\" data-settings=\"{&quot;background_background&quot;:&quot;classic&quot;}\">\n\t\t\t\t\t<div class=\"e-con-inner\">\n\t\t\t\t<div class=\"elementor-element elementor-element-472bd40 elementor-widget elementor-widget-heading\" data-id=\"472bd40\" data-element_type=\"widget\" data-e-type=\"widget\" data-widget_type=\"heading.default\">\n\t\t\t\t\t<h2 class=\"elementor-heading-title elementor-size-default\">Preu orientatiu<\/h2>\t\t\t\t<\/div>\n\t\t\t\t<div class=\"elementor-element elementor-element-cdcff50 elementor-widget elementor-widget-text-editor\" data-id=\"cdcff50\" data-element_type=\"widget\" data-e-type=\"widget\" data-widget_type=\"text-editor.default\">\n\t\t\t\t\t\t\t\t\t<p>El sof\u00e0 Sol\u00f3n est\u00e0 disponible des de 1.300 \u20ac, en una configuraci\u00f3 b\u00e0sica i mesures est\u00e0ndard.<br>El preu final dependr\u00e0 de:<\/p>\n<ul>\n<li>composici\u00f3 escollida les mesures<\/li>\n<li>l&#8217; entapissat<\/li>\n<li>les opcions seleccionades<\/li>\n<\/ul>\n<p>Sol\u00f3 \u00e9s un sof\u00e0 de gamma alta, pensat per als qui valoren qualitat, confort i durabilitat a llarg termini.<\/p>\t\t\t\t\t\t\t\t<\/div>\n\t\t\t\t\t<\/div>\n\t\t\t\t<\/div>\n\t\t<div class=\"elementor-element elementor-element-9744970 e-flex e-con-boxed e-con e-parent\" data-id=\"9744970\" data-element_type=\"container\" data-e-type=\"container\">\n\t\t\t\t\t<div class=\"e-con-inner\">\n\t\t\t\t<div class=\"elementor-element elementor-element-6323075 elementor-widget elementor-widget-heading\" data-id=\"6323075\" data-element_type=\"widget\" data-e-type=\"widget\" data-widget_type=\"heading.default\">\n\t\t\t\t\t<h2 class=\"elementor-heading-title elementor-size-default\">Transport, lliurament i instal\u00b7laci\u00f3<\/h2>\t\t\t\t<\/div>\n\t\t\t\t\t<\/div>\n\t\t\t\t<\/div>\n\t\t<div class=\"elementor-element elementor-element-018defe e-flex e-con-boxed e-con e-parent\" data-id=\"018defe\" data-element_type=\"container\" data-e-type=\"container\">\n\t\t\t\t\t<div class=\"e-con-inner\">\n\t\t<div class=\"elementor-element elementor-element-28fe633 e-con-full e-flex e-con e-child\" data-id=\"28fe633\" data-element_type=\"container\" data-e-type=\"container\">\n\t\t\t\t<div class=\"elementor-element elementor-element-16568a3 elementor-widget elementor-widget-text-editor\" data-id=\"16568a3\" data-element_type=\"widget\" data-e-type=\"widget\" data-widget_type=\"text-editor.default\">\n\t\t\t\t\t\t\t\t\t<p>Lliurament i instal\u00b7laci\u00f3 gratu\u00eftes a Palma<br>Sense costos ocults ni sorpreses<br>Possibilitat de lliurament desmuntat i muntatge a l&#8217; habitatge si l&#8217; acc\u00e9s \u00e9s complicat<br>En casos excepcionals (grua o permisos especials), s&#8217;informa sempre amb total transpar\u00e8ncia.<\/p>\t\t\t\t\t\t\t\t<\/div>\n\t\t\t\t<div class=\"elementor-element elementor-element-abadb73 elementor-widget-divider--view-line elementor-widget elementor-widget-divider\" data-id=\"abadb73\" data-element_type=\"widget\" data-e-type=\"widget\" data-widget_type=\"divider.default\">\n\t\t\t\t\t\t\t<div class=\"elementor-divider\">\n\t\t\t<span class=\"elementor-divider-separator\">\n\t\t\t\t\t\t<\/span>\n\t\t<\/div>\n\t\t\t\t\t\t<\/div>\n\t\t\t\t<\/div>\n\t\t<div class=\"elementor-element elementor-element-b0ecea1 e-con-full e-flex e-con e-child\" data-id=\"b0ecea1\" data-element_type=\"container\" data-e-type=\"container\" data-settings=\"{&quot;background_background&quot;:&quot;classic&quot;}\">\n\t\t\t\t<\/div>\n\t\t\t\t\t<\/div>\n\t\t\t\t<\/div>\n\t\t<div class=\"elementor-element elementor-element-a066bc7 e-flex e-con-boxed e-con e-parent\" data-id=\"a066bc7\" data-element_type=\"container\" data-e-type=\"container\">\n\t\t\t\t\t<div class=\"e-con-inner\">\n\t\t<div class=\"elementor-element elementor-element-592cf7b e-con-full e-flex e-con e-child\" data-id=\"592cf7b\" data-element_type=\"container\" data-e-type=\"container\" data-settings=\"{&quot;background_background&quot;:&quot;classic&quot;}\">\n\t\t\t\t<\/div>\n\t\t<div class=\"elementor-element elementor-element-c9f4730 e-con-full e-flex e-con e-child\" data-id=\"c9f4730\" data-element_type=\"container\" data-e-type=\"container\">\n\t\t\t\t<div class=\"elementor-element elementor-element-146f1f9 elementor-widget elementor-widget-heading\" data-id=\"146f1f9\" data-element_type=\"widget\" data-e-type=\"widget\" data-widget_type=\"heading.default\">\n\t\t\t\t\t<h3 class=\"elementor-heading-title elementor-size-default\">Garantia i tranquil\u00b7litat<\/h3>\t\t\t\t<\/div>\n\t\t\t\t<div class=\"elementor-element elementor-element-4201e25 elementor-widget elementor-widget-text-editor\" data-id=\"4201e25\" data-element_type=\"widget\" data-e-type=\"widget\" data-widget_type=\"text-editor.default\">\n\t\t\t\t\t\t\t\t\tTot i que estem conven\u00e7uts que no la necessitar\u00e0s, el sof\u00e0 Sol\u00f3n compta amb fins a 5 anys de garantia davant de qualsevol defecte de fabricaci\u00f3.\nUna mostra m\u00e9s del comprom\u00eds de Mundisof\u00e0 amb la qualitat i el servei.), s&#8217;informa sempre amb total transpar\u00e8ncia.\t\t\t\t\t\t\t\t<\/div>\n\t\t\t\t<\/div>\n\t\t\t\t\t<\/div>\n\t\t\t\t<\/div>\n\t\t<div class=\"elementor-element elementor-element-7d0872a e-flex e-con-boxed e-con e-parent\" data-id=\"7d0872a\" data-element_type=\"container\" data-e-type=\"container\" data-settings=\"{&quot;background_background&quot;:&quot;classic&quot;}\">\n\t\t\t\t\t<div class=\"e-con-inner\">\n\t\t\t\t<div class=\"elementor-element elementor-element-8d38cd2 elementor-widget elementor-widget-heading\" data-id=\"8d38cd2\" data-element_type=\"widget\" data-e-type=\"widget\" data-widget_type=\"heading.default\">\n\t\t\t\t\t<h2 class=\"elementor-heading-title elementor-size-default\">Preguntes freq\u00fcents<\/h2>\t\t\t\t<\/div>\n\t\t\t\t<div class=\"elementor-element elementor-element-895e829 elementor-widget elementor-widget-n-accordion\" data-id=\"895e829\" data-element_type=\"widget\" data-e-type=\"widget\" data-settings=\"{&quot;default_state&quot;:&quot;all_collapsed&quot;,&quot;max_items_expended&quot;:&quot;one&quot;,&quot;n_accordion_animation_duration&quot;:{&quot;unit&quot;:&quot;ms&quot;,&quot;size&quot;:400,&quot;sizes&quot;:[]}}\" data-widget_type=\"nested-accordion.default\">\n\t\t\t\t\t\t\t<div class=\"e-n-accordion\" aria-label=\"Accordion. Open links with Enter or Space, close with Escape, and navigate with Arrow Keys\">\n\t\t\t\t\t\t<details id=\"e-n-accordion-item-1440\" class=\"e-n-accordion-item\" >\n\t\t\t\t<summary class=\"e-n-accordion-item-title\" data-accordion-index=\"1\" tabindex=\"0\" aria-expanded=\"false\" aria-controls=\"e-n-accordion-item-1440\" >\n\t\t\t\t\t<span class='e-n-accordion-item-title-header'><div class=\"e-n-accordion-item-title-text\"> Les mesures que apareixen a la web s\u00f3n exactes? <\/div><\/span>\n\t\t\t\t\t\t\t<span class='e-n-accordion-item-title-icon'>\n\t\t\t<span class='e-opened' ><svg aria-hidden=\"true\" class=\"e-font-icon-svg e-fas-sort-up\" viewBox=\"0 0 320 512\" xmlns=\"http:\/\/www.w3.org\/2000\/svg\"><path d=\"M279 224H41c-21.4 0-32.1-25.9-17-41L143 64c9.4-9.4 24.6-9.4 33.9 0l119 119c15.2 15.1 4.5 41-16.9 41z\"><\/path><\/svg><\/span>\n\t\t\t<span class='e-closed'><svg aria-hidden=\"true\" class=\"e-font-icon-svg e-fas-caret-right\" viewBox=\"0 0 192 512\" xmlns=\"http:\/\/www.w3.org\/2000\/svg\"><path d=\"M0 384.662V127.338c0-17.818 21.543-26.741 34.142-14.142l128.662 128.662c7.81 7.81 7.81 20.474 0 28.284L34.142 398.804C21.543 411.404 0 402.48 0 384.662z\"><\/path><\/svg><\/span>\n\t\t<\/span>\n\n\t\t\t\t\t\t<\/summary>\n\t\t\t\t<div role=\"region\" aria-labelledby=\"e-n-accordion-item-1440\" class=\"elementor-element elementor-element-ca2867d e-con-full e-flex e-con e-child\" data-id=\"ca2867d\" data-element_type=\"container\" data-e-type=\"container\">\n\t\t\t\t<div class=\"elementor-element elementor-element-43da560 elementor-widget elementor-widget-text-editor\" data-id=\"43da560\" data-element_type=\"widget\" data-e-type=\"widget\" data-widget_type=\"text-editor.default\">\n\t\t\t\t\t\t\t\t\tNo. Les mesures mostrades s\u00f3n orientatives. El sof\u00e0 Sol\u00f3n pot adaptar-se totalment a l&#8217;espai de qu\u00e8 disposis.  \t\t\t\t\t\t\t\t<\/div>\n\t\t\t\t<\/div>\n\t\t\t\t\t<\/details>\n\t\t\t\t\t\t<details id=\"e-n-accordion-item-1441\" class=\"e-n-accordion-item\" >\n\t\t\t\t<summary class=\"e-n-accordion-item-title\" data-accordion-index=\"2\" tabindex=\"-1\" aria-expanded=\"false\" aria-controls=\"e-n-accordion-item-1441\" >\n\t\t\t\t\t<span class='e-n-accordion-item-title-header'><div class=\"e-n-accordion-item-title-text\"> Puc configurar el sof\u00e0 a mida del meu sal\u00f3? <\/div><\/span>\n\t\t\t\t\t\t\t<span class='e-n-accordion-item-title-icon'>\n\t\t\t<span class='e-opened' ><svg aria-hidden=\"true\" class=\"e-font-icon-svg e-fas-sort-up\" viewBox=\"0 0 320 512\" xmlns=\"http:\/\/www.w3.org\/2000\/svg\"><path d=\"M279 224H41c-21.4 0-32.1-25.9-17-41L143 64c9.4-9.4 24.6-9.4 33.9 0l119 119c15.2 15.1 4.5 41-16.9 41z\"><\/path><\/svg><\/span>\n\t\t\t<span class='e-closed'><svg aria-hidden=\"true\" class=\"e-font-icon-svg e-fas-caret-right\" viewBox=\"0 0 192 512\" xmlns=\"http:\/\/www.w3.org\/2000\/svg\"><path d=\"M0 384.662V127.338c0-17.818 21.543-26.741 34.142-14.142l128.662 128.662c7.81 7.81 7.81 20.474 0 28.284L34.142 398.804C21.543 411.404 0 402.48 0 384.662z\"><\/path><\/svg><\/span>\n\t\t<\/span>\n\n\t\t\t\t\t\t<\/summary>\n\t\t\t\t<div role=\"region\" aria-labelledby=\"e-n-accordion-item-1441\" class=\"elementor-element elementor-element-5d044da e-con-full e-flex e-con e-child\" data-id=\"5d044da\" data-element_type=\"container\" data-e-type=\"container\">\n\t\t\t\t<div class=\"elementor-element elementor-element-9d22030 elementor-widget elementor-widget-text-editor\" data-id=\"9d22030\" data-element_type=\"widget\" data-e-type=\"widget\" data-widget_type=\"text-editor.default\">\n\t\t\t\t\t\t\t\t\tS\u00ed. Aquest model permet m\u00faltiples m\u00f2duls i tamb\u00e9 fabricaci\u00f3 a mida. \t\t\t\t\t\t\t\t<\/div>\n\t\t\t\t<\/div>\n\t\t\t\t\t<\/details>\n\t\t\t\t\t\t<details id=\"e-n-accordion-item-1442\" class=\"e-n-accordion-item\" >\n\t\t\t\t<summary class=\"e-n-accordion-item-title\" data-accordion-index=\"3\" tabindex=\"-1\" aria-expanded=\"false\" aria-controls=\"e-n-accordion-item-1442\" >\n\t\t\t\t\t<span class='e-n-accordion-item-title-header'><div class=\"e-n-accordion-item-title-text\"> \u00c9s un sof\u00e0 llit? <\/div><\/span>\n\t\t\t\t\t\t\t<span class='e-n-accordion-item-title-icon'>\n\t\t\t<span class='e-opened' ><svg aria-hidden=\"true\" class=\"e-font-icon-svg e-fas-sort-up\" viewBox=\"0 0 320 512\" xmlns=\"http:\/\/www.w3.org\/2000\/svg\"><path d=\"M279 224H41c-21.4 0-32.1-25.9-17-41L143 64c9.4-9.4 24.6-9.4 33.9 0l119 119c15.2 15.1 4.5 41-16.9 41z\"><\/path><\/svg><\/span>\n\t\t\t<span class='e-closed'><svg aria-hidden=\"true\" class=\"e-font-icon-svg e-fas-caret-right\" viewBox=\"0 0 192 512\" xmlns=\"http:\/\/www.w3.org\/2000\/svg\"><path d=\"M0 384.662V127.338c0-17.818 21.543-26.741 34.142-14.142l128.662 128.662c7.81 7.81 7.81 20.474 0 28.284L34.142 398.804C21.543 411.404 0 402.48 0 384.662z\"><\/path><\/svg><\/span>\n\t\t<\/span>\n\n\t\t\t\t\t\t<\/summary>\n\t\t\t\t<div role=\"region\" aria-labelledby=\"e-n-accordion-item-1442\" class=\"elementor-element elementor-element-548ae72 e-con-full e-flex e-con e-child\" data-id=\"548ae72\" data-element_type=\"container\" data-e-type=\"container\">\n\t\t\t\t<div class=\"elementor-element elementor-element-06b8f99 elementor-widget elementor-widget-text-editor\" data-id=\"06b8f99\" data-element_type=\"widget\" data-e-type=\"widget\" data-widget_type=\"text-editor.default\">\n\t\t\t\t\t\t\t\t\tNo \u00e9s un sof\u00e0 llit tradicional, per\u00f2 els seients lliscats permeten crear un llit eventual molt c\u00f2mode.\t\t\t\t\t\t\t\t<\/div>\n\t\t\t\t<\/div>\n\t\t\t\t\t<\/details>\n\t\t\t\t\t\t<details id=\"e-n-accordion-item-1443\" class=\"e-n-accordion-item\" >\n\t\t\t\t<summary class=\"e-n-accordion-item-title\" data-accordion-index=\"4\" tabindex=\"-1\" aria-expanded=\"false\" aria-controls=\"e-n-accordion-item-1443\" >\n\t\t\t\t\t<span class='e-n-accordion-item-title-header'><div class=\"e-n-accordion-item-title-text\"> \u00c9s adequat si tinc nens o mascotes? <\/div><\/span>\n\t\t\t\t\t\t\t<span class='e-n-accordion-item-title-icon'>\n\t\t\t<span class='e-opened' ><svg aria-hidden=\"true\" class=\"e-font-icon-svg e-fas-sort-up\" viewBox=\"0 0 320 512\" xmlns=\"http:\/\/www.w3.org\/2000\/svg\"><path d=\"M279 224H41c-21.4 0-32.1-25.9-17-41L143 64c9.4-9.4 24.6-9.4 33.9 0l119 119c15.2 15.1 4.5 41-16.9 41z\"><\/path><\/svg><\/span>\n\t\t\t<span class='e-closed'><svg aria-hidden=\"true\" class=\"e-font-icon-svg e-fas-caret-right\" viewBox=\"0 0 192 512\" xmlns=\"http:\/\/www.w3.org\/2000\/svg\"><path d=\"M0 384.662V127.338c0-17.818 21.543-26.741 34.142-14.142l128.662 128.662c7.81 7.81 7.81 20.474 0 28.284L34.142 398.804C21.543 411.404 0 402.48 0 384.662z\"><\/path><\/svg><\/span>\n\t\t<\/span>\n\n\t\t\t\t\t\t<\/summary>\n\t\t\t\t<div role=\"region\" aria-labelledby=\"e-n-accordion-item-1443\" class=\"elementor-element elementor-element-84dfb3a e-con-full e-flex e-con e-child\" data-id=\"84dfb3a\" data-element_type=\"container\" data-e-type=\"container\">\n\t\t\t\t<div class=\"elementor-element elementor-element-b8d4887 elementor-widget elementor-widget-text-editor\" data-id=\"b8d4887\" data-element_type=\"widget\" data-e-type=\"widget\" data-widget_type=\"text-editor.default\">\n\t\t\t\t\t\t\t\t\tS\u00ed. Es pot entapissar amb teixits antimanxes f\u00e0cils de netejar i molt resistents. \t\t\t\t\t\t\t\t<\/div>\n\t\t\t\t<\/div>\n\t\t\t\t\t<\/details>\n\t\t\t\t\t\t<details id=\"e-n-accordion-item-1444\" class=\"e-n-accordion-item\" >\n\t\t\t\t<summary class=\"e-n-accordion-item-title\" data-accordion-index=\"5\" tabindex=\"-1\" aria-expanded=\"false\" aria-controls=\"e-n-accordion-item-1444\" >\n\t\t\t\t\t<span class='e-n-accordion-item-title-header'><div class=\"e-n-accordion-item-title-text\"> Puc veure m\u00e9s teles en botiga? <\/div><\/span>\n\t\t\t\t\t\t\t<span class='e-n-accordion-item-title-icon'>\n\t\t\t<span class='e-opened' ><svg aria-hidden=\"true\" class=\"e-font-icon-svg e-fas-sort-up\" viewBox=\"0 0 320 512\" xmlns=\"http:\/\/www.w3.org\/2000\/svg\"><path d=\"M279 224H41c-21.4 0-32.1-25.9-17-41L143 64c9.4-9.4 24.6-9.4 33.9 0l119 119c15.2 15.1 4.5 41-16.9 41z\"><\/path><\/svg><\/span>\n\t\t\t<span class='e-closed'><svg aria-hidden=\"true\" class=\"e-font-icon-svg e-fas-caret-right\" viewBox=\"0 0 192 512\" xmlns=\"http:\/\/www.w3.org\/2000\/svg\"><path d=\"M0 384.662V127.338c0-17.818 21.543-26.741 34.142-14.142l128.662 128.662c7.81 7.81 7.81 20.474 0 28.284L34.142 398.804C21.543 411.404 0 402.48 0 384.662z\"><\/path><\/svg><\/span>\n\t\t<\/span>\n\n\t\t\t\t\t\t<\/summary>\n\t\t\t\t<div role=\"region\" aria-labelledby=\"e-n-accordion-item-1444\" class=\"elementor-element elementor-element-8ab68f6 e-con-full e-flex e-con e-child\" data-id=\"8ab68f6\" data-element_type=\"container\" data-e-type=\"container\">\n\t\t\t\t<div class=\"elementor-element elementor-element-539364c elementor-widget elementor-widget-text-editor\" data-id=\"539364c\" data-element_type=\"widget\" data-e-type=\"widget\" data-widget_type=\"text-editor.default\">\n\t\t\t\t\t\t\t\t\tS\u00ed. En botiga disposem d&#8217;un mostrari molt m\u00e9s ampli que el mostrat a la web. \t\t\t\t\t\t\t\t<\/div>\n\t\t\t\t<\/div>\n\t\t\t\t\t<\/details>\n\t\t\t\t\t<\/div>\n\t\t\t\t\t\t<\/div>\n\t\t\t\t\t<\/div>\n\t\t\t\t<\/div>\n\t\t<div class=\"elementor-element elementor-element-909fd54 e-flex e-con-boxed e-con e-parent\" data-id=\"909fd54\" data-element_type=\"container\" data-e-type=\"container\">\n\t\t\t\t\t<div class=\"e-con-inner\">\n\t\t\t\t<div class=\"elementor-element elementor-element-e8c5fd7 elementor-widget elementor-widget-heading\" data-id=\"e8c5fd7\" data-element_type=\"widget\" data-e-type=\"widget\" data-widget_type=\"heading.default\">\n\t\t\t\t\t<h2 class=\"elementor-heading-title elementor-size-default\">Ressenyes de clients<\/h2>\t\t\t\t<\/div>\n\t\t\t\t\t<\/div>\n\t\t\t\t<\/div>\n\t\t<div class=\"elementor-element elementor-element-2f91a91 e-flex e-con-boxed e-con e-parent\" data-id=\"2f91a91\" data-element_type=\"container\" data-e-type=\"container\">\n\t\t\t\t\t<div class=\"e-con-inner\">\n\t\t\t\t<div class=\"elementor-element elementor-element-28a06d0 elementor-widget elementor-widget-shortcode\" data-id=\"28a06d0\" data-element_type=\"widget\" data-e-type=\"widget\" data-widget_type=\"shortcode.default\">\n\t\t\t\t\t\t\t<div class=\"elementor-shortcode\"><div class=\"wp-gr rpi wpac\" data-id=\"1415\" data-layout=\"slider\" data-exec=\"false\" data-options='{&quot;text_size&quot;:&quot;&quot;,&quot;trans&quot;:{&quot;read more&quot;:&quot;M\\u00e9s&quot;}}'><svg xmlns=\"http:\/\/www.w3.org\/2000\/svg\" style=\"display:none!important\"><symbol id=\"grw-tripadvisor\" viewBox=\"0 0 713.496 713.496\"><g><circle fill=\"#34E0A1\" cx=\"356.749\" cy=\"356.748\" r=\"356.748\"\/><path d=\"M577.095,287.152l43.049-46.836h-95.465c-47.792-32.646-105.51-51.659-167.931-51.659   c-62.342,0-119.899,19.054-167.612,51.659H93.432l43.049,46.836c-26.387,24.075-42.929,58.754-42.929,97.259   c0,72.665,58.914,131.578,131.579,131.578c34.519,0,65.968-13.313,89.446-35.077l42.172,45.919l42.172-45.879   c23.478,21.764,54.887,35.037,89.406,35.037c72.665,0,131.658-58.913,131.658-131.578   C620.024,345.866,603.483,311.188,577.095,287.152z M225.17,473.458c-49.188,0-89.047-39.859-89.047-89.047   s39.86-89.048,89.047-89.048c49.187,0,89.047,39.86,89.047,89.048S274.357,473.458,225.17,473.458z M356.788,381.82   c0-58.595-42.61-108.898-98.853-130.383c30.413-12.716,63.776-19.771,98.813-19.771s68.439,7.055,98.853,19.771   C399.399,272.962,356.788,323.226,356.788,381.82z M488.367,473.458c-49.188,0-89.048-39.859-89.048-89.047   s39.86-89.048,89.048-89.048s89.047,39.86,89.047,89.048S537.554,473.458,488.367,473.458z M488.367,337.694   c-25.79,0-46.677,20.887-46.677,46.677c0,25.789,20.887,46.676,46.677,46.676c25.789,0,46.676-20.887,46.676-46.676   C535.042,358.621,514.156,337.694,488.367,337.694z M271.846,384.411c0,25.789-20.887,46.676-46.676,46.676   s-46.676-20.887-46.676-46.676c0-25.79,20.887-46.677,46.676-46.677C250.959,337.694,271.846,358.621,271.846,384.411z\"\/><\/g><\/symbol><symbol id=\"grw-google\" viewBox=\"0 0 512 512\"><g fill=\"none\" fill-rule=\"evenodd\"><path d=\"M482.56 261.36c0-16.73-1.5-32.83-4.29-48.27H256v91.29h127.01c-5.47 29.5-22.1 54.49-47.09 71.23v59.21h76.27c44.63-41.09 70.37-101.59 70.37-173.46z\" fill=\"#4285f4\"\/><path d=\"M256 492c63.72 0 117.14-21.13 156.19-57.18l-76.27-59.21c-21.13 14.16-48.17 22.53-79.92 22.53-61.47 0-113.49-41.51-132.05-97.3H45.1v61.15c38.83 77.13 118.64 130.01 210.9 130.01z\" fill=\"#34a853\"\/><path d=\"M123.95 300.84c-4.72-14.16-7.4-29.29-7.4-44.84s2.68-30.68 7.4-44.84V150.01H45.1C29.12 181.87 20 217.92 20 256c0 38.08 9.12 74.13 25.1 105.99l78.85-61.15z\" fill=\"#fbbc05\"\/><path d=\"M256 113.86c34.65 0 65.76 11.91 90.22 35.29l67.69-67.69C373.03 43.39 319.61 20 256 20c-92.25 0-172.07 52.89-210.9 130.01l78.85 61.15c18.56-55.78 70.59-97.3 132.05-97.3z\" fill=\"#ea4335\"\/><path d=\"M20 20h472v472H20V20z\"\/><\/g><\/symbol><\/svg><div class=\"grw-row grw-row-m\" data-options='{\"speed\":3,\"autoplay\":true,\"mousestop\":true,\"breakpoints\":\"\"}'><div class=\"rpi-slides-root grw-content\"><div class=\"grw-content-inner\"><button class=\"rpi-ltgt rpi-lt grw-prev\" tabindex=\"0\"><\/button><div class=\"rpi-slides grw-reviews rpi-slides-bite\" data-count=\"10\" data-offset=\"10\"><div class=\"rpi-slide grw-review\"><div class=\"rpi-flx rpi-col12 grw-review-inner grw-backgnd\"><div class=\"rpi-flx rpi-row12-center\"><div class=\"grw-img-wrap\"><img loading=\"lazy\" decoding=\"async\" class=\"grw-img\" src=\"https:\/\/mundisofa.net\/wp-content\/uploads\/ChIJy7kdxfmSlxIRyIHZz70HJbI_21932065a582e6834b0ee80385b1a416.jpg\" loading=\"lazy\" alt=\"Eva X profile picture\" width=\"50\" height=\"50\" onerror=\"if(this.src!='https:\/\/mundisofa.net\/wp-content\/plugins\/widget-google-reviews\/assets\/img\/guest.png')this.src='https:\/\/mundisofa.net\/wp-content\/plugins\/widget-google-reviews\/assets\/img\/guest.png';\" ><\/div><div class=\"rpi-flx rpi-col6\"><a href=\"https:\/\/www.google.com\/maps\/contrib\/114813592652723822092\/reviews\" class=\"wp-google-name\" target=\"_blank\" rel=\"nofollow noopener\">Eva X<\/a><div class=\"wp-google-time\" data-time=\"1752607452\">19:24 15 Jul 25<\/div><\/div><\/div><span class=\"rpi-stars\" style=\"--rating:5\"><\/span><div class=\"rpi-flx rpi-col4\"><div class=\"wp-google-feedback grw-scroll\" ><span class=\"wp-google-text\">Pase sin querer y me enamor\u00e9<br \/>Fue amor a primera vista. El trato muy cercano y profesional, me dieron muchas facilidades. En apenas 5 semanas tuve mi sof\u00e1 en casa y se llevaron el antiguo. Se nota la calidad de anta\u00f1o y precio muy asequible. Estoy encantada. Lo recomiendo sin duda<\/span><\/div><\/div><svg height=\"16\" width=\"16\" role=\"none\"><use href=\"#grw-google\"\/><\/svg><\/div><\/div><div class=\"rpi-slide grw-review\"><div class=\"rpi-flx rpi-col12 grw-review-inner grw-backgnd\"><div class=\"rpi-flx rpi-row12-center\"><div class=\"grw-img-wrap\"><img loading=\"lazy\" decoding=\"async\" class=\"grw-img\" src=\"https:\/\/mundisofa.net\/wp-content\/uploads\/ChIJy7kdxfmSlxIRyIHZz70HJbI_5139b1e33b1bd36ee432957435225643.jpg\" loading=\"lazy\" alt=\"Jose R. profile picture\" width=\"50\" height=\"50\" onerror=\"if(this.src!='https:\/\/mundisofa.net\/wp-content\/plugins\/widget-google-reviews\/assets\/img\/guest.png')this.src='https:\/\/mundisofa.net\/wp-content\/plugins\/widget-google-reviews\/assets\/img\/guest.png';\" ><\/div><div class=\"rpi-flx rpi-col6\"><a href=\"https:\/\/www.google.com\/maps\/contrib\/110596398401820561871\/reviews\" class=\"wp-google-name\" target=\"_blank\" rel=\"nofollow noopener\">Jose R.<\/a><div class=\"wp-google-time\" data-time=\"1749064600\">19:16 04 Jun 25<\/div><\/div><\/div><span class=\"rpi-stars\" style=\"--rating:5\"><\/span><div class=\"rpi-flx rpi-col4\"><div class=\"wp-google-feedback grw-scroll\" ><span class=\"wp-google-text\">Es el segundo sof\u00e1 que hemos comprado aqu\u00ed y el trato y la profesionalidad siempre han sido estupendos.\u00a1Lo recomendamos!<\/span><\/div><\/div><svg height=\"16\" width=\"16\" role=\"none\"><use href=\"#grw-google\"\/><\/svg><\/div><\/div><div class=\"rpi-slide grw-review\"><div class=\"rpi-flx rpi-col12 grw-review-inner grw-backgnd\"><div class=\"rpi-flx rpi-row12-center\"><div class=\"grw-img-wrap\"><img loading=\"lazy\" decoding=\"async\" class=\"grw-img\" src=\"https:\/\/mundisofa.net\/wp-content\/uploads\/ChIJy7kdxfmSlxIRyIHZz70HJbI_13436eeac7210ea8ef30733c79ffa456.jpg\" loading=\"lazy\" alt=\"Leopoldo Rodr\u00edguez A. profile picture\" width=\"50\" height=\"50\" onerror=\"if(this.src!='https:\/\/mundisofa.net\/wp-content\/plugins\/widget-google-reviews\/assets\/img\/guest.png')this.src='https:\/\/mundisofa.net\/wp-content\/plugins\/widget-google-reviews\/assets\/img\/guest.png';\" ><\/div><div class=\"rpi-flx rpi-col6\"><a href=\"https:\/\/www.google.com\/maps\/contrib\/107951056643900090859\/reviews\" class=\"wp-google-name\" target=\"_blank\" rel=\"nofollow noopener\">Leopoldo Rodr\u00edguez A.<\/a><div class=\"wp-google-time\" data-time=\"1747334931\">18:48 15 May 25<\/div><\/div><\/div><span class=\"rpi-stars\" style=\"--rating:5\"><\/span><div class=\"rpi-flx rpi-col4\"><div class=\"wp-google-feedback grw-scroll\" ><span class=\"wp-google-text\">Estoy muy contento con mi sof\u00e1 y felicitar tanto al propietario por su trato al cliente.muy amable y muy profesional y tambi\u00e9n felicitar, ha los empleados muy profesionales con su trabajo y trato al cliente.no les doy m\u00e1s estrellas porque no se puede se lo merecen.sin duda volver\u00e9 a comprar!! Recomiendo mundisofa!! Un saludo para todos y un 10 como tienda y un 10 para propietarios y empleados. Que dure 50 a\u00f1os m\u00e1s ( FELICIDADES)<\/span><\/div><\/div><svg height=\"16\" width=\"16\" role=\"none\"><use href=\"#grw-google\"\/><\/svg><\/div><\/div><div class=\"rpi-slide grw-review\"><div class=\"rpi-flx rpi-col12 grw-review-inner grw-backgnd\"><div class=\"rpi-flx rpi-row12-center\"><div class=\"grw-img-wrap\"><img loading=\"lazy\" decoding=\"async\" class=\"grw-img\" src=\"https:\/\/mundisofa.net\/wp-content\/uploads\/ChIJy7kdxfmSlxIRyIHZz70HJbI_afffe95530abf2751c4a842c8a945dd2.jpg\" loading=\"lazy\" alt=\"Mar\u00eda Dolores H. profile picture\" width=\"50\" height=\"50\" onerror=\"if(this.src!='https:\/\/mundisofa.net\/wp-content\/plugins\/widget-google-reviews\/assets\/img\/guest.png')this.src='https:\/\/mundisofa.net\/wp-content\/plugins\/widget-google-reviews\/assets\/img\/guest.png';\" ><\/div><div class=\"rpi-flx rpi-col6\"><a href=\"https:\/\/www.google.com\/maps\/contrib\/116544985388178280548\/reviews\" class=\"wp-google-name\" target=\"_blank\" rel=\"nofollow noopener\">Mar\u00eda Dolores H.<\/a><div class=\"wp-google-time\" data-time=\"1741987149\">21:19 14 Mar 25<\/div><\/div><\/div><span class=\"rpi-stars\" style=\"--rating:5\"><\/span><div class=\"rpi-flx rpi-col4\"><div class=\"wp-google-feedback grw-scroll\" ><span class=\"wp-google-text\">Precios muy ajustados para la gran calidad. Personal amable y atento. Cumplen con los plazos de tiempo prometidos. Volver\u00eda a comprar aqu\u00ed.<\/span><\/div><\/div><svg height=\"16\" width=\"16\" role=\"none\"><use href=\"#grw-google\"\/><\/svg><\/div><\/div><div class=\"rpi-slide grw-review\"><div class=\"rpi-flx rpi-col12 grw-review-inner grw-backgnd\"><div class=\"rpi-flx rpi-row12-center\"><div class=\"grw-img-wrap\"><img loading=\"lazy\" decoding=\"async\" class=\"grw-img\" src=\"https:\/\/mundisofa.net\/wp-content\/uploads\/ChIJy7kdxfmSlxIRyIHZz70HJbI_6627e90d81ba07b885bbf826b3a7a1fe.jpg\" loading=\"lazy\" alt=\"Zavala J. profile picture\" width=\"50\" height=\"50\" onerror=\"if(this.src!='https:\/\/mundisofa.net\/wp-content\/plugins\/widget-google-reviews\/assets\/img\/guest.png')this.src='https:\/\/mundisofa.net\/wp-content\/plugins\/widget-google-reviews\/assets\/img\/guest.png';\" ><\/div><div class=\"rpi-flx rpi-col6\"><a href=\"https:\/\/www.google.com\/maps\/contrib\/101393134875482236076\/reviews\" class=\"wp-google-name\" target=\"_blank\" rel=\"nofollow noopener\">Zavala J.<\/a><div class=\"wp-google-time\" data-time=\"1741060308\">03:51 04 Mar 25<\/div><\/div><\/div><span class=\"rpi-stars\" style=\"--rating:5\"><\/span><div class=\"rpi-flx rpi-col4\"><div class=\"wp-google-feedback grw-scroll\" ><span class=\"wp-google-text\">Compr\u00e9 un sof\u00e1 con una parte relax y un sill\u00f3n relax, son super c\u00f3modos, bonitos y con un<br \/>dise\u00f1o diferente. Estamos encantados. La atenci\u00f3n fue estupenda.<\/span><\/div><\/div><svg height=\"16\" width=\"16\" role=\"none\"><use href=\"#grw-google\"\/><\/svg><\/div><\/div><div class=\"rpi-slide grw-review\"><div class=\"rpi-flx rpi-col12 grw-review-inner grw-backgnd\"><div class=\"rpi-flx rpi-row12-center\"><div class=\"grw-img-wrap\"><img loading=\"lazy\" decoding=\"async\" class=\"grw-img\" src=\"https:\/\/mundisofa.net\/wp-content\/uploads\/ChIJy7kdxfmSlxIRyIHZz70HJbI_0213d0a23200e87524309dfd9f99f31a.jpg\" loading=\"lazy\" alt=\"Ariana profile picture\" width=\"50\" height=\"50\" onerror=\"if(this.src!='https:\/\/mundisofa.net\/wp-content\/plugins\/widget-google-reviews\/assets\/img\/guest.png')this.src='https:\/\/mundisofa.net\/wp-content\/plugins\/widget-google-reviews\/assets\/img\/guest.png';\" ><\/div><div class=\"rpi-flx rpi-col6\"><a href=\"https:\/\/www.google.com\/maps\/contrib\/113380308318477087211\/reviews\" class=\"wp-google-name\" target=\"_blank\" rel=\"nofollow noopener\">Ariana<\/a><div class=\"wp-google-time\" data-time=\"1740324262\">15:24 23 Feb 25<\/div><\/div><\/div><span class=\"rpi-stars\" style=\"--rating:5\"><\/span><div class=\"rpi-flx rpi-col4\"><div class=\"wp-google-feedback grw-scroll\" ><span class=\"wp-google-text\">\u00cdbamos buscando un modelo en concreto de sof\u00e1, por internet vimos que en Mundisofa, lo<br \/>ten\u00edan y acudimos a la tienda por las buenas rese\u00f1as que tienen en la web. Acabamos<br \/>comprando dos sof\u00e1s, son de una calidad suprema y muy c\u00f3modos, adem\u00e1s de<br \/>est\u00e9ticamente preciosos. La entrega dentro de los plazos<\/span><\/div><\/div><svg height=\"16\" width=\"16\" role=\"none\"><use href=\"#grw-google\"\/><\/svg><\/div><\/div><div class=\"rpi-slide grw-review\"><div class=\"rpi-flx rpi-col12 grw-review-inner grw-backgnd\"><div class=\"rpi-flx rpi-row12-center\"><div class=\"grw-img-wrap\"><img loading=\"lazy\" decoding=\"async\" class=\"grw-img\" src=\"https:\/\/mundisofa.net\/wp-content\/uploads\/ChIJy7kdxfmSlxIRyIHZz70HJbI_c7015a8a7827bedaba5343b0adebe8f2.jpg\" loading=\"lazy\" alt=\"Alexa Isbette Per\u00e9z Z. profile picture\" width=\"50\" height=\"50\" onerror=\"if(this.src!='https:\/\/mundisofa.net\/wp-content\/plugins\/widget-google-reviews\/assets\/img\/guest.png')this.src='https:\/\/mundisofa.net\/wp-content\/plugins\/widget-google-reviews\/assets\/img\/guest.png';\" ><\/div><div class=\"rpi-flx rpi-col6\"><a href=\"https:\/\/www.google.com\/maps\/contrib\/112121326381912938410\/reviews\" class=\"wp-google-name\" target=\"_blank\" rel=\"nofollow noopener\">Alexa Isbette Per\u00e9z Z.<\/a><div class=\"wp-google-time\" data-time=\"1739497532\">01:45 14 Feb 25<\/div><\/div><\/div><span class=\"rpi-stars\" style=\"--rating:5\"><\/span><div class=\"rpi-flx rpi-col4\"><div class=\"wp-google-feedback grw-scroll\" ><span class=\"wp-google-text\">Miramos sof\u00e1s en bastantes tiendas antes y despu\u00e9s de hacerlo aqu\u00ed, ya no hubo duda de<br \/>d\u00f3nde comprarlo. Lo m\u00e1s importante, un producto de calidad, junto a un profesional muy<br \/>amable y atento, un precio competitivo y un seguimiento post venta poco habitual.<\/span><\/div><\/div><svg height=\"16\" width=\"16\" role=\"none\"><use href=\"#grw-google\"\/><\/svg><\/div><\/div><div class=\"rpi-slide grw-review\"><div class=\"rpi-flx rpi-col12 grw-review-inner grw-backgnd\"><div class=\"rpi-flx rpi-row12-center\"><div class=\"grw-img-wrap\"><img loading=\"lazy\" decoding=\"async\" class=\"grw-img\" src=\"https:\/\/mundisofa.net\/wp-content\/uploads\/ChIJy7kdxfmSlxIRyIHZz70HJbI_2da37f6ed59a29989a797d28b6c913f2.jpg\" loading=\"lazy\" alt=\"catalina S. profile picture\" width=\"50\" height=\"50\" onerror=\"if(this.src!='https:\/\/mundisofa.net\/wp-content\/plugins\/widget-google-reviews\/assets\/img\/guest.png')this.src='https:\/\/mundisofa.net\/wp-content\/plugins\/widget-google-reviews\/assets\/img\/guest.png';\" ><\/div><div class=\"rpi-flx rpi-col6\"><a href=\"https:\/\/www.google.com\/maps\/contrib\/107324631483731406799\/reviews\" class=\"wp-google-name\" target=\"_blank\" rel=\"nofollow noopener\">catalina S.<\/a><div class=\"wp-google-time\" data-time=\"1739464033\">16:27 13 Feb 25<\/div><\/div><\/div><span class=\"rpi-stars\" style=\"--rating:5\"><\/span><div class=\"rpi-flx rpi-col4\"><div class=\"wp-google-feedback grw-scroll\" ><span class=\"wp-google-text\">Estoy contenta con el servicio.<br \/>Calidad precio muy bien.<\/span><\/div><\/div><svg height=\"16\" width=\"16\" role=\"none\"><use href=\"#grw-google\"\/><\/svg><\/div><\/div><div class=\"rpi-slide grw-review\"><div class=\"rpi-flx rpi-col12 grw-review-inner grw-backgnd\"><div class=\"rpi-flx rpi-row12-center\"><div class=\"grw-img-wrap\"><img loading=\"lazy\" decoding=\"async\" class=\"grw-img\" src=\"https:\/\/mundisofa.net\/wp-content\/uploads\/ChIJy7kdxfmSlxIRyIHZz70HJbI_97bc5edef8dc9c8da949a742421946c6.jpg\" loading=\"lazy\" alt=\"abisur C. profile picture\" width=\"50\" height=\"50\" onerror=\"if(this.src!='https:\/\/mundisofa.net\/wp-content\/plugins\/widget-google-reviews\/assets\/img\/guest.png')this.src='https:\/\/mundisofa.net\/wp-content\/plugins\/widget-google-reviews\/assets\/img\/guest.png';\" ><\/div><div class=\"rpi-flx rpi-col6\"><a href=\"https:\/\/www.google.com\/maps\/contrib\/102272219925289434040\/reviews\" class=\"wp-google-name\" target=\"_blank\" rel=\"nofollow noopener\">abisur C.<\/a><div class=\"wp-google-time\" data-time=\"1738987669\">04:07 08 Feb 25<\/div><\/div><\/div><span class=\"rpi-stars\" style=\"--rating:5\"><\/span><div class=\"rpi-flx rpi-col4\"><div class=\"wp-google-feedback grw-scroll\" ><span class=\"wp-google-text\">Acudimos a esta tienda con una idea algo confusa sobre qu\u00e9 tipo de sof\u00e1 nos ir\u00eda bien en nuestro sal\u00f3n y el personal que all\u00ed trabaja nos resolvi\u00f3 las dudas. Gracias a ellos y a su pol\u00edtica de venta ahora tenemos un magn\u00edfico sof\u00e1 que disfrutamos a diario. Altamente recomendable<\/span><\/div><\/div><svg height=\"16\" width=\"16\" role=\"none\"><use href=\"#grw-google\"\/><\/svg><\/div><\/div><div class=\"rpi-slide grw-review\"><div class=\"rpi-flx rpi-col12 grw-review-inner grw-backgnd\"><div class=\"rpi-flx rpi-row12-center\"><div class=\"grw-img-wrap\"><img loading=\"lazy\" decoding=\"async\" class=\"grw-img\" src=\"https:\/\/mundisofa.net\/wp-content\/uploads\/ChIJy7kdxfmSlxIRyIHZz70HJbI_ada8e3712a4ad5e6cc7ffd07d15e0374.jpg\" loading=\"lazy\" alt=\"juan gonzalez M. profile picture\" width=\"50\" height=\"50\" onerror=\"if(this.src!='https:\/\/mundisofa.net\/wp-content\/plugins\/widget-google-reviews\/assets\/img\/guest.png')this.src='https:\/\/mundisofa.net\/wp-content\/plugins\/widget-google-reviews\/assets\/img\/guest.png';\" ><\/div><div class=\"rpi-flx rpi-col6\"><a href=\"https:\/\/www.google.com\/maps\/contrib\/106128293476610704438\/reviews\" class=\"wp-google-name\" target=\"_blank\" rel=\"nofollow noopener\">juan gonzalez M.<\/a><div class=\"wp-google-time\" data-time=\"1738341505\">16:38 31 Jan 25<\/div><\/div><\/div><span class=\"rpi-stars\" style=\"--rating:5\"><\/span><div class=\"rpi-flx rpi-col4\"><div class=\"wp-google-feedback grw-scroll\" ><span class=\"wp-google-text\">Gran compra (sill\u00f3n relax motor con elevaci\u00f3n) la realizada en mundisofa, aconsejado siempre por un gran profesional y excelente servicio, calidad, precio. Recomendado 100%<\/span><\/div><\/div><svg height=\"16\" width=\"16\" role=\"none\"><use href=\"#grw-google\"\/><\/svg><\/div><\/div><\/div><button class=\"rpi-ltgt rpi-gt grw-next\" tabindex=\"0\"><\/button><div class=\"rpi-dots-wrap\"><div class=\"rpi-dots\"><\/div><\/div><\/div><\/div><\/div><script>(function(p){if(!p)return;let w=p.offsetWidth,m=function(a,b){return Math.min(a,b)===a};p.querySelector('.grw-row').classList.replace('grw-row-m','grw-row-'+(m(w,510)?'xs':m(w,750)?'x':m(w,1100)?'s':m(w,1450)?'m':m(w,1800)?'l':'xl'))})(document.currentScript?.parentElement)<\/script><\/div><\/div>\n\t\t\t\t\t\t<\/div>\n\t\t\t\t\t<\/div>\n\t\t\t\t<\/div>\n\t\t<div class=\"elementor-element elementor-element-74b5245 e-flex e-con-boxed e-con e-parent\" data-id=\"74b5245\" data-element_type=\"container\" data-e-type=\"container\">\n\t\t\t\t\t<div class=\"e-con-inner\">\n\t\t\t\t<div class=\"elementor-element elementor-element-8ccd258 elementor-widget elementor-widget-heading\" data-id=\"8ccd258\" data-element_type=\"widget\" data-e-type=\"widget\" data-widget_type=\"heading.default\">\n\t\t\t\t\t<h2 class=\"elementor-heading-title elementor-size-default\">Vols veure el sof\u00e0 Sol\u00f3n en persona?<\/h2>\t\t\t\t<\/div>\n\t\t\t\t<div class=\"elementor-element elementor-element-af7424a elementor-widget elementor-widget-text-editor\" data-id=\"af7424a\" data-element_type=\"widget\" data-e-type=\"widget\" data-widget_type=\"text-editor.default\">\n\t\t\t\t\t\t\t\t\t<p>Et convidem a visitar la nostra botiga a Palma per:<br>provar el confort del sof\u00e0<br>veure els entapissats reals<br>rebre assessorament professional<\/p>\t\t\t\t\t\t\t\t<\/div>\n\t\t<div class=\"elementor-element elementor-element-a4198d0 e-con-full e-flex e-con e-child\" data-id=\"a4198d0\" data-element_type=\"container\" data-e-type=\"container\">\n\t\t\t\t<div class=\"elementor-element elementor-element-4e73568 elementor-align-center elementor-mobile-align-justify elementor-widget-mobile__width-inherit elementor-widget elementor-widget-button\" data-id=\"4e73568\" data-element_type=\"widget\" data-e-type=\"widget\" data-widget_type=\"button.default\">\n\t\t\t\t\t\t\t\t\t\t<a class=\"elementor-button elementor-button-link elementor-size-sm\" href=\"https:\/\/maps.app.goo.gl\/chm5KJnyJPgYZedx6\" target=\"_blank\" rel=\"noopener\">\n\t\t\t\t\t\t<span class=\"elementor-button-content-wrapper\">\n\t\t\t\t\t\t\t\t\t<span class=\"elementor-button-text\">Demana informaci\u00f3 o veuen a provar-ho a botiga<\/span>\n\t\t\t\t\t<\/span>\n\t\t\t\t\t<\/a>\n\t\t\t\t\t\t\t\t<\/div>\n\t\t\t\t<div class=\"elementor-element elementor-element-179a8bf elementor-align-center elementor-mobile-align-justify elementor-widget-mobile__width-inherit elementor-widget elementor-widget-button\" data-id=\"179a8bf\" data-element_type=\"widget\" data-e-type=\"widget\" data-widget_type=\"button.default\">\n\t\t\t\t\t\t\t\t\t\t<a class=\"elementor-button elementor-button-link elementor-size-sm\" href=\"tel:871713264\">\n\t\t\t\t\t\t<span class=\"elementor-button-content-wrapper\">\n\t\t\t\t\t\t<span class=\"elementor-button-icon\">\n\t\t\t\t<svg aria-hidden=\"true\" class=\"e-font-icon-svg e-fas-phone-alt\" viewBox=\"0 0 512 512\" xmlns=\"http:\/\/www.w3.org\/2000\/svg\"><path d=\"M497.39 361.8l-112-48a24 24 0 0 0-28 6.9l-49.6 60.6A370.66 370.66 0 0 1 130.6 204.11l60.6-49.6a23.94 23.94 0 0 0 6.9-28l-48-112A24.16 24.16 0 0 0 122.6.61l-104 24A24 24 0 0 0 0 48c0 256.5 207.9 464 464 464a24 24 0 0 0 23.4-18.6l24-104a24.29 24.29 0 0 0-14.01-27.6z\"><\/path><\/svg>\t\t\t<\/span>\n\t\t\t\t\t\t\t\t\t<span class=\"elementor-button-text\">Trucar ara<\/span>\n\t\t\t\t\t<\/span>\n\t\t\t\t\t<\/a>\n\t\t\t\t\t\t\t\t<\/div>\n\t\t\t\t<\/div>\n\t\t\t\t\t<\/div>\n\t\t\t\t<\/div>\n\t\t\t\t<\/div>\n\t\t","protected":false},"excerpt":{"rendered":"<p>Sof\u00e0 Sol\u00f3n El sof\u00e0 Sol\u00f3n \u00e9s un model de gamma alta, dissenyat per als qui busquen alguna cosa m\u00e9s que un sof\u00e0 bonic: busquen comoditat real, durabilitat i la tranquil\u00b7litat de saber que el seu sof\u00e0 encaixar\u00e0 perfectament al seu sal\u00f3, sigui quina sigui la seva mida o distribuci\u00f3.A Mundisof\u00e0 portem m\u00e9s de 50 anys [&hellip;]<\/p>\n","protected":false},"author":1,"featured_media":0,"parent":2074,"menu_order":0,"comment_status":"closed","ping_status":"closed","template":"","meta":{"iawp_total_views":2,"_joinchat":[],"footnotes":""},"class_list":["post-1773","page","type-page","status-publish","hentry"],"_links":{"self":[{"href":"https:\/\/mundisofa.net\/ca\/wp-json\/wp\/v2\/pages\/1773","targetHints":{"allow":["GET"]}}],"collection":[{"href":"https:\/\/mundisofa.net\/ca\/wp-json\/wp\/v2\/pages"}],"about":[{"href":"https:\/\/mundisofa.net\/ca\/wp-json\/wp\/v2\/types\/page"}],"author":[{"embeddable":true,"href":"https:\/\/mundisofa.net\/ca\/wp-json\/wp\/v2\/users\/1"}],"replies":[{"embeddable":true,"href":"https:\/\/mundisofa.net\/ca\/wp-json\/wp\/v2\/comments?post=1773"}],"version-history":[{"count":1,"href":"https:\/\/mundisofa.net\/ca\/wp-json\/wp\/v2\/pages\/1773\/revisions"}],"predecessor-version":[{"id":1797,"href":"https:\/\/mundisofa.net\/ca\/wp-json\/wp\/v2\/pages\/1773\/revisions\/1797"}],"up":[{"embeddable":true,"href":"https:\/\/mundisofa.net\/ca\/wp-json\/wp\/v2\/pages\/2074"}],"wp:attachment":[{"href":"https:\/\/mundisofa.net\/ca\/wp-json\/wp\/v2\/media?parent=1773"}],"curies":[{"name":"wp","href":"https:\/\/api.w.org\/{rel}","templated":true}]}}