{"id":1746,"date":"2025-12-30T19:41:02","date_gmt":"2025-12-30T18:41:02","guid":{"rendered":"https:\/\/mundisofa.net\/model-regina\/"},"modified":"2026-01-13T18:37:36","modified_gmt":"2026-01-13T17:37:36","slug":"model-regina","status":"publish","type":"page","link":"https:\/\/mundisofa.net\/ca\/sofes\/model-regina\/","title":{"rendered":"Model Regina"},"content":{"rendered":"\t\t<div data-elementor-type=\"wp-page\" data-elementor-id=\"1746\" class=\"elementor elementor-1746 elementor-1612\" data-elementor-post-type=\"page\">\n\t\t\t\t<div class=\"elementor-element elementor-element-ae0f1cd e-flex e-con-boxed e-con e-parent\" data-id=\"ae0f1cd\" data-element_type=\"container\" data-e-type=\"container\" data-settings=\"{&quot;background_background&quot;:&quot;classic&quot;}\">\n\t\t\t\t\t<div class=\"e-con-inner\">\n\t\t\t\t<div class=\"elementor-element elementor-element-7093440 elementor-widget elementor-widget-heading\" data-id=\"7093440\" data-element_type=\"widget\" data-e-type=\"widget\" data-widget_type=\"heading.default\">\n\t\t\t\t\t<h1 class=\"elementor-heading-title elementor-size-default\">Sof\u00e0 Regina<\/h1>\t\t\t\t<\/div>\n\t\t\t\t\t<\/div>\n\t\t\t\t<\/div>\n\t\t<div class=\"elementor-element elementor-element-819a1d6 e-flex e-con-boxed e-con e-parent\" data-id=\"819a1d6\" data-element_type=\"container\" data-e-type=\"container\">\n\t\t\t\t\t<div class=\"e-con-inner\">\n\t\t\t\t<div class=\"elementor-element elementor-element-e6a4c64 elementor-widget elementor-widget-text-editor\" data-id=\"e6a4c64\" data-element_type=\"widget\" data-e-type=\"widget\" data-widget_type=\"text-editor.default\">\n\t\t\t\t\t\t\t\t\t<p>El sof\u00e0 Regina \u00e9s una elecci\u00f3 perfecta per als qui busquen un sof\u00e0 de pell natural, c\u00f2mode, funcional i amb una excel\u00b7lent relaci\u00f3 qualitat-preu dins de la gamma mitjana-alta.<br>La seva configuraci\u00f3 amb chaise longue, seients lliscs, arc\u00f3 integrat i cap\u00e7als multiposici\u00f3 el converteixen en un sof\u00e0 molt complet, pensat per gaudir-lo a diari amb total comoditat.<br>A Mundisof\u00e0 portem m\u00e9s de 50 anys al mateix local de Palma, ajudant els nostres clients a trobar sof\u00e0s que combinen confort, durabilitat i bon assessorament. Regina \u00e9s un d&#8217;aquests models que encaixen en moltes llars&#8230; i per bones raons. <\/p>\t\t\t\t\t\t\t\t<\/div>\n\t\t\t\t<div class=\"elementor-element elementor-element-6a83e81 elementor-widget elementor-widget-heading\" data-id=\"6a83e81\" data-element_type=\"widget\" data-e-type=\"widget\" data-widget_type=\"heading.default\">\n\t\t\t\t\t<p class=\"elementor-heading-title elementor-size-default\">Pell natural, chaise longue amb arc\u00f3 i un confort pensat per al dia a dia<\/p>\t\t\t\t<\/div>\n\t\t\t\t\t<\/div>\n\t\t\t\t<\/div>\n\t\t<div class=\"elementor-element elementor-element-e776ca2 e-flex e-con-boxed e-con e-parent\" data-id=\"e776ca2\" data-element_type=\"container\" data-e-type=\"container\">\n\t\t\t\t\t<div class=\"e-con-inner\">\n\t\t\t\t<div class=\"elementor-element elementor-element-1c33190 elementor-align-center elementor-widget elementor-widget-button\" data-id=\"1c33190\" data-element_type=\"widget\" data-e-type=\"widget\" data-widget_type=\"button.default\">\n\t\t\t\t\t\t\t\t\t\t<a class=\"elementor-button elementor-button-link elementor-size-sm\" href=\"https:\/\/mundisofa.net\/ca\/mundisofa\/\">\n\t\t\t\t\t\t<span class=\"elementor-button-content-wrapper\">\n\t\t\t\t\t\t\t\t\t<span class=\"elementor-button-text\">Veuen a provar-ho a la nostra botiga a Palma<\/span>\n\t\t\t\t\t<\/span>\n\t\t\t\t\t<\/a>\n\t\t\t\t\t\t\t\t<\/div>\n\t\t\t\t\t<\/div>\n\t\t\t\t<\/div>\n\t\t<div class=\"elementor-element elementor-element-320f607 e-flex e-con-boxed e-con e-parent\" data-id=\"320f607\" data-element_type=\"container\" data-e-type=\"container\">\n\t\t\t\t\t<div class=\"e-con-inner\">\n\t\t<div class=\"elementor-element elementor-element-792deab e-con-full e-flex e-con e-child\" data-id=\"792deab\" data-element_type=\"container\" data-e-type=\"container\">\n\t\t\t\t<div class=\"elementor-element elementor-element-b1fee7f elementor-widget elementor-widget-heading\" data-id=\"b1fee7f\" data-element_type=\"widget\" data-e-type=\"widget\" data-widget_type=\"heading.default\">\n\t\t\t\t\t<h2 class=\"elementor-heading-title elementor-size-default\">Pell natural de primera qualitat<\/h2>\t\t\t\t<\/div>\n\t\t\t\t<div class=\"elementor-element elementor-element-a1ca0ed elementor-widget elementor-widget-text-editor\" data-id=\"a1ca0ed\" data-element_type=\"widget\" data-e-type=\"widget\" data-widget_type=\"text-editor.default\">\n\t\t\t\t\t\t\t\t\t<p>Eleg\u00e0ncia, resist\u00e8ncia i f\u00e0cil manteniment<br>El sof\u00e0 Regina est\u00e0 entapissat en pell natural de primera qualitat, seleccionada pel seu tacte agradable, la seva resist\u00e8ncia a l&#8217;\u00fas diari i la seva capacitat per mantenir-se en bon estat amb el pas del temps.<br>La pell aporta:<\/p>\n<ul>\n<li>una est\u00e8tica elegant i atemporal<\/li>\n<li>gran durabilitat<\/li>\n<li>neteja senzilla<\/li>\n<li>una sensaci\u00f3 de confort immediata<\/li>\n<\/ul>\n<p>Un material ideal per als qui busquen un sof\u00e0 pr\u00e0ctic sense renunciar a una imatge acurat.<\/p>\t\t\t\t\t\t\t\t<\/div>\n\t\t\t\t<div class=\"elementor-element elementor-element-75ab8ac elementor-widget-divider--view-line elementor-widget elementor-widget-divider\" data-id=\"75ab8ac\" data-element_type=\"widget\" data-e-type=\"widget\" data-widget_type=\"divider.default\">\n\t\t\t\t\t\t\t<div class=\"elementor-divider\">\n\t\t\t<span class=\"elementor-divider-separator\">\n\t\t\t\t\t\t<\/span>\n\t\t<\/div>\n\t\t\t\t\t\t<\/div>\n\t\t\t\t<\/div>\n\t\t<div class=\"elementor-element elementor-element-f4c3de4 e-con-full e-flex e-con e-child\" data-id=\"f4c3de4\" data-element_type=\"container\" data-e-type=\"container\" data-settings=\"{&quot;background_background&quot;:&quot;classic&quot;}\">\n\t\t\t\t<\/div>\n\t\t\t\t\t<\/div>\n\t\t\t\t<\/div>\n\t\t<div class=\"elementor-element elementor-element-8cf6174 e-flex e-con-boxed e-con e-parent\" data-id=\"8cf6174\" data-element_type=\"container\" data-e-type=\"container\">\n\t\t\t\t\t<div class=\"e-con-inner\">\n\t\t<div class=\"elementor-element elementor-element-532ac60 e-con-full e-flex e-con e-child\" data-id=\"532ac60\" data-element_type=\"container\" data-e-type=\"container\" data-settings=\"{&quot;background_background&quot;:&quot;classic&quot;}\">\n\t\t\t\t<\/div>\n\t\t<div class=\"elementor-element elementor-element-6c882f6 e-con-full e-flex e-con e-child\" data-id=\"6c882f6\" data-element_type=\"container\" data-e-type=\"container\">\n\t\t\t\t<div class=\"elementor-element elementor-element-ca3a85e elementor-widget elementor-widget-heading\" data-id=\"ca3a85e\" data-element_type=\"widget\" data-e-type=\"widget\" data-widget_type=\"heading.default\">\n\t\t\t\t\t<h3 class=\"elementor-heading-title elementor-size-default\">Chaise longue amb arc integrat<\/h3>\t\t\t\t<\/div>\n\t\t\t\t<div class=\"elementor-element elementor-element-8ae8f25 elementor-widget elementor-widget-text-editor\" data-id=\"8ae8f25\" data-element_type=\"widget\" data-e-type=\"widget\" data-widget_type=\"text-editor.default\">\n\t\t\t\t\t\t\t\t\t<p>M\u00e9s espai, m\u00e9s ordre<br>La chaise longue del model Regina incorpora un arc\u00f3 de gran capacitat, perfecte per mantenir el sal\u00f3 organitzat.<br>Ideal per guardar:<\/p>\n<ul>\n<li>mantes<\/li>\n<li>coixins<\/li>\n<li>plaids<\/li>\n<li>objectes d&#8217; \u00fas ocasional<\/li>\n<\/ul>\n<p>Tot queda recollit i fora de la vista, sense ocupar espai addicional al sal\u00f3.<\/p>\t\t\t\t\t\t\t\t<\/div>\n\t\t\t\t<div class=\"elementor-element elementor-element-e1c30f4 elementor-widget-divider--view-line elementor-widget elementor-widget-divider\" data-id=\"e1c30f4\" data-element_type=\"widget\" data-e-type=\"widget\" data-widget_type=\"divider.default\">\n\t\t\t\t\t\t\t<div class=\"elementor-divider\">\n\t\t\t<span class=\"elementor-divider-separator\">\n\t\t\t\t\t\t<\/span>\n\t\t<\/div>\n\t\t\t\t\t\t<\/div>\n\t\t\t\t<\/div>\n\t\t\t\t\t<\/div>\n\t\t\t\t<\/div>\n\t\t<div class=\"elementor-element elementor-element-c5958d0 e-flex e-con-boxed e-con e-parent\" data-id=\"c5958d0\" data-element_type=\"container\" data-e-type=\"container\">\n\t\t\t\t\t<div class=\"e-con-inner\">\n\t\t<div class=\"elementor-element elementor-element-84f7fdc e-con-full e-flex e-con e-child\" data-id=\"84f7fdc\" data-element_type=\"container\" data-e-type=\"container\">\n\t\t\t\t<div class=\"elementor-element elementor-element-a02cd9c elementor-widget elementor-widget-heading\" data-id=\"a02cd9c\" data-element_type=\"widget\" data-e-type=\"widget\" data-widget_type=\"heading.default\">\n\t\t\t\t\t<h2 class=\"elementor-heading-title elementor-size-default\">Assentaments lliscs<\/h2>\t\t\t\t<\/div>\n\t\t\t\t<div class=\"elementor-element elementor-element-3c94603 elementor-widget elementor-widget-text-editor\" data-id=\"3c94603\" data-element_type=\"widget\" data-e-type=\"widget\" data-widget_type=\"text-editor.default\">\n\t\t\t\t\t\t\t\t\t<p>Confort adaptable en cada moment<br>Els seients del sof\u00e0 Regina s\u00f3n lliscats, cosa que permet ajustar la profunditat segons les teves necessitats.<br>Pots:<\/p>\n<ul>\n<li>asseure&#8217;t de forma m\u00e9s erguida<\/li>\n<li>estirar les cames<\/li>\n<li>crear una superf\u00edcie \u00e0mplia per descansar<\/li>\n<\/ul>\n<p>Una soluci\u00f3 molt pr\u00e0ctica per a l&#8217;\u00fas diari i per compartir moments en fam\u00edlia.<\/p>\t\t\t\t\t\t\t\t<\/div>\n\t\t\t\t<div class=\"elementor-element elementor-element-94d14c1 elementor-widget-divider--view-line elementor-widget elementor-widget-divider\" data-id=\"94d14c1\" data-element_type=\"widget\" data-e-type=\"widget\" data-widget_type=\"divider.default\">\n\t\t\t\t\t\t\t<div class=\"elementor-divider\">\n\t\t\t<span class=\"elementor-divider-separator\">\n\t\t\t\t\t\t<\/span>\n\t\t<\/div>\n\t\t\t\t\t\t<\/div>\n\t\t\t\t<\/div>\n\t\t<div class=\"elementor-element elementor-element-66ce759 e-con-full e-flex e-con e-child\" data-id=\"66ce759\" data-element_type=\"container\" data-e-type=\"container\" data-settings=\"{&quot;background_background&quot;:&quot;classic&quot;}\">\n\t\t\t\t<\/div>\n\t\t\t\t\t<\/div>\n\t\t\t\t<\/div>\n\t\t<div class=\"elementor-element elementor-element-22e32db e-flex e-con-boxed e-con e-parent\" data-id=\"22e32db\" data-element_type=\"container\" data-e-type=\"container\">\n\t\t\t\t\t<div class=\"e-con-inner\">\n\t\t<div class=\"elementor-element elementor-element-f970028 e-con-full e-flex e-con e-child\" data-id=\"f970028\" data-element_type=\"container\" data-e-type=\"container\" data-settings=\"{&quot;background_background&quot;:&quot;classic&quot;}\">\n\t\t\t\t<\/div>\n\t\t<div class=\"elementor-element elementor-element-17dea59 e-con-full e-flex e-con e-child\" data-id=\"17dea59\" data-element_type=\"container\" data-e-type=\"container\">\n\t\t\t\t<div class=\"elementor-element elementor-element-d4cedc7 elementor-widget elementor-widget-heading\" data-id=\"d4cedc7\" data-element_type=\"widget\" data-e-type=\"widget\" data-widget_type=\"heading.default\">\n\t\t\t\t\t<h3 class=\"elementor-heading-title elementor-size-default\">Cap\u00e7als multiposici\u00f3<\/h3>\t\t\t\t<\/div>\n\t\t\t\t<div class=\"elementor-element elementor-element-b5c77ce elementor-widget elementor-widget-text-editor\" data-id=\"b5c77ce\" data-element_type=\"widget\" data-e-type=\"widget\" data-widget_type=\"text-editor.default\">\n\t\t\t\t\t\t\t\t\t<p>Millor suport per a coll i cap<br>El sof\u00e0 Regina compta amb cap\u00e7als multiposici\u00f3, que permeten regular l&#8217;altura del recolzament segons la postura i l&#8217;altura de cada persona.<br>Aix\u00f2 millora notablement:<\/p>\n<ul>\n<li>el suport cervical<\/li>\n<li>la comoditat en veure la televisi\u00f3<\/li>\n<li>la sensaci\u00f3 de descans prolongat<\/li>\n<\/ul>\n<p>Un detall clau per gaudir del sof\u00e0 durant m\u00e9s temps sense fatiga.<\/p>\t\t\t\t\t\t\t\t<\/div>\n\t\t\t\t<div class=\"elementor-element elementor-element-ee921b1 elementor-widget-divider--view-line elementor-widget elementor-widget-divider\" data-id=\"ee921b1\" data-element_type=\"widget\" data-e-type=\"widget\" data-widget_type=\"divider.default\">\n\t\t\t\t\t\t\t<div class=\"elementor-divider\">\n\t\t\t<span class=\"elementor-divider-separator\">\n\t\t\t\t\t\t<\/span>\n\t\t<\/div>\n\t\t\t\t\t\t<\/div>\n\t\t\t\t<\/div>\n\t\t\t\t\t<\/div>\n\t\t\t\t<\/div>\n\t\t<div class=\"elementor-element elementor-element-871e072 e-flex e-con-boxed e-con e-parent\" data-id=\"871e072\" data-element_type=\"container\" data-e-type=\"container\">\n\t\t\t\t\t<div class=\"e-con-inner\">\n\t\t\t\t<div class=\"elementor-element elementor-element-3659b01 elementor-widget elementor-widget-heading\" data-id=\"3659b01\" data-element_type=\"widget\" data-e-type=\"widget\" data-widget_type=\"heading.default\">\n\t\t\t\t\t<h2 class=\"elementor-heading-title elementor-size-default\">Mesures d' aquesta composici\u00f3<\/h2>\t\t\t\t<\/div>\n\t\t\t\t<div class=\"elementor-element elementor-element-c34d98e elementor-widget elementor-widget-text-editor\" data-id=\"c34d98e\" data-element_type=\"widget\" data-e-type=\"widget\" data-widget_type=\"text-editor.default\">\n\t\t\t\t\t\t\t\t\t<p>La composici\u00f3 mostrada del sof\u00e0 Regina t\u00e9 unes mesures aproximades de:<br>295 cm x 180 cm (chaise longue)<br>Aquestes mesures corresponen a aquesta configuraci\u00f3 concreta.<br>En botiga podr\u00e0s consultar altres opcions i rebre assessorament per adaptar-lo al teu espai.<\/p>\t\t\t\t\t\t\t\t<\/div>\n\t\t\t\t<div class=\"elementor-element elementor-element-210813a elementor-widget-divider--view-line elementor-widget elementor-widget-divider\" data-id=\"210813a\" data-element_type=\"widget\" data-e-type=\"widget\" data-widget_type=\"divider.default\">\n\t\t\t\t\t\t\t<div class=\"elementor-divider\">\n\t\t\t<span class=\"elementor-divider-separator\">\n\t\t\t\t\t\t<\/span>\n\t\t<\/div>\n\t\t\t\t\t\t<\/div>\n\t\t\t\t\t<\/div>\n\t\t\t\t<\/div>\n\t\t<div class=\"elementor-element elementor-element-5fbf3a9 e-flex e-con-boxed e-con e-parent\" data-id=\"5fbf3a9\" data-element_type=\"container\" data-e-type=\"container\">\n\t\t\t\t\t<div class=\"e-con-inner\">\n\t\t\t\t<div class=\"elementor-element elementor-element-da2d0e2 elementor-widget elementor-widget-heading\" data-id=\"da2d0e2\" data-element_type=\"widget\" data-e-type=\"widget\" data-widget_type=\"heading.default\">\n\t\t\t\t\t<h2 class=\"elementor-heading-title elementor-size-default\">Un sof\u00e0 pensat per a l'\u00fas diari<\/h2>\t\t\t\t<\/div>\n\t\t\t\t\t<\/div>\n\t\t\t\t<\/div>\n\t\t<div class=\"elementor-element elementor-element-2c653c1 e-flex e-con-boxed e-con e-parent\" data-id=\"2c653c1\" data-element_type=\"container\" data-e-type=\"container\">\n\t\t\t\t\t<div class=\"e-con-inner\">\n\t\t<div class=\"elementor-element elementor-element-fbfd9e5 e-con-full e-flex e-con e-child\" data-id=\"fbfd9e5\" data-element_type=\"container\" data-e-type=\"container\" data-settings=\"{&quot;background_background&quot;:&quot;classic&quot;}\">\n\t\t\t\t<\/div>\n\t\t<div class=\"elementor-element elementor-element-7adefd5 e-con-full e-flex e-con e-child\" data-id=\"7adefd5\" data-element_type=\"container\" data-e-type=\"container\">\n\t\t\t\t<div class=\"elementor-element elementor-element-f7f604e elementor-widget elementor-widget-text-editor\" data-id=\"f7f604e\" data-element_type=\"widget\" data-e-type=\"widget\" data-widget_type=\"text-editor.default\">\n\t\t\t\t\t\t\t\t\t<p>Equilibri entre confort, funcionalitat i preu<br>El model Regina est\u00e0 pensat per als qui busquen un sof\u00e0:<\/p>\n<ul>\n<li>c\u00f2mode<\/li>\n<li>funcional<\/li>\n<li>durador<\/li>\n<li>amb un preu ajustat dins la pell natural<\/li>\n<\/ul>\n<p>\u00c9s una opci\u00f3 molt equilibrada per a salons on el sof\u00e0 \u00e9s el centre de la vida di\u00e0ria.<\/p>\t\t\t\t\t\t\t\t<\/div>\n\t\t\t\t<div class=\"elementor-element elementor-element-5d286ba elementor-widget-divider--view-line elementor-widget elementor-widget-divider\" data-id=\"5d286ba\" data-element_type=\"widget\" data-e-type=\"widget\" data-widget_type=\"divider.default\">\n\t\t\t\t\t\t\t<div class=\"elementor-divider\">\n\t\t\t<span class=\"elementor-divider-separator\">\n\t\t\t\t\t\t<\/span>\n\t\t<\/div>\n\t\t\t\t\t\t<\/div>\n\t\t\t\t<\/div>\n\t\t\t\t\t<\/div>\n\t\t\t\t<\/div>\n\t\t<div class=\"elementor-element elementor-element-09abf01 e-flex e-con-boxed e-con e-parent\" data-id=\"09abf01\" data-element_type=\"container\" data-e-type=\"container\" data-settings=\"{&quot;background_background&quot;:&quot;classic&quot;}\">\n\t\t\t\t\t<div class=\"e-con-inner\">\n\t\t\t\t<div class=\"elementor-element elementor-element-a5d6c1e elementor-widget elementor-widget-heading\" data-id=\"a5d6c1e\" data-element_type=\"widget\" data-e-type=\"widget\" data-widget_type=\"heading.default\">\n\t\t\t\t\t<h2 class=\"elementor-heading-title elementor-size-default\">Preu del sof\u00e0 Regina<\/h2>\t\t\t\t<\/div>\n\t\t\t\t<div class=\"elementor-element elementor-element-8e1bc64 elementor-widget elementor-widget-text-editor\" data-id=\"8e1bc64\" data-element_type=\"widget\" data-e-type=\"widget\" data-widget_type=\"text-editor.default\">\n\t\t\t\t\t\t\t\t\t<p>Preu habitual:<br>ATORGAT<br>Preu especial Mundisof\u00e0:<br>2.660 euros<br>Una excel\u00b7lent oportunitat per gaudir d&#8217;un sof\u00e0 de pell amb chaise longue, arc\u00f3 i seients lliscats a un preu molt competitiu.<\/p>\t\t\t\t\t\t\t\t<\/div>\n\t\t\t\t\t<\/div>\n\t\t\t\t<\/div>\n\t\t<div class=\"elementor-element elementor-element-a1aac98 e-flex e-con-boxed e-con e-parent\" data-id=\"a1aac98\" data-element_type=\"container\" data-e-type=\"container\">\n\t\t\t\t\t<div class=\"e-con-inner\">\n\t\t\t\t<div class=\"elementor-element elementor-element-6b96f44 elementor-widget elementor-widget-heading\" data-id=\"6b96f44\" data-element_type=\"widget\" data-e-type=\"widget\" data-widget_type=\"heading.default\">\n\t\t\t\t\t<h2 class=\"elementor-heading-title elementor-size-default\">Transport, lliurament i instal\u00b7laci\u00f3<\/h2>\t\t\t\t<\/div>\n\t\t\t\t\t<\/div>\n\t\t\t\t<\/div>\n\t\t<div class=\"elementor-element elementor-element-2c76996 e-flex e-con-boxed e-con e-parent\" data-id=\"2c76996\" data-element_type=\"container\" data-e-type=\"container\">\n\t\t\t\t\t<div class=\"e-con-inner\">\n\t\t<div class=\"elementor-element elementor-element-04a7cdb e-con-full e-flex e-con e-child\" data-id=\"04a7cdb\" data-element_type=\"container\" data-e-type=\"container\">\n\t\t\t\t<div class=\"elementor-element elementor-element-4af48ec elementor-widget elementor-widget-text-editor\" data-id=\"4af48ec\" data-element_type=\"widget\" data-e-type=\"widget\" data-widget_type=\"text-editor.default\">\n\t\t\t\t\t\t\t\t\t<p>Lliurament i instal\u00b7laci\u00f3 gratu\u00eftes a Palma<br>Muntatge professional incl\u00f2s<br>Sense costos ocults ni sorpreses<br>En casos especials (accessos complicats), s&#8217;informa sempre amb total transpar\u00e8ncia<\/p>\t\t\t\t\t\t\t\t<\/div>\n\t\t\t\t<div class=\"elementor-element elementor-element-2d5702c elementor-widget-divider--view-line elementor-widget elementor-widget-divider\" data-id=\"2d5702c\" data-element_type=\"widget\" data-e-type=\"widget\" data-widget_type=\"divider.default\">\n\t\t\t\t\t\t\t<div class=\"elementor-divider\">\n\t\t\t<span class=\"elementor-divider-separator\">\n\t\t\t\t\t\t<\/span>\n\t\t<\/div>\n\t\t\t\t\t\t<\/div>\n\t\t\t\t<\/div>\n\t\t<div class=\"elementor-element elementor-element-c175c14 e-con-full e-flex e-con e-child\" data-id=\"c175c14\" data-element_type=\"container\" data-e-type=\"container\" data-settings=\"{&quot;background_background&quot;:&quot;classic&quot;}\">\n\t\t\t\t<\/div>\n\t\t\t\t\t<\/div>\n\t\t\t\t<\/div>\n\t\t<div class=\"elementor-element elementor-element-20b2c92 e-flex e-con-boxed e-con e-parent\" data-id=\"20b2c92\" data-element_type=\"container\" data-e-type=\"container\">\n\t\t\t\t\t<div class=\"e-con-inner\">\n\t\t<div class=\"elementor-element elementor-element-47c6582 e-con-full e-flex e-con e-child\" data-id=\"47c6582\" data-element_type=\"container\" data-e-type=\"container\" data-settings=\"{&quot;background_background&quot;:&quot;classic&quot;}\">\n\t\t\t\t<\/div>\n\t\t<div class=\"elementor-element elementor-element-a135e98 e-con-full e-flex e-con e-child\" data-id=\"a135e98\" data-element_type=\"container\" data-e-type=\"container\">\n\t\t\t\t<div class=\"elementor-element elementor-element-d839ce7 elementor-widget elementor-widget-heading\" data-id=\"d839ce7\" data-element_type=\"widget\" data-e-type=\"widget\" data-widget_type=\"heading.default\">\n\t\t\t\t\t<h3 class=\"elementor-heading-title elementor-size-default\">Garantia i tranquil\u00b7litat<\/h3>\t\t\t\t<\/div>\n\t\t\t\t<div class=\"elementor-element elementor-element-cbbb756 elementor-widget elementor-widget-text-editor\" data-id=\"cbbb756\" data-element_type=\"widget\" data-e-type=\"widget\" data-widget_type=\"text-editor.default\">\n\t\t\t\t\t\t\t\t\t<p>El sof\u00e0 Regina compta amb garantia davant qualsevol defecte de fabricaci\u00f3, oferint la seguretat i tranquil\u00b7litat que s&#8217;espera d&#8217;un producte d&#8217;aquesta categoria.<br>A Mundisof\u00e0 apostem per sof\u00e0s que donin bon resultat amb el pas del temps.<\/p>\t\t\t\t\t\t\t\t<\/div>\n\t\t\t\t<\/div>\n\t\t\t\t\t<\/div>\n\t\t\t\t<\/div>\n\t\t<div class=\"elementor-element elementor-element-ffa4b27 e-flex e-con-boxed e-con e-parent\" data-id=\"ffa4b27\" data-element_type=\"container\" data-e-type=\"container\" data-settings=\"{&quot;background_background&quot;:&quot;classic&quot;}\">\n\t\t\t\t\t<div class=\"e-con-inner\">\n\t\t\t\t<div class=\"elementor-element elementor-element-b701568 elementor-widget elementor-widget-heading\" data-id=\"b701568\" data-element_type=\"widget\" data-e-type=\"widget\" data-widget_type=\"heading.default\">\n\t\t\t\t\t<h2 class=\"elementor-heading-title elementor-size-default\">Preguntes freq\u00fcents<\/h2>\t\t\t\t<\/div>\n\t\t\t\t<div class=\"elementor-element elementor-element-4389b21 elementor-widget elementor-widget-n-accordion\" data-id=\"4389b21\" data-element_type=\"widget\" data-e-type=\"widget\" data-settings=\"{&quot;default_state&quot;:&quot;all_collapsed&quot;,&quot;max_items_expended&quot;:&quot;one&quot;,&quot;n_accordion_animation_duration&quot;:{&quot;unit&quot;:&quot;ms&quot;,&quot;size&quot;:400,&quot;sizes&quot;:[]}}\" data-widget_type=\"nested-accordion.default\">\n\t\t\t\t\t\t\t<div class=\"e-n-accordion\" aria-label=\"Accordion. Open links with Enter or Space, close with Escape, and navigate with Arrow Keys\">\n\t\t\t\t\t\t<details id=\"e-n-accordion-item-7080\" class=\"e-n-accordion-item\" >\n\t\t\t\t<summary class=\"e-n-accordion-item-title\" data-accordion-index=\"1\" tabindex=\"0\" aria-expanded=\"false\" aria-controls=\"e-n-accordion-item-7080\" >\n\t\t\t\t\t<span class='e-n-accordion-item-title-header'><div class=\"e-n-accordion-item-title-text\"> El sof\u00e0 Regina \u00e9s de pell natural? <\/div><\/span>\n\t\t\t\t\t\t\t<span class='e-n-accordion-item-title-icon'>\n\t\t\t<span class='e-opened' ><svg aria-hidden=\"true\" class=\"e-font-icon-svg e-fas-sort-up\" viewBox=\"0 0 320 512\" xmlns=\"http:\/\/www.w3.org\/2000\/svg\"><path d=\"M279 224H41c-21.4 0-32.1-25.9-17-41L143 64c9.4-9.4 24.6-9.4 33.9 0l119 119c15.2 15.1 4.5 41-16.9 41z\"><\/path><\/svg><\/span>\n\t\t\t<span class='e-closed'><svg aria-hidden=\"true\" class=\"e-font-icon-svg e-fas-caret-right\" viewBox=\"0 0 192 512\" xmlns=\"http:\/\/www.w3.org\/2000\/svg\"><path d=\"M0 384.662V127.338c0-17.818 21.543-26.741 34.142-14.142l128.662 128.662c7.81 7.81 7.81 20.474 0 28.284L34.142 398.804C21.543 411.404 0 402.48 0 384.662z\"><\/path><\/svg><\/span>\n\t\t<\/span>\n\n\t\t\t\t\t\t<\/summary>\n\t\t\t\t<div role=\"region\" aria-labelledby=\"e-n-accordion-item-7080\" class=\"elementor-element elementor-element-1a10b1d e-con-full e-flex e-con e-child\" data-id=\"1a10b1d\" data-element_type=\"container\" data-e-type=\"container\">\n\t\t\t\t<div class=\"elementor-element elementor-element-2d5b24e elementor-widget elementor-widget-text-editor\" data-id=\"2d5b24e\" data-element_type=\"widget\" data-e-type=\"widget\" data-widget_type=\"text-editor.default\">\n\t\t\t\t\t\t\t\t\t<p>S\u00ed, est\u00e0 entapissat en pell natural de primera qualitat.<\/p>\t\t\t\t\t\t\t\t<\/div>\n\t\t\t\t<\/div>\n\t\t\t\t\t<\/details>\n\t\t\t\t\t\t<details id=\"e-n-accordion-item-7081\" class=\"e-n-accordion-item\" >\n\t\t\t\t<summary class=\"e-n-accordion-item-title\" data-accordion-index=\"2\" tabindex=\"-1\" aria-expanded=\"false\" aria-controls=\"e-n-accordion-item-7081\" >\n\t\t\t\t\t<span class='e-n-accordion-item-title-header'><div class=\"e-n-accordion-item-title-text\"> La chaise longue inclou arc\u00f3? <\/div><\/span>\n\t\t\t\t\t\t\t<span class='e-n-accordion-item-title-icon'>\n\t\t\t<span class='e-opened' ><svg aria-hidden=\"true\" class=\"e-font-icon-svg e-fas-sort-up\" viewBox=\"0 0 320 512\" xmlns=\"http:\/\/www.w3.org\/2000\/svg\"><path d=\"M279 224H41c-21.4 0-32.1-25.9-17-41L143 64c9.4-9.4 24.6-9.4 33.9 0l119 119c15.2 15.1 4.5 41-16.9 41z\"><\/path><\/svg><\/span>\n\t\t\t<span class='e-closed'><svg aria-hidden=\"true\" class=\"e-font-icon-svg e-fas-caret-right\" viewBox=\"0 0 192 512\" xmlns=\"http:\/\/www.w3.org\/2000\/svg\"><path d=\"M0 384.662V127.338c0-17.818 21.543-26.741 34.142-14.142l128.662 128.662c7.81 7.81 7.81 20.474 0 28.284L34.142 398.804C21.543 411.404 0 402.48 0 384.662z\"><\/path><\/svg><\/span>\n\t\t<\/span>\n\n\t\t\t\t\t\t<\/summary>\n\t\t\t\t<div role=\"region\" aria-labelledby=\"e-n-accordion-item-7081\" class=\"elementor-element elementor-element-0acf287 e-con-full e-flex e-con e-child\" data-id=\"0acf287\" data-element_type=\"container\" data-e-type=\"container\">\n\t\t\t\t<div class=\"elementor-element elementor-element-cff241d elementor-widget elementor-widget-text-editor\" data-id=\"cff241d\" data-element_type=\"widget\" data-e-type=\"widget\" data-widget_type=\"text-editor.default\">\n\t\t\t\t\t\t\t\t\t  S\u00ed, incorpora un arc\u00f3 de gran capacitat integrat.\t\t\t\t\t\t\t\t<\/div>\n\t\t\t\t<\/div>\n\t\t\t\t\t<\/details>\n\t\t\t\t\t\t<details id=\"e-n-accordion-item-7082\" class=\"e-n-accordion-item\" >\n\t\t\t\t<summary class=\"e-n-accordion-item-title\" data-accordion-index=\"3\" tabindex=\"-1\" aria-expanded=\"false\" aria-controls=\"e-n-accordion-item-7082\" >\n\t\t\t\t\t<span class='e-n-accordion-item-title-header'><div class=\"e-n-accordion-item-title-text\"> Els seients s\u00f3n regulables? <\/div><\/span>\n\t\t\t\t\t\t\t<span class='e-n-accordion-item-title-icon'>\n\t\t\t<span class='e-opened' ><svg aria-hidden=\"true\" class=\"e-font-icon-svg e-fas-sort-up\" viewBox=\"0 0 320 512\" xmlns=\"http:\/\/www.w3.org\/2000\/svg\"><path d=\"M279 224H41c-21.4 0-32.1-25.9-17-41L143 64c9.4-9.4 24.6-9.4 33.9 0l119 119c15.2 15.1 4.5 41-16.9 41z\"><\/path><\/svg><\/span>\n\t\t\t<span class='e-closed'><svg aria-hidden=\"true\" class=\"e-font-icon-svg e-fas-caret-right\" viewBox=\"0 0 192 512\" xmlns=\"http:\/\/www.w3.org\/2000\/svg\"><path d=\"M0 384.662V127.338c0-17.818 21.543-26.741 34.142-14.142l128.662 128.662c7.81 7.81 7.81 20.474 0 28.284L34.142 398.804C21.543 411.404 0 402.48 0 384.662z\"><\/path><\/svg><\/span>\n\t\t<\/span>\n\n\t\t\t\t\t\t<\/summary>\n\t\t\t\t<div role=\"region\" aria-labelledby=\"e-n-accordion-item-7082\" class=\"elementor-element elementor-element-b91b7af e-con-full e-flex e-con e-child\" data-id=\"b91b7af\" data-element_type=\"container\" data-e-type=\"container\">\n\t\t\t\t<div class=\"elementor-element elementor-element-129f5cc elementor-widget elementor-widget-text-editor\" data-id=\"129f5cc\" data-element_type=\"widget\" data-e-type=\"widget\" data-widget_type=\"text-editor.default\">\n\t\t\t\t\t\t\t\t\t<p>S\u00ed, els seients s\u00f3n lliscs per adaptar la profunditat.<\/p>\t\t\t\t\t\t\t\t<\/div>\n\t\t\t\t<\/div>\n\t\t\t\t\t<\/details>\n\t\t\t\t\t\t<details id=\"e-n-accordion-item-7083\" class=\"e-n-accordion-item\" >\n\t\t\t\t<summary class=\"e-n-accordion-item-title\" data-accordion-index=\"4\" tabindex=\"-1\" aria-expanded=\"false\" aria-controls=\"e-n-accordion-item-7083\" >\n\t\t\t\t\t<span class='e-n-accordion-item-title-header'><div class=\"e-n-accordion-item-title-text\"> Els recolzaments es poden regular? <\/div><\/span>\n\t\t\t\t\t\t\t<span class='e-n-accordion-item-title-icon'>\n\t\t\t<span class='e-opened' ><svg aria-hidden=\"true\" class=\"e-font-icon-svg e-fas-sort-up\" viewBox=\"0 0 320 512\" xmlns=\"http:\/\/www.w3.org\/2000\/svg\"><path d=\"M279 224H41c-21.4 0-32.1-25.9-17-41L143 64c9.4-9.4 24.6-9.4 33.9 0l119 119c15.2 15.1 4.5 41-16.9 41z\"><\/path><\/svg><\/span>\n\t\t\t<span class='e-closed'><svg aria-hidden=\"true\" class=\"e-font-icon-svg e-fas-caret-right\" viewBox=\"0 0 192 512\" xmlns=\"http:\/\/www.w3.org\/2000\/svg\"><path d=\"M0 384.662V127.338c0-17.818 21.543-26.741 34.142-14.142l128.662 128.662c7.81 7.81 7.81 20.474 0 28.284L34.142 398.804C21.543 411.404 0 402.48 0 384.662z\"><\/path><\/svg><\/span>\n\t\t<\/span>\n\n\t\t\t\t\t\t<\/summary>\n\t\t\t\t<div role=\"region\" aria-labelledby=\"e-n-accordion-item-7083\" class=\"elementor-element elementor-element-f9f648a e-con-full e-flex e-con e-child\" data-id=\"f9f648a\" data-element_type=\"container\" data-e-type=\"container\">\n\t\t\t\t<div class=\"elementor-element elementor-element-bec836a elementor-widget elementor-widget-text-editor\" data-id=\"bec836a\" data-element_type=\"widget\" data-e-type=\"widget\" data-widget_type=\"text-editor.default\">\n\t\t\t\t\t\t\t\t\t<p>S\u00ed, els cap\u00e7als s\u00f3n multiposici\u00f3.<\/p>\t\t\t\t\t\t\t\t<\/div>\n\t\t\t\t<\/div>\n\t\t\t\t\t<\/details>\n\t\t\t\t\t\t<details id=\"e-n-accordion-item-7084\" class=\"e-n-accordion-item\" >\n\t\t\t\t<summary class=\"e-n-accordion-item-title\" data-accordion-index=\"5\" tabindex=\"-1\" aria-expanded=\"false\" aria-controls=\"e-n-accordion-item-7084\" >\n\t\t\t\t\t<span class='e-n-accordion-item-title-header'><div class=\"e-n-accordion-item-title-text\"> Puc veure-ho i provar-ho en botiga? <\/div><\/span>\n\t\t\t\t\t\t\t<span class='e-n-accordion-item-title-icon'>\n\t\t\t<span class='e-opened' ><svg aria-hidden=\"true\" class=\"e-font-icon-svg e-fas-sort-up\" viewBox=\"0 0 320 512\" xmlns=\"http:\/\/www.w3.org\/2000\/svg\"><path d=\"M279 224H41c-21.4 0-32.1-25.9-17-41L143 64c9.4-9.4 24.6-9.4 33.9 0l119 119c15.2 15.1 4.5 41-16.9 41z\"><\/path><\/svg><\/span>\n\t\t\t<span class='e-closed'><svg aria-hidden=\"true\" class=\"e-font-icon-svg e-fas-caret-right\" viewBox=\"0 0 192 512\" xmlns=\"http:\/\/www.w3.org\/2000\/svg\"><path d=\"M0 384.662V127.338c0-17.818 21.543-26.741 34.142-14.142l128.662 128.662c7.81 7.81 7.81 20.474 0 28.284L34.142 398.804C21.543 411.404 0 402.48 0 384.662z\"><\/path><\/svg><\/span>\n\t\t<\/span>\n\n\t\t\t\t\t\t<\/summary>\n\t\t\t\t<div role=\"region\" aria-labelledby=\"e-n-accordion-item-7084\" class=\"elementor-element elementor-element-1af898b e-con-full e-flex e-con e-child\" data-id=\"1af898b\" data-element_type=\"container\" data-e-type=\"container\">\n\t\t\t\t<div class=\"elementor-element elementor-element-cdf77ed elementor-widget elementor-widget-text-editor\" data-id=\"cdf77ed\" data-element_type=\"widget\" data-e-type=\"widget\" data-widget_type=\"text-editor.default\">\n\t\t\t\t\t\t\t\t\t<p>S\u00ed, recomanem sempre provar el sof\u00e0 en persona per valorar el confort real.<\/p>\t\t\t\t\t\t\t\t<\/div>\n\t\t\t\t<\/div>\n\t\t\t\t\t<\/details>\n\t\t\t\t\t<\/div>\n\t\t\t\t\t\t<\/div>\n\t\t\t\t\t<\/div>\n\t\t\t\t<\/div>\n\t\t<div class=\"elementor-element elementor-element-52ab09a e-flex e-con-boxed e-con e-parent\" data-id=\"52ab09a\" data-element_type=\"container\" data-e-type=\"container\">\n\t\t\t\t\t<div class=\"e-con-inner\">\n\t\t\t\t<div class=\"elementor-element elementor-element-acbfcc1 elementor-widget elementor-widget-heading\" data-id=\"acbfcc1\" data-element_type=\"widget\" data-e-type=\"widget\" data-widget_type=\"heading.default\">\n\t\t\t\t\t<h2 class=\"elementor-heading-title elementor-size-default\">Ressenyes de clients<\/h2>\t\t\t\t<\/div>\n\t\t\t\t\t<\/div>\n\t\t\t\t<\/div>\n\t\t<div class=\"elementor-element elementor-element-6910664 e-flex e-con-boxed e-con e-parent\" data-id=\"6910664\" data-element_type=\"container\" data-e-type=\"container\">\n\t\t\t\t\t<div class=\"e-con-inner\">\n\t\t\t\t<div class=\"elementor-element elementor-element-4749619 elementor-widget elementor-widget-shortcode\" data-id=\"4749619\" data-element_type=\"widget\" data-e-type=\"widget\" data-widget_type=\"shortcode.default\">\n\t\t\t\t\t\t\t<div class=\"elementor-shortcode\"><div class=\"wp-gr rpi wpac\" data-id=\"1415\" data-layout=\"slider\" data-exec=\"false\" data-options='{&quot;text_size&quot;:&quot;&quot;,&quot;trans&quot;:{&quot;read more&quot;:&quot;M\\u00e9s&quot;}}'><svg xmlns=\"http:\/\/www.w3.org\/2000\/svg\" style=\"display:none!important\"><symbol id=\"grw-tripadvisor\" viewBox=\"0 0 713.496 713.496\"><g><circle fill=\"#34E0A1\" cx=\"356.749\" cy=\"356.748\" r=\"356.748\"\/><path d=\"M577.095,287.152l43.049-46.836h-95.465c-47.792-32.646-105.51-51.659-167.931-51.659   c-62.342,0-119.899,19.054-167.612,51.659H93.432l43.049,46.836c-26.387,24.075-42.929,58.754-42.929,97.259   c0,72.665,58.914,131.578,131.579,131.578c34.519,0,65.968-13.313,89.446-35.077l42.172,45.919l42.172-45.879   c23.478,21.764,54.887,35.037,89.406,35.037c72.665,0,131.658-58.913,131.658-131.578   C620.024,345.866,603.483,311.188,577.095,287.152z M225.17,473.458c-49.188,0-89.047-39.859-89.047-89.047   s39.86-89.048,89.047-89.048c49.187,0,89.047,39.86,89.047,89.048S274.357,473.458,225.17,473.458z M356.788,381.82   c0-58.595-42.61-108.898-98.853-130.383c30.413-12.716,63.776-19.771,98.813-19.771s68.439,7.055,98.853,19.771   C399.399,272.962,356.788,323.226,356.788,381.82z M488.367,473.458c-49.188,0-89.048-39.859-89.048-89.047   s39.86-89.048,89.048-89.048s89.047,39.86,89.047,89.048S537.554,473.458,488.367,473.458z M488.367,337.694   c-25.79,0-46.677,20.887-46.677,46.677c0,25.789,20.887,46.676,46.677,46.676c25.789,0,46.676-20.887,46.676-46.676   C535.042,358.621,514.156,337.694,488.367,337.694z M271.846,384.411c0,25.789-20.887,46.676-46.676,46.676   s-46.676-20.887-46.676-46.676c0-25.79,20.887-46.677,46.676-46.677C250.959,337.694,271.846,358.621,271.846,384.411z\"\/><\/g><\/symbol><symbol id=\"grw-google\" viewBox=\"0 0 512 512\"><g fill=\"none\" fill-rule=\"evenodd\"><path d=\"M482.56 261.36c0-16.73-1.5-32.83-4.29-48.27H256v91.29h127.01c-5.47 29.5-22.1 54.49-47.09 71.23v59.21h76.27c44.63-41.09 70.37-101.59 70.37-173.46z\" fill=\"#4285f4\"\/><path d=\"M256 492c63.72 0 117.14-21.13 156.19-57.18l-76.27-59.21c-21.13 14.16-48.17 22.53-79.92 22.53-61.47 0-113.49-41.51-132.05-97.3H45.1v61.15c38.83 77.13 118.64 130.01 210.9 130.01z\" fill=\"#34a853\"\/><path d=\"M123.95 300.84c-4.72-14.16-7.4-29.29-7.4-44.84s2.68-30.68 7.4-44.84V150.01H45.1C29.12 181.87 20 217.92 20 256c0 38.08 9.12 74.13 25.1 105.99l78.85-61.15z\" fill=\"#fbbc05\"\/><path d=\"M256 113.86c34.65 0 65.76 11.91 90.22 35.29l67.69-67.69C373.03 43.39 319.61 20 256 20c-92.25 0-172.07 52.89-210.9 130.01l78.85 61.15c18.56-55.78 70.59-97.3 132.05-97.3z\" fill=\"#ea4335\"\/><path d=\"M20 20h472v472H20V20z\"\/><\/g><\/symbol><\/svg><div class=\"grw-row grw-row-m\" data-options='{\"speed\":3,\"autoplay\":true,\"mousestop\":true,\"breakpoints\":\"\"}'><div class=\"rpi-slides-root grw-content\"><div class=\"grw-content-inner\"><button class=\"rpi-ltgt rpi-lt grw-prev\" tabindex=\"0\"><\/button><div class=\"rpi-slides grw-reviews rpi-slides-bite\" data-count=\"10\" data-offset=\"10\"><div class=\"rpi-slide grw-review\"><div class=\"rpi-flx rpi-col12 grw-review-inner grw-backgnd\"><div class=\"rpi-flx rpi-row12-center\"><div class=\"grw-img-wrap\"><img loading=\"lazy\" decoding=\"async\" class=\"grw-img\" src=\"https:\/\/mundisofa.net\/wp-content\/uploads\/ChIJy7kdxfmSlxIRyIHZz70HJbI_21932065a582e6834b0ee80385b1a416.jpg\" loading=\"lazy\" alt=\"Eva X profile picture\" width=\"50\" height=\"50\" onerror=\"if(this.src!='https:\/\/mundisofa.net\/wp-content\/plugins\/widget-google-reviews\/assets\/img\/guest.png')this.src='https:\/\/mundisofa.net\/wp-content\/plugins\/widget-google-reviews\/assets\/img\/guest.png';\" ><\/div><div class=\"rpi-flx rpi-col6\"><a href=\"https:\/\/www.google.com\/maps\/contrib\/114813592652723822092\/reviews\" class=\"wp-google-name\" target=\"_blank\" rel=\"nofollow noopener\">Eva X<\/a><div class=\"wp-google-time\" data-time=\"1752607452\">19:24 15 Jul 25<\/div><\/div><\/div><span class=\"rpi-stars\" style=\"--rating:5\"><\/span><div class=\"rpi-flx rpi-col4\"><div class=\"wp-google-feedback grw-scroll\" ><span class=\"wp-google-text\">Pase sin querer y me enamor\u00e9<br \/>Fue amor a primera vista. El trato muy cercano y profesional, me dieron muchas facilidades. En apenas 5 semanas tuve mi sof\u00e1 en casa y se llevaron el antiguo. Se nota la calidad de anta\u00f1o y precio muy asequible. Estoy encantada. Lo recomiendo sin duda<\/span><\/div><\/div><svg height=\"16\" width=\"16\" role=\"none\"><use href=\"#grw-google\"\/><\/svg><\/div><\/div><div class=\"rpi-slide grw-review\"><div class=\"rpi-flx rpi-col12 grw-review-inner grw-backgnd\"><div class=\"rpi-flx rpi-row12-center\"><div class=\"grw-img-wrap\"><img loading=\"lazy\" decoding=\"async\" class=\"grw-img\" src=\"https:\/\/mundisofa.net\/wp-content\/uploads\/ChIJy7kdxfmSlxIRyIHZz70HJbI_5139b1e33b1bd36ee432957435225643.jpg\" loading=\"lazy\" alt=\"Jose R. profile picture\" width=\"50\" height=\"50\" onerror=\"if(this.src!='https:\/\/mundisofa.net\/wp-content\/plugins\/widget-google-reviews\/assets\/img\/guest.png')this.src='https:\/\/mundisofa.net\/wp-content\/plugins\/widget-google-reviews\/assets\/img\/guest.png';\" ><\/div><div class=\"rpi-flx rpi-col6\"><a href=\"https:\/\/www.google.com\/maps\/contrib\/110596398401820561871\/reviews\" class=\"wp-google-name\" target=\"_blank\" rel=\"nofollow noopener\">Jose R.<\/a><div class=\"wp-google-time\" data-time=\"1749064600\">19:16 04 Jun 25<\/div><\/div><\/div><span class=\"rpi-stars\" style=\"--rating:5\"><\/span><div class=\"rpi-flx rpi-col4\"><div class=\"wp-google-feedback grw-scroll\" ><span class=\"wp-google-text\">Es el segundo sof\u00e1 que hemos comprado aqu\u00ed y el trato y la profesionalidad siempre han sido estupendos.\u00a1Lo recomendamos!<\/span><\/div><\/div><svg height=\"16\" width=\"16\" role=\"none\"><use href=\"#grw-google\"\/><\/svg><\/div><\/div><div class=\"rpi-slide grw-review\"><div class=\"rpi-flx rpi-col12 grw-review-inner grw-backgnd\"><div class=\"rpi-flx rpi-row12-center\"><div class=\"grw-img-wrap\"><img loading=\"lazy\" decoding=\"async\" class=\"grw-img\" src=\"https:\/\/mundisofa.net\/wp-content\/uploads\/ChIJy7kdxfmSlxIRyIHZz70HJbI_13436eeac7210ea8ef30733c79ffa456.jpg\" loading=\"lazy\" alt=\"Leopoldo Rodr\u00edguez A. profile picture\" width=\"50\" height=\"50\" onerror=\"if(this.src!='https:\/\/mundisofa.net\/wp-content\/plugins\/widget-google-reviews\/assets\/img\/guest.png')this.src='https:\/\/mundisofa.net\/wp-content\/plugins\/widget-google-reviews\/assets\/img\/guest.png';\" ><\/div><div class=\"rpi-flx rpi-col6\"><a href=\"https:\/\/www.google.com\/maps\/contrib\/107951056643900090859\/reviews\" class=\"wp-google-name\" target=\"_blank\" rel=\"nofollow noopener\">Leopoldo Rodr\u00edguez A.<\/a><div class=\"wp-google-time\" data-time=\"1747334931\">18:48 15 May 25<\/div><\/div><\/div><span class=\"rpi-stars\" style=\"--rating:5\"><\/span><div class=\"rpi-flx rpi-col4\"><div class=\"wp-google-feedback grw-scroll\" ><span class=\"wp-google-text\">Estoy muy contento con mi sof\u00e1 y felicitar tanto al propietario por su trato al cliente.muy amable y muy profesional y tambi\u00e9n felicitar, ha los empleados muy profesionales con su trabajo y trato al cliente.no les doy m\u00e1s estrellas porque no se puede se lo merecen.sin duda volver\u00e9 a comprar!! Recomiendo mundisofa!! Un saludo para todos y un 10 como tienda y un 10 para propietarios y empleados. Que dure 50 a\u00f1os m\u00e1s ( FELICIDADES)<\/span><\/div><\/div><svg height=\"16\" width=\"16\" role=\"none\"><use href=\"#grw-google\"\/><\/svg><\/div><\/div><div class=\"rpi-slide grw-review\"><div class=\"rpi-flx rpi-col12 grw-review-inner grw-backgnd\"><div class=\"rpi-flx rpi-row12-center\"><div class=\"grw-img-wrap\"><img loading=\"lazy\" decoding=\"async\" class=\"grw-img\" src=\"https:\/\/mundisofa.net\/wp-content\/uploads\/ChIJy7kdxfmSlxIRyIHZz70HJbI_afffe95530abf2751c4a842c8a945dd2.jpg\" loading=\"lazy\" alt=\"Mar\u00eda Dolores H. profile picture\" width=\"50\" height=\"50\" onerror=\"if(this.src!='https:\/\/mundisofa.net\/wp-content\/plugins\/widget-google-reviews\/assets\/img\/guest.png')this.src='https:\/\/mundisofa.net\/wp-content\/plugins\/widget-google-reviews\/assets\/img\/guest.png';\" ><\/div><div class=\"rpi-flx rpi-col6\"><a href=\"https:\/\/www.google.com\/maps\/contrib\/116544985388178280548\/reviews\" class=\"wp-google-name\" target=\"_blank\" rel=\"nofollow noopener\">Mar\u00eda Dolores H.<\/a><div class=\"wp-google-time\" data-time=\"1741987149\">21:19 14 Mar 25<\/div><\/div><\/div><span class=\"rpi-stars\" style=\"--rating:5\"><\/span><div class=\"rpi-flx rpi-col4\"><div class=\"wp-google-feedback grw-scroll\" ><span class=\"wp-google-text\">Precios muy ajustados para la gran calidad. Personal amable y atento. Cumplen con los plazos de tiempo prometidos. Volver\u00eda a comprar aqu\u00ed.<\/span><\/div><\/div><svg height=\"16\" width=\"16\" role=\"none\"><use href=\"#grw-google\"\/><\/svg><\/div><\/div><div class=\"rpi-slide grw-review\"><div class=\"rpi-flx rpi-col12 grw-review-inner grw-backgnd\"><div class=\"rpi-flx rpi-row12-center\"><div class=\"grw-img-wrap\"><img loading=\"lazy\" decoding=\"async\" class=\"grw-img\" src=\"https:\/\/mundisofa.net\/wp-content\/uploads\/ChIJy7kdxfmSlxIRyIHZz70HJbI_6627e90d81ba07b885bbf826b3a7a1fe.jpg\" loading=\"lazy\" alt=\"Zavala J. profile picture\" width=\"50\" height=\"50\" onerror=\"if(this.src!='https:\/\/mundisofa.net\/wp-content\/plugins\/widget-google-reviews\/assets\/img\/guest.png')this.src='https:\/\/mundisofa.net\/wp-content\/plugins\/widget-google-reviews\/assets\/img\/guest.png';\" ><\/div><div class=\"rpi-flx rpi-col6\"><a href=\"https:\/\/www.google.com\/maps\/contrib\/101393134875482236076\/reviews\" class=\"wp-google-name\" target=\"_blank\" rel=\"nofollow noopener\">Zavala J.<\/a><div class=\"wp-google-time\" data-time=\"1741060308\">03:51 04 Mar 25<\/div><\/div><\/div><span class=\"rpi-stars\" style=\"--rating:5\"><\/span><div class=\"rpi-flx rpi-col4\"><div class=\"wp-google-feedback grw-scroll\" ><span class=\"wp-google-text\">Compr\u00e9 un sof\u00e1 con una parte relax y un sill\u00f3n relax, son super c\u00f3modos, bonitos y con un<br \/>dise\u00f1o diferente. Estamos encantados. La atenci\u00f3n fue estupenda.<\/span><\/div><\/div><svg height=\"16\" width=\"16\" role=\"none\"><use href=\"#grw-google\"\/><\/svg><\/div><\/div><div class=\"rpi-slide grw-review\"><div class=\"rpi-flx rpi-col12 grw-review-inner grw-backgnd\"><div class=\"rpi-flx rpi-row12-center\"><div class=\"grw-img-wrap\"><img loading=\"lazy\" decoding=\"async\" class=\"grw-img\" src=\"https:\/\/mundisofa.net\/wp-content\/uploads\/ChIJy7kdxfmSlxIRyIHZz70HJbI_0213d0a23200e87524309dfd9f99f31a.jpg\" loading=\"lazy\" alt=\"Ariana profile picture\" width=\"50\" height=\"50\" onerror=\"if(this.src!='https:\/\/mundisofa.net\/wp-content\/plugins\/widget-google-reviews\/assets\/img\/guest.png')this.src='https:\/\/mundisofa.net\/wp-content\/plugins\/widget-google-reviews\/assets\/img\/guest.png';\" ><\/div><div class=\"rpi-flx rpi-col6\"><a href=\"https:\/\/www.google.com\/maps\/contrib\/113380308318477087211\/reviews\" class=\"wp-google-name\" target=\"_blank\" rel=\"nofollow noopener\">Ariana<\/a><div class=\"wp-google-time\" data-time=\"1740324262\">15:24 23 Feb 25<\/div><\/div><\/div><span class=\"rpi-stars\" style=\"--rating:5\"><\/span><div class=\"rpi-flx rpi-col4\"><div class=\"wp-google-feedback grw-scroll\" ><span class=\"wp-google-text\">\u00cdbamos buscando un modelo en concreto de sof\u00e1, por internet vimos que en Mundisofa, lo<br \/>ten\u00edan y acudimos a la tienda por las buenas rese\u00f1as que tienen en la web. Acabamos<br \/>comprando dos sof\u00e1s, son de una calidad suprema y muy c\u00f3modos, adem\u00e1s de<br \/>est\u00e9ticamente preciosos. La entrega dentro de los plazos<\/span><\/div><\/div><svg height=\"16\" width=\"16\" role=\"none\"><use href=\"#grw-google\"\/><\/svg><\/div><\/div><div class=\"rpi-slide grw-review\"><div class=\"rpi-flx rpi-col12 grw-review-inner grw-backgnd\"><div class=\"rpi-flx rpi-row12-center\"><div class=\"grw-img-wrap\"><img loading=\"lazy\" decoding=\"async\" class=\"grw-img\" src=\"https:\/\/mundisofa.net\/wp-content\/uploads\/ChIJy7kdxfmSlxIRyIHZz70HJbI_c7015a8a7827bedaba5343b0adebe8f2.jpg\" loading=\"lazy\" alt=\"Alexa Isbette Per\u00e9z Z. profile picture\" width=\"50\" height=\"50\" onerror=\"if(this.src!='https:\/\/mundisofa.net\/wp-content\/plugins\/widget-google-reviews\/assets\/img\/guest.png')this.src='https:\/\/mundisofa.net\/wp-content\/plugins\/widget-google-reviews\/assets\/img\/guest.png';\" ><\/div><div class=\"rpi-flx rpi-col6\"><a href=\"https:\/\/www.google.com\/maps\/contrib\/112121326381912938410\/reviews\" class=\"wp-google-name\" target=\"_blank\" rel=\"nofollow noopener\">Alexa Isbette Per\u00e9z Z.<\/a><div class=\"wp-google-time\" data-time=\"1739497532\">01:45 14 Feb 25<\/div><\/div><\/div><span class=\"rpi-stars\" style=\"--rating:5\"><\/span><div class=\"rpi-flx rpi-col4\"><div class=\"wp-google-feedback grw-scroll\" ><span class=\"wp-google-text\">Miramos sof\u00e1s en bastantes tiendas antes y despu\u00e9s de hacerlo aqu\u00ed, ya no hubo duda de<br \/>d\u00f3nde comprarlo. Lo m\u00e1s importante, un producto de calidad, junto a un profesional muy<br \/>amable y atento, un precio competitivo y un seguimiento post venta poco habitual.<\/span><\/div><\/div><svg height=\"16\" width=\"16\" role=\"none\"><use href=\"#grw-google\"\/><\/svg><\/div><\/div><div class=\"rpi-slide grw-review\"><div class=\"rpi-flx rpi-col12 grw-review-inner grw-backgnd\"><div class=\"rpi-flx rpi-row12-center\"><div class=\"grw-img-wrap\"><img loading=\"lazy\" decoding=\"async\" class=\"grw-img\" src=\"https:\/\/mundisofa.net\/wp-content\/uploads\/ChIJy7kdxfmSlxIRyIHZz70HJbI_2da37f6ed59a29989a797d28b6c913f2.jpg\" loading=\"lazy\" alt=\"catalina S. profile picture\" width=\"50\" height=\"50\" onerror=\"if(this.src!='https:\/\/mundisofa.net\/wp-content\/plugins\/widget-google-reviews\/assets\/img\/guest.png')this.src='https:\/\/mundisofa.net\/wp-content\/plugins\/widget-google-reviews\/assets\/img\/guest.png';\" ><\/div><div class=\"rpi-flx rpi-col6\"><a href=\"https:\/\/www.google.com\/maps\/contrib\/107324631483731406799\/reviews\" class=\"wp-google-name\" target=\"_blank\" rel=\"nofollow noopener\">catalina S.<\/a><div class=\"wp-google-time\" data-time=\"1739464033\">16:27 13 Feb 25<\/div><\/div><\/div><span class=\"rpi-stars\" style=\"--rating:5\"><\/span><div class=\"rpi-flx rpi-col4\"><div class=\"wp-google-feedback grw-scroll\" ><span class=\"wp-google-text\">Estoy contenta con el servicio.<br \/>Calidad precio muy bien.<\/span><\/div><\/div><svg height=\"16\" width=\"16\" role=\"none\"><use href=\"#grw-google\"\/><\/svg><\/div><\/div><div class=\"rpi-slide grw-review\"><div class=\"rpi-flx rpi-col12 grw-review-inner grw-backgnd\"><div class=\"rpi-flx rpi-row12-center\"><div class=\"grw-img-wrap\"><img loading=\"lazy\" decoding=\"async\" class=\"grw-img\" src=\"https:\/\/mundisofa.net\/wp-content\/uploads\/ChIJy7kdxfmSlxIRyIHZz70HJbI_97bc5edef8dc9c8da949a742421946c6.jpg\" loading=\"lazy\" alt=\"abisur C. profile picture\" width=\"50\" height=\"50\" onerror=\"if(this.src!='https:\/\/mundisofa.net\/wp-content\/plugins\/widget-google-reviews\/assets\/img\/guest.png')this.src='https:\/\/mundisofa.net\/wp-content\/plugins\/widget-google-reviews\/assets\/img\/guest.png';\" ><\/div><div class=\"rpi-flx rpi-col6\"><a href=\"https:\/\/www.google.com\/maps\/contrib\/102272219925289434040\/reviews\" class=\"wp-google-name\" target=\"_blank\" rel=\"nofollow noopener\">abisur C.<\/a><div class=\"wp-google-time\" data-time=\"1738987669\">04:07 08 Feb 25<\/div><\/div><\/div><span class=\"rpi-stars\" style=\"--rating:5\"><\/span><div class=\"rpi-flx rpi-col4\"><div class=\"wp-google-feedback grw-scroll\" ><span class=\"wp-google-text\">Acudimos a esta tienda con una idea algo confusa sobre qu\u00e9 tipo de sof\u00e1 nos ir\u00eda bien en nuestro sal\u00f3n y el personal que all\u00ed trabaja nos resolvi\u00f3 las dudas. Gracias a ellos y a su pol\u00edtica de venta ahora tenemos un magn\u00edfico sof\u00e1 que disfrutamos a diario. Altamente recomendable<\/span><\/div><\/div><svg height=\"16\" width=\"16\" role=\"none\"><use href=\"#grw-google\"\/><\/svg><\/div><\/div><div class=\"rpi-slide grw-review\"><div class=\"rpi-flx rpi-col12 grw-review-inner grw-backgnd\"><div class=\"rpi-flx rpi-row12-center\"><div class=\"grw-img-wrap\"><img loading=\"lazy\" decoding=\"async\" class=\"grw-img\" src=\"https:\/\/mundisofa.net\/wp-content\/uploads\/ChIJy7kdxfmSlxIRyIHZz70HJbI_ada8e3712a4ad5e6cc7ffd07d15e0374.jpg\" loading=\"lazy\" alt=\"juan gonzalez M. profile picture\" width=\"50\" height=\"50\" onerror=\"if(this.src!='https:\/\/mundisofa.net\/wp-content\/plugins\/widget-google-reviews\/assets\/img\/guest.png')this.src='https:\/\/mundisofa.net\/wp-content\/plugins\/widget-google-reviews\/assets\/img\/guest.png';\" ><\/div><div class=\"rpi-flx rpi-col6\"><a href=\"https:\/\/www.google.com\/maps\/contrib\/106128293476610704438\/reviews\" class=\"wp-google-name\" target=\"_blank\" rel=\"nofollow noopener\">juan gonzalez M.<\/a><div class=\"wp-google-time\" data-time=\"1738341505\">16:38 31 Jan 25<\/div><\/div><\/div><span class=\"rpi-stars\" style=\"--rating:5\"><\/span><div class=\"rpi-flx rpi-col4\"><div class=\"wp-google-feedback grw-scroll\" ><span class=\"wp-google-text\">Gran compra (sill\u00f3n relax motor con elevaci\u00f3n) la realizada en mundisofa, aconsejado siempre por un gran profesional y excelente servicio, calidad, precio. Recomendado 100%<\/span><\/div><\/div><svg height=\"16\" width=\"16\" role=\"none\"><use href=\"#grw-google\"\/><\/svg><\/div><\/div><\/div><button class=\"rpi-ltgt rpi-gt grw-next\" tabindex=\"0\"><\/button><div class=\"rpi-dots-wrap\"><div class=\"rpi-dots\"><\/div><\/div><\/div><\/div><\/div><script>(function(p){if(!p)return;let w=p.offsetWidth,m=function(a,b){return Math.min(a,b)===a};p.querySelector('.grw-row').classList.replace('grw-row-m','grw-row-'+(m(w,510)?'xs':m(w,750)?'x':m(w,1100)?'s':m(w,1450)?'m':m(w,1800)?'l':'xl'))})(document.currentScript?.parentElement)<\/script><\/div><\/div>\n\t\t\t\t\t\t<\/div>\n\t\t\t\t\t<\/div>\n\t\t\t\t<\/div>\n\t\t<div class=\"elementor-element elementor-element-c2a3325 e-flex e-con-boxed e-con e-parent\" data-id=\"c2a3325\" data-element_type=\"container\" data-e-type=\"container\">\n\t\t\t\t\t<div class=\"e-con-inner\">\n\t\t\t\t<div class=\"elementor-element elementor-element-28e2b68 elementor-widget elementor-widget-heading\" data-id=\"28e2b68\" data-element_type=\"widget\" data-e-type=\"widget\" data-widget_type=\"heading.default\">\n\t\t\t\t\t<h2 class=\"elementor-heading-title elementor-size-default\">Vols provar el sof\u00e0 Regina en persona?<\/h2>\t\t\t\t<\/div>\n\t\t\t\t<div class=\"elementor-element elementor-element-34924fb elementor-widget elementor-widget-text-editor\" data-id=\"34924fb\" data-element_type=\"widget\" data-e-type=\"widget\" data-widget_type=\"text-editor.default\">\n\t\t\t\t\t\t\t\t\t<p>Vis\u00edtans a la nostra botiga de Palma per a:<br>comprovar el confort real del sof\u00e0<br>veure la pell i els acabats<br>rebre assessorament professional<\/p>\t\t\t\t\t\t\t\t<\/div>\n\t\t<div class=\"elementor-element elementor-element-93897b1 e-con-full e-flex e-con e-child\" data-id=\"93897b1\" data-element_type=\"container\" data-e-type=\"container\">\n\t\t\t\t<div class=\"elementor-element elementor-element-df3378f elementor-align-center elementor-mobile-align-justify elementor-widget-mobile__width-inherit elementor-widget elementor-widget-button\" data-id=\"df3378f\" data-element_type=\"widget\" data-e-type=\"widget\" data-widget_type=\"button.default\">\n\t\t\t\t\t\t\t\t\t\t<a class=\"elementor-button elementor-button-link elementor-size-sm\" href=\"https:\/\/maps.app.goo.gl\/chm5KJnyJPgYZedx6\" target=\"_blank\" rel=\"noopener\">\n\t\t\t\t\t\t<span class=\"elementor-button-content-wrapper\">\n\t\t\t\t\t\t\t\t\t<span class=\"elementor-button-text\">Demana informaci\u00f3 o veuen a provar-ho a botiga<\/span>\n\t\t\t\t\t<\/span>\n\t\t\t\t\t<\/a>\n\t\t\t\t\t\t\t\t<\/div>\n\t\t\t\t<div class=\"elementor-element elementor-element-5bf6382 elementor-align-center elementor-mobile-align-justify elementor-widget-mobile__width-inherit elementor-widget elementor-widget-button\" data-id=\"5bf6382\" data-element_type=\"widget\" data-e-type=\"widget\" data-widget_type=\"button.default\">\n\t\t\t\t\t\t\t\t\t\t<a class=\"elementor-button elementor-button-link elementor-size-sm\" href=\"tel:871713264\">\n\t\t\t\t\t\t<span class=\"elementor-button-content-wrapper\">\n\t\t\t\t\t\t<span class=\"elementor-button-icon\">\n\t\t\t\t<svg aria-hidden=\"true\" class=\"e-font-icon-svg e-fas-phone-alt\" viewBox=\"0 0 512 512\" xmlns=\"http:\/\/www.w3.org\/2000\/svg\"><path d=\"M497.39 361.8l-112-48a24 24 0 0 0-28 6.9l-49.6 60.6A370.66 370.66 0 0 1 130.6 204.11l60.6-49.6a23.94 23.94 0 0 0 6.9-28l-48-112A24.16 24.16 0 0 0 122.6.61l-104 24A24 24 0 0 0 0 48c0 256.5 207.9 464 464 464a24 24 0 0 0 23.4-18.6l24-104a24.29 24.29 0 0 0-14.01-27.6z\"><\/path><\/svg>\t\t\t<\/span>\n\t\t\t\t\t\t\t\t\t<span class=\"elementor-button-text\">Trucar ara<\/span>\n\t\t\t\t\t<\/span>\n\t\t\t\t\t<\/a>\n\t\t\t\t\t\t\t\t<\/div>\n\t\t\t\t<\/div>\n\t\t\t\t\t<\/div>\n\t\t\t\t<\/div>\n\t\t\t\t<\/div>\n\t\t","protected":false},"excerpt":{"rendered":"<p>Sof\u00e0 Regina El sof\u00e0 Regina \u00e9s una elecci\u00f3 perfecta per als qui busquen un sof\u00e0 de pell natural, c\u00f2mode, funcional i amb una excel\u00b7lent relaci\u00f3 qualitat-preu dins de la gamma mitjana-alta.La seva configuraci\u00f3 amb chaise longue, seients lliscs, arc\u00f3 integrat i cap\u00e7als multiposici\u00f3 el converteixen en un sof\u00e0 molt complet, pensat per gaudir-lo a diari [&hellip;]<\/p>\n","protected":false},"author":1,"featured_media":0,"parent":2074,"menu_order":0,"comment_status":"closed","ping_status":"closed","template":"","meta":{"iawp_total_views":2,"_joinchat":[],"footnotes":""},"class_list":["post-1746","page","type-page","status-publish","hentry"],"_links":{"self":[{"href":"https:\/\/mundisofa.net\/ca\/wp-json\/wp\/v2\/pages\/1746","targetHints":{"allow":["GET"]}}],"collection":[{"href":"https:\/\/mundisofa.net\/ca\/wp-json\/wp\/v2\/pages"}],"about":[{"href":"https:\/\/mundisofa.net\/ca\/wp-json\/wp\/v2\/types\/page"}],"author":[{"embeddable":true,"href":"https:\/\/mundisofa.net\/ca\/wp-json\/wp\/v2\/users\/1"}],"replies":[{"embeddable":true,"href":"https:\/\/mundisofa.net\/ca\/wp-json\/wp\/v2\/comments?post=1746"}],"version-history":[{"count":1,"href":"https:\/\/mundisofa.net\/ca\/wp-json\/wp\/v2\/pages\/1746\/revisions"}],"predecessor-version":[{"id":1754,"href":"https:\/\/mundisofa.net\/ca\/wp-json\/wp\/v2\/pages\/1746\/revisions\/1754"}],"up":[{"embeddable":true,"href":"https:\/\/mundisofa.net\/ca\/wp-json\/wp\/v2\/pages\/2074"}],"wp:attachment":[{"href":"https:\/\/mundisofa.net\/ca\/wp-json\/wp\/v2\/media?parent=1746"}],"curies":[{"name":"wp","href":"https:\/\/api.w.org\/{rel}","templated":true}]}}